{"id":4545,"date":"2023-05-06T08:08:50","date_gmt":"2023-05-06T07:08:50","guid":{"rendered":"https:\/\/swisstrailcamps.ch\/?page_id=4545"},"modified":"2023-09-24T18:48:31","modified_gmt":"2023-09-24T17:48:31","slug":"silvester-yoga-retreat-auf-mallorca","status":"publish","type":"page","link":"https:\/\/swisstrailcamps.ch\/de\/silvester-yoga-retreat-auf-mallorca\/","title":{"rendered":"Silvester Yoga Retreat auf Mallorca"},"content":{"rendered":"\t\t<div data-elementor-type=\"wp-page\" data-elementor-id=\"4545\" class=\"elementor elementor-4545\" data-elementor-post-type=\"page\">\n\t\t\t\t\t\t<section class=\"elementor-section elementor-top-section elementor-element elementor-element-8cc7bf8 elementor-section-full_width elementor-section-stretched elementor-section-height-default elementor-section-height-default\" data-id=\"8cc7bf8\" data-element_type=\"section\" data-e-type=\"section\" data-settings=\"{&quot;stretch_section&quot;:&quot;section-stretched&quot;}\">\n\t\t\t\t\t\t\t<div class=\"elementor-background-overlay\"><\/div>\n\t\t\t\t\t\t\t<div class=\"elementor-container elementor-column-gap-default\">\n\t\t\t\t\t<div class=\"elementor-column elementor-col-100 elementor-top-column elementor-element elementor-element-a3a7d67\" data-id=\"a3a7d67\" data-element_type=\"column\" data-e-type=\"column\">\n\t\t\t<div class=\"elementor-widget-wrap elementor-element-populated\">\n\t\t\t\t\t\t<div class=\"elementor-element elementor-element-e79e419 elementor-widget elementor-widget-spacer\" data-id=\"e79e419\" data-element_type=\"widget\" data-e-type=\"widget\" data-widget_type=\"spacer.default\">\n\t\t\t\t<div class=\"elementor-widget-container\">\n\t\t\t\t\t\t\t<div class=\"elementor-spacer\">\n\t\t\t<div class=\"elementor-spacer-inner\"><\/div>\n\t\t<\/div>\n\t\t\t\t\t\t<\/div>\n\t\t\t\t<\/div>\n\t\t\t\t<div class=\"elementor-element elementor-element-a3bb03c elementor-widget elementor-widget-spacer\" data-id=\"a3bb03c\" data-element_type=\"widget\" data-e-type=\"widget\" data-widget_type=\"spacer.default\">\n\t\t\t\t<div class=\"elementor-widget-container\">\n\t\t\t\t\t\t\t<div class=\"elementor-spacer\">\n\t\t\t<div class=\"elementor-spacer-inner\"><\/div>\n\t\t<\/div>\n\t\t\t\t\t\t<\/div>\n\t\t\t\t<\/div>\n\t\t\t\t<div class=\"elementor-element elementor-element-64f4fbf elementor-widget elementor-widget-heading\" data-id=\"64f4fbf\" data-element_type=\"widget\" data-e-type=\"widget\" data-widget_type=\"heading.default\">\n\t\t\t\t<div class=\"elementor-widget-container\">\n\t\t\t\t\t<h5 class=\"elementor-heading-title elementor-size-default\">Neujahr Special<\/h5>\t\t\t\t<\/div>\n\t\t\t\t<\/div>\n\t\t\t\t<div class=\"elementor-element elementor-element-25c810c elementor-widget elementor-widget-heading\" data-id=\"25c810c\" data-element_type=\"widget\" data-e-type=\"widget\" data-widget_type=\"heading.default\">\n\t\t\t\t<div class=\"elementor-widget-container\">\n\t\t\t\t\t<h2 class=\"elementor-heading-title elementor-size-default\">Silvester Yoga Retreat auf Mallorca<\/h2>\t\t\t\t<\/div>\n\t\t\t\t<\/div>\n\t\t\t\t<div class=\"elementor-element elementor-element-47591b8 elementor-widget elementor-widget-spacer\" data-id=\"47591b8\" data-element_type=\"widget\" data-e-type=\"widget\" data-widget_type=\"spacer.default\">\n\t\t\t\t<div class=\"elementor-widget-container\">\n\t\t\t\t\t\t\t<div class=\"elementor-spacer\">\n\t\t\t<div class=\"elementor-spacer-inner\"><\/div>\n\t\t<\/div>\n\t\t\t\t\t\t<\/div>\n\t\t\t\t<\/div>\n\t\t\t\t<section class=\"elementor-section elementor-inner-section elementor-element elementor-element-42e7644 elementor-section-full_width elementor-section-height-default elementor-section-height-default\" data-id=\"42e7644\" data-element_type=\"section\" data-e-type=\"section\">\n\t\t\t\t\t\t<div class=\"elementor-container elementor-column-gap-no\">\n\t\t\t\t\t<div class=\"elementor-column elementor-col-25 elementor-inner-column elementor-element elementor-element-93fdc72\" data-id=\"93fdc72\" data-element_type=\"column\" data-e-type=\"column\">\n\t\t\t<div class=\"elementor-widget-wrap elementor-element-populated\">\n\t\t\t\t\t\t<div class=\"elementor-element elementor-element-c3c9a62 elementor-position-top elementor-widget elementor-widget-image-box\" data-id=\"c3c9a62\" data-element_type=\"widget\" data-e-type=\"widget\" data-widget_type=\"image-box.default\">\n\t\t\t\t<div class=\"elementor-widget-container\">\n\t\t\t\t\t<div class=\"elementor-image-box-wrapper\"><figure class=\"elementor-image-box-img\"><img fetchpriority=\"high\" decoding=\"async\" width=\"256\" height=\"256\" src=\"https:\/\/swisstrailcamps.ch\/wp-content\/uploads\/2023\/05\/resort-1.png\" class=\"attachment-full size-full wp-image-4468\" alt=\"\" srcset=\"https:\/\/swisstrailcamps.ch\/wp-content\/uploads\/2023\/05\/resort-1.png 256w, https:\/\/swisstrailcamps.ch\/wp-content\/uploads\/2023\/05\/resort-1-150x150.png 150w, https:\/\/swisstrailcamps.ch\/wp-content\/uploads\/2023\/05\/resort-1-100x100.png 100w\" sizes=\"(max-width: 256px) 100vw, 256px\" \/><\/figure><div class=\"elementor-image-box-content\"><h3 class=\"elementor-image-box-title\">Mallorca<\/h3><p class=\"elementor-image-box-description\">Am Fusse des Serra de Tramuntana Gebirge<\/p><\/div><\/div>\t\t\t\t<\/div>\n\t\t\t\t<\/div>\n\t\t\t\t\t<\/div>\n\t\t<\/div>\n\t\t\t\t<div class=\"elementor-column elementor-col-25 elementor-inner-column elementor-element elementor-element-1bc9466\" data-id=\"1bc9466\" data-element_type=\"column\" data-e-type=\"column\">\n\t\t\t<div class=\"elementor-widget-wrap elementor-element-populated\">\n\t\t\t\t\t\t<div class=\"elementor-element elementor-element-e4cdcbd elementor-position-top elementor-widget elementor-widget-image-box\" data-id=\"e4cdcbd\" data-element_type=\"widget\" data-e-type=\"widget\" data-widget_type=\"image-box.default\">\n\t\t\t\t<div class=\"elementor-widget-container\">\n\t\t\t\t\t<div class=\"elementor-image-box-wrapper\"><figure class=\"elementor-image-box-img\"><img decoding=\"async\" width=\"512\" height=\"512\" src=\"https:\/\/swisstrailcamps.ch\/wp-content\/uploads\/2022\/09\/calendar-1.png\" class=\"attachment-full size-full wp-image-1501\" alt=\"Weekend Trail Running Camp\" srcset=\"https:\/\/swisstrailcamps.ch\/wp-content\/uploads\/2022\/09\/calendar-1.png 512w, https:\/\/swisstrailcamps.ch\/wp-content\/uploads\/2022\/09\/calendar-1-300x300.png 300w, https:\/\/swisstrailcamps.ch\/wp-content\/uploads\/2022\/09\/calendar-1-150x150.png 150w, https:\/\/swisstrailcamps.ch\/wp-content\/uploads\/2022\/09\/calendar-1-100x100.png 100w\" sizes=\"(max-width: 512px) 100vw, 512px\" \/><\/figure><div class=\"elementor-image-box-content\"><h3 class=\"elementor-image-box-title\">Silvester 2023<\/h3><p class=\"elementor-image-box-description\">5\/6 Tage auf Mallorca zum Jahreswechsel<\/p><\/div><\/div>\t\t\t\t<\/div>\n\t\t\t\t<\/div>\n\t\t\t\t\t<\/div>\n\t\t<\/div>\n\t\t\t\t<div class=\"elementor-column elementor-col-25 elementor-inner-column elementor-element elementor-element-3d88a2d\" data-id=\"3d88a2d\" data-element_type=\"column\" data-e-type=\"column\">\n\t\t\t<div class=\"elementor-widget-wrap elementor-element-populated\">\n\t\t\t\t\t\t<div class=\"elementor-element elementor-element-17039dd elementor-position-top elementor-widget elementor-widget-image-box\" data-id=\"17039dd\" data-element_type=\"widget\" data-e-type=\"widget\" data-widget_type=\"image-box.default\">\n\t\t\t\t<div class=\"elementor-widget-container\">\n\t\t\t\t\t<div class=\"elementor-image-box-wrapper\"><figure class=\"elementor-image-box-img\"><img decoding=\"async\" width=\"512\" height=\"512\" src=\"https:\/\/swisstrailcamps.ch\/wp-content\/uploads\/2022\/09\/apple-7.png\" class=\"attachment-full size-full wp-image-1502\" alt=\"Trail Running Camp Nutrition\" srcset=\"https:\/\/swisstrailcamps.ch\/wp-content\/uploads\/2022\/09\/apple-7.png 512w, https:\/\/swisstrailcamps.ch\/wp-content\/uploads\/2022\/09\/apple-7-300x300.png 300w, https:\/\/swisstrailcamps.ch\/wp-content\/uploads\/2022\/09\/apple-7-150x150.png 150w, https:\/\/swisstrailcamps.ch\/wp-content\/uploads\/2022\/09\/apple-7-100x100.png 100w\" sizes=\"(max-width: 512px) 100vw, 512px\" \/><\/figure><div class=\"elementor-image-box-content\"><h3 class=\"elementor-image-box-title\">Gesund &amp; Vegan<\/h3><p class=\"elementor-image-box-description\">Halbpension (Vegane Optionen)<\/p><\/div><\/div>\t\t\t\t<\/div>\n\t\t\t\t<\/div>\n\t\t\t\t\t<\/div>\n\t\t<\/div>\n\t\t\t\t<div class=\"elementor-column elementor-col-25 elementor-inner-column elementor-element elementor-element-6aab732\" data-id=\"6aab732\" data-element_type=\"column\" data-e-type=\"column\">\n\t\t\t<div class=\"elementor-widget-wrap elementor-element-populated\">\n\t\t\t\t\t\t<div class=\"elementor-element elementor-element-9594723 elementor-position-top elementor-widget elementor-widget-image-box\" data-id=\"9594723\" data-element_type=\"widget\" data-e-type=\"widget\" data-widget_type=\"image-box.default\">\n\t\t\t\t<div class=\"elementor-widget-container\">\n\t\t\t\t\t<div class=\"elementor-image-box-wrapper\"><figure class=\"elementor-image-box-img\"><img loading=\"lazy\" decoding=\"async\" width=\"128\" height=\"128\" src=\"https:\/\/swisstrailcamps.ch\/wp-content\/uploads\/2022\/11\/mat-1.png\" class=\"attachment-full size-full wp-image-3685\" alt=\"\" srcset=\"https:\/\/swisstrailcamps.ch\/wp-content\/uploads\/2022\/11\/mat-1.png 128w, https:\/\/swisstrailcamps.ch\/wp-content\/uploads\/2022\/11\/mat-1-100x100.png 100w\" sizes=\"(max-width: 128px) 100vw, 128px\" \/><\/figure><div class=\"elementor-image-box-content\"><h3 class=\"elementor-image-box-title\">Yoga Sessions<\/h3><p class=\"elementor-image-box-description\">Inklusive Yoga Sessions und Workshops<\/p><\/div><\/div>\t\t\t\t<\/div>\n\t\t\t\t<\/div>\n\t\t\t\t\t<\/div>\n\t\t<\/div>\n\t\t\t\t\t<\/div>\n\t\t<\/section>\n\t\t\t\t<div class=\"elementor-element elementor-element-208495b elementor-widget elementor-widget-spacer\" data-id=\"208495b\" data-element_type=\"widget\" data-e-type=\"widget\" data-widget_type=\"spacer.default\">\n\t\t\t\t<div class=\"elementor-widget-container\">\n\t\t\t\t\t\t\t<div class=\"elementor-spacer\">\n\t\t\t<div class=\"elementor-spacer-inner\"><\/div>\n\t\t<\/div>\n\t\t\t\t\t\t<\/div>\n\t\t\t\t<\/div>\n\t\t\t\t\t<\/div>\n\t\t<\/div>\n\t\t\t\t\t<\/div>\n\t\t<\/section>\n\t\t\t\t<section class=\"elementor-section elementor-top-section elementor-element elementor-element-f989420 elementor-section-boxed elementor-section-height-default elementor-section-height-default\" data-id=\"f989420\" data-element_type=\"section\" data-e-type=\"section\" data-settings=\"{&quot;background_background&quot;:&quot;classic&quot;}\">\n\t\t\t\t\t\t<div class=\"elementor-container elementor-column-gap-default\">\n\t\t\t\t\t<div class=\"elementor-column elementor-col-100 elementor-top-column elementor-element elementor-element-e798ac8\" data-id=\"e798ac8\" data-element_type=\"column\" data-e-type=\"column\">\n\t\t\t<div class=\"elementor-widget-wrap elementor-element-populated\">\n\t\t\t\t\t\t<div class=\"elementor-element elementor-element-4b4aed0 elementor-widget elementor-widget-spacer\" data-id=\"4b4aed0\" data-element_type=\"widget\" data-e-type=\"widget\" data-widget_type=\"spacer.default\">\n\t\t\t\t<div class=\"elementor-widget-container\">\n\t\t\t\t\t\t\t<div class=\"elementor-spacer\">\n\t\t\t<div class=\"elementor-spacer-inner\"><\/div>\n\t\t<\/div>\n\t\t\t\t\t\t<\/div>\n\t\t\t\t<\/div>\n\t\t\t\t<div class=\"elementor-element elementor-element-565bba6 elementor-widget elementor-widget-heading\" data-id=\"565bba6\" data-element_type=\"widget\" data-e-type=\"widget\" data-widget_type=\"heading.default\">\n\t\t\t\t<div class=\"elementor-widget-container\">\n\t\t\t\t\t<h5 class=\"elementor-heading-title elementor-size-default\">Mallorca Trail Running Camp<\/h5>\t\t\t\t<\/div>\n\t\t\t\t<\/div>\n\t\t\t\t<div class=\"elementor-element elementor-element-5ae752d elementor-widget elementor-widget-heading\" data-id=\"5ae752d\" data-element_type=\"widget\" data-e-type=\"widget\" data-widget_type=\"heading.default\">\n\t\t\t\t<div class=\"elementor-widget-container\">\n\t\t\t\t\t<h2 class=\"elementor-heading-title elementor-size-default\">Mallorca Yoga Retreat im Winter 2023\/2024<\/h2>\t\t\t\t<\/div>\n\t\t\t\t<\/div>\n\t\t\t\t<div class=\"elementor-element elementor-element-ffb9c1e elementor-widget elementor-widget-text-editor\" data-id=\"ffb9c1e\" data-element_type=\"widget\" data-e-type=\"widget\" data-widget_type=\"text-editor.default\">\n\t\t\t\t<div class=\"elementor-widget-container\">\n\t\t\t\t\t\t\t\t\t<p>Erwecke deine <strong>innere Kraft<\/strong> und lasse deinen K\u00f6rper in fliessenden Bewegungen erstrahlen beim <strong>Vinyasa Yoga Retreat auf Mallorca \u00fcber Silvester<\/strong>!<\/p><p>Sp\u00fcre die Energie und <strong>Dynamik des Vinyasa Yoga<\/strong>, w\u00e4hrend du dich in einem unvergesslichen Yoga <strong>Retreat \u00fcber Silvester auf Mallorca<\/strong> wieder mit deinem K\u00f6rper und deiner Seele verbindest. Lasse die \u00e4usseren Einfl\u00fcsse hinter dir und tauche ein in eine Welt voller kraftvoller Sequenzen und harmonischer Flows.<\/p><p>Unsere erfahrene <strong>Vinyasa Yoga-Lehrerin und Inside Flow Liebhaberin<\/strong> wird dich mit ihrer Leidenschaft und Expertise inspirieren und dich dazu ermutigen, deine k\u00f6rperlichen Grenzen zu erweitern. Von energetischen Sonnengr\u00fcssen bis hin zu herausfordernden <strong>Asana-Sequenzen<\/strong> wirst du dich in einem <strong>kontinuierlichen Fluss<\/strong> befinden, der es dir erm\u00f6glicht, deine innere St\u00e4rke zu entdecken und deinen K\u00f6rper zu st\u00e4rken. In ausgew\u00e4hlten Workshops wirst du deine Morgenroutine optimieren und mehr Struktur in deinen Alltag bringen.<\/p><p>Abseits der <strong>Yogamatte<\/strong> laden wir dich ein, die Sch\u00f6nheit der <strong>mallorquinischen Natur<\/strong> bei unseren gef\u00fchrten <strong>Wanderungen<\/strong> zu erkunden. Lasse dich von den malerischen Wegen und den atemberaubenden Ausblicken auf die umliegende Landschaft verzaubern. Die Wanderungen sind nicht nur eine M\u00f6glichkeit, deine Sinne zu erfrischen, sondern auch eine Gelegenheit, die innere Ruhe und Gelassenheit zu f\u00f6rdern.<\/p><p>Der H\u00f6hepunkt unseres Retreats ist zweifellos die <strong>Silvesterfeier<\/strong>, bei der wir gemeinsam das alte Jahr verabschieden und das neue Jahr voller Freude und Zuversicht willkommen heissen. Gemeinsam brechen wir zur <strong>Silvesternacht<\/strong> auf und begeben uns auf die Gipfel der <strong>sch\u00f6nen Insel Mallorca.\u00a0<\/strong><\/p><p>W\u00e4hrend des Retreats wirst du die M\u00f6glichkeit haben, dich mit gleichgesinnten Yogis und Traill\u00e4ufer:innen zu verbinden und deine Erfahrungen zu teilen. Zur gleichen Zeit findet unser <a href=\"https:\/\/swisstrailcamps.ch\/de\/silvester-mallorca-trailrunning-camp\/\">Mallorca Trailrunning Camp<\/a> statt. Gemeinsam werden wir einige Programmpunkte zusammen erleben.\u00a0<\/p><p>Entfliehe dem Alltag und umgebe dich mit positiver Energie und Freude beim <strong>Vinyasa Yoga Retreat auf Mallorca<\/strong>. Lasse dich von der kraftvollen Dynamik der Vinyasa-Praxis mitreissen und starte das neue Jahr mit einem Gef\u00fchl von St\u00e4rke und Ausgeglichenheit. Buche jetzt dein Retreat und bereite dich darauf vor, auf der Yogamatte zu fliessen und in deinem eigenen Rhythmus zu strahlen.<\/p>\t\t\t\t\t\t\t\t<\/div>\n\t\t\t\t<\/div>\n\t\t\t\t\t<\/div>\n\t\t<\/div>\n\t\t\t\t\t<\/div>\n\t\t<\/section>\n\t\t\t\t<section class=\"elementor-section elementor-top-section elementor-element elementor-element-5c443e5 elementor-section-boxed elementor-section-height-default elementor-section-height-default\" data-id=\"5c443e5\" data-element_type=\"section\" data-e-type=\"section\" data-settings=\"{&quot;background_background&quot;:&quot;classic&quot;}\">\n\t\t\t\t\t\t\t<div class=\"elementor-background-overlay\"><\/div>\n\t\t\t\t\t\t\t<div class=\"elementor-container elementor-column-gap-default\">\n\t\t\t\t\t<div class=\"elementor-column elementor-col-100 elementor-top-column elementor-element elementor-element-8433d50\" data-id=\"8433d50\" data-element_type=\"column\" data-e-type=\"column\">\n\t\t\t<div class=\"elementor-widget-wrap elementor-element-populated\">\n\t\t\t\t\t\t<div class=\"elementor-element elementor-element-2eec425 elementor-widget elementor-widget-spacer\" data-id=\"2eec425\" data-element_type=\"widget\" data-e-type=\"widget\" data-widget_type=\"spacer.default\">\n\t\t\t\t<div class=\"elementor-widget-container\">\n\t\t\t\t\t\t\t<div class=\"elementor-spacer\">\n\t\t\t<div class=\"elementor-spacer-inner\"><\/div>\n\t\t<\/div>\n\t\t\t\t\t\t<\/div>\n\t\t\t\t<\/div>\n\t\t\t\t<div class=\"elementor-element elementor-element-727f2b2 elementor-widget elementor-widget-spacer\" data-id=\"727f2b2\" data-element_type=\"widget\" data-e-type=\"widget\" data-widget_type=\"spacer.default\">\n\t\t\t\t<div class=\"elementor-widget-container\">\n\t\t\t\t\t\t\t<div class=\"elementor-spacer\">\n\t\t\t<div class=\"elementor-spacer-inner\"><\/div>\n\t\t<\/div>\n\t\t\t\t\t\t<\/div>\n\t\t\t\t<\/div>\n\t\t\t\t<div class=\"elementor-element elementor-element-0f742d8 elementor-widget elementor-widget-spacer\" data-id=\"0f742d8\" data-element_type=\"widget\" data-e-type=\"widget\" data-widget_type=\"spacer.default\">\n\t\t\t\t<div class=\"elementor-widget-container\">\n\t\t\t\t\t\t\t<div class=\"elementor-spacer\">\n\t\t\t<div class=\"elementor-spacer-inner\"><\/div>\n\t\t<\/div>\n\t\t\t\t\t\t<\/div>\n\t\t\t\t<\/div>\n\t\t\t\t\t<\/div>\n\t\t<\/div>\n\t\t\t\t\t<\/div>\n\t\t<\/section>\n\t\t\t\t<section class=\"elementor-section elementor-top-section elementor-element elementor-element-4c5b201d elementor-section-boxed elementor-section-height-default elementor-section-height-default\" data-id=\"4c5b201d\" data-element_type=\"section\" data-e-type=\"section\">\n\t\t\t\t\t\t<div class=\"elementor-container elementor-column-gap-default\">\n\t\t\t\t\t<div class=\"elementor-column elementor-col-100 elementor-top-column elementor-element elementor-element-6aeef58b\" data-id=\"6aeef58b\" data-element_type=\"column\" data-e-type=\"column\">\n\t\t\t<div class=\"elementor-widget-wrap elementor-element-populated\">\n\t\t\t\t\t\t<div class=\"elementor-element elementor-element-16c9bc90 elementor-widget elementor-widget-spacer\" data-id=\"16c9bc90\" data-element_type=\"widget\" data-e-type=\"widget\" data-widget_type=\"spacer.default\">\n\t\t\t\t<div class=\"elementor-widget-container\">\n\t\t\t\t\t\t\t<div class=\"elementor-spacer\">\n\t\t\t<div class=\"elementor-spacer-inner\"><\/div>\n\t\t<\/div>\n\t\t\t\t\t\t<\/div>\n\t\t\t\t<\/div>\n\t\t\t\t<div class=\"elementor-element elementor-element-9b99571 elementor-widget elementor-widget-text-editor\" data-id=\"9b99571\" data-element_type=\"widget\" data-e-type=\"widget\" data-widget_type=\"text-editor.default\">\n\t\t\t\t<div class=\"elementor-widget-container\">\n\t\t\t\t\t\t\t\t\t<p><span style=\"font-style: inherit; letter-spacing: 0px;\"><b>Mallorca Trail Running Camp<br><\/b><\/span><br><span style=\"font-style: inherit; font-weight: inherit; letter-spacing: 0px;\">5 oder 6 \u00dcbernachtungen im <\/span>Can Cota Hotel &amp; Sa Bisba<span style=\"font-style: inherit; font-weight: inherit; letter-spacing: 0px;\">****<\/span><\/p>\n<p>Mehrere Yoga Sessions t\u00e4glich<br>Wanderungen in der Natur<br>Neujahrswanderung<br><span style=\"font-style: inherit; font-weight: inherit; letter-spacing: 0px;\">Workshops<br><\/span><span style=\"font-family: var( --e-global-typography-text-font-family ), Sans-serif; font-style: inherit; font-weight: inherit; letter-spacing: var( --e-global-typography-text-letter-spacing ); text-transform: var( --e-global-typography-text-text-transform );\">Wellness im Spa<br><\/span><span style=\"font-style: inherit; font-weight: inherit; letter-spacing: 0px;\">Fr\u00fchst\u00fcck<\/span><\/p>\n<p>Abendessen (vegan und vegetarisch)<br>Snacks (Obst, Gels, Energieriegel)<\/p>\t\t\t\t\t\t\t\t<\/div>\n\t\t\t\t<\/div>\n\t\t\t\t\t<\/div>\n\t\t<\/div>\n\t\t\t\t\t<\/div>\n\t\t<\/section>\n\t\t\t\t<section class=\"elementor-section elementor-top-section elementor-element elementor-element-560fc3c6 elementor-section-boxed elementor-section-height-default elementor-section-height-default\" data-id=\"560fc3c6\" data-element_type=\"section\" data-e-type=\"section\" data-settings=\"{&quot;background_background&quot;:&quot;classic&quot;}\">\n\t\t\t\t\t\t<div class=\"elementor-container elementor-column-gap-default\">\n\t\t\t\t\t<div class=\"elementor-column elementor-col-100 elementor-top-column elementor-element elementor-element-100f5baf\" data-id=\"100f5baf\" data-element_type=\"column\" data-e-type=\"column\">\n\t\t\t<div class=\"elementor-widget-wrap elementor-element-populated\">\n\t\t\t\t\t\t<div class=\"elementor-element elementor-element-436a762 elementor-widget elementor-widget-spacer\" data-id=\"436a762\" data-element_type=\"widget\" data-e-type=\"widget\" data-widget_type=\"spacer.default\">\n\t\t\t\t<div class=\"elementor-widget-container\">\n\t\t\t\t\t\t\t<div class=\"elementor-spacer\">\n\t\t\t<div class=\"elementor-spacer-inner\"><\/div>\n\t\t<\/div>\n\t\t\t\t\t\t<\/div>\n\t\t\t\t<\/div>\n\t\t\t\t<div class=\"elementor-element elementor-element-174fe8c5 elementor-widget elementor-widget-heading\" data-id=\"174fe8c5\" data-element_type=\"widget\" data-e-type=\"widget\" data-widget_type=\"heading.default\">\n\t\t\t\t<div class=\"elementor-widget-container\">\n\t\t\t\t\t<h2 class=\"elementor-heading-title elementor-size-default\">Mallorca Trail Running Camp Programm<\/h2>\t\t\t\t<\/div>\n\t\t\t\t<\/div>\n\t\t\t\t<div class=\"elementor-element elementor-element-7766bab elementor-widget elementor-widget-heading\" data-id=\"7766bab\" data-element_type=\"widget\" data-e-type=\"widget\" data-widget_type=\"heading.default\">\n\t\t\t\t<div class=\"elementor-widget-container\">\n\t\t\t\t\t<p class=\"elementor-heading-title elementor-size-default\">Wir behalten uns das Recht vor, das Programm aufgrund der aktuellen Gegebenheiten zu \u00e4ndern oder zu verschieben. \nMindestens 8 Teilnehmer.<br><\/p>\t\t\t\t<\/div>\n\t\t\t\t<\/div>\n\t\t\t\t\t<\/div>\n\t\t<\/div>\n\t\t\t\t\t<\/div>\n\t\t<\/section>\n\t\t\t\t<section class=\"elementor-section elementor-top-section elementor-element elementor-element-1e6bd364 elementor-section-full_width elementor-section-height-default elementor-section-height-default\" data-id=\"1e6bd364\" data-element_type=\"section\" data-e-type=\"section\" data-settings=\"{&quot;background_background&quot;:&quot;classic&quot;}\">\n\t\t\t\t\t\t<div class=\"elementor-container elementor-column-gap-default\">\n\t\t\t\t\t<div class=\"elementor-column elementor-col-50 elementor-top-column elementor-element elementor-element-610234f3\" data-id=\"610234f3\" data-element_type=\"column\" data-e-type=\"column\" data-settings=\"{&quot;background_background&quot;:&quot;classic&quot;}\">\n\t\t\t<div class=\"elementor-widget-wrap elementor-element-populated\">\n\t\t\t\t\t\t<div class=\"elementor-element elementor-element-422cdea elementor-widget elementor-widget-heading\" data-id=\"422cdea\" data-element_type=\"widget\" data-e-type=\"widget\" data-widget_type=\"heading.default\">\n\t\t\t\t<div class=\"elementor-widget-container\">\n\t\t\t\t\t<h5 class=\"elementor-heading-title elementor-size-default\">Hotel<\/h5>\t\t\t\t<\/div>\n\t\t\t\t<\/div>\n\t\t\t\t<div class=\"elementor-element elementor-element-493c857e elementor-widget elementor-widget-text-editor\" data-id=\"493c857e\" data-element_type=\"widget\" data-e-type=\"widget\" data-widget_type=\"text-editor.default\">\n\t\t\t\t<div class=\"elementor-widget-container\">\n\t\t\t\t\t\t\t\t\t<ul><li>Geteiltes Doppelzimmer (Einzelzimmer auf Anfrage)<\/li><li>Kostenfreier Spa Zugang<\/li><li>Fr\u00fchst\u00fcck mit veganen Optionen<\/li><li>Abendessen mit veganen Optionen<\/li><li>Nutzung der Poolanlage<\/li><\/ul>\t\t\t\t\t\t\t\t<\/div>\n\t\t\t\t<\/div>\n\t\t\t\t\t<\/div>\n\t\t<\/div>\n\t\t\t\t<div class=\"elementor-column elementor-col-50 elementor-top-column elementor-element elementor-element-73c22cd8\" data-id=\"73c22cd8\" data-element_type=\"column\" data-e-type=\"column\" data-settings=\"{&quot;background_background&quot;:&quot;classic&quot;}\">\n\t\t\t<div class=\"elementor-widget-wrap elementor-element-populated\">\n\t\t\t\t\t\t<div class=\"elementor-element elementor-element-0af3f58 elementor-widget elementor-widget-heading\" data-id=\"0af3f58\" data-element_type=\"widget\" data-e-type=\"widget\" data-widget_type=\"heading.default\">\n\t\t\t\t<div class=\"elementor-widget-container\">\n\t\t\t\t\t<h2 class=\"elementor-heading-title elementor-size-default\">Sport<\/h2>\t\t\t\t<\/div>\n\t\t\t\t<\/div>\n\t\t\t\t<div class=\"elementor-element elementor-element-5ed03b57 elementor-widget elementor-widget-text-editor\" data-id=\"5ed03b57\" data-element_type=\"widget\" data-e-type=\"widget\" data-widget_type=\"text-editor.default\">\n\t\t\t\t<div class=\"elementor-widget-container\">\n\t\t\t\t\t\t\t\t\t<ul><li>Early Morning Yoga Sessions (drinnen)<\/li><li>Meditation<\/li><li>Afternoon Yoga Sessions (draussen)<\/li><li>Wanderungen im Gebirge<\/li><li>Workshop zu unterschiedlichen Themen wie Mindset, Morning Routine und Gewohnheiten<\/li><li>Silvester Wanderung &#8211; Gemeinsamer Start ins neue Jahr<\/li><\/ul>\t\t\t\t\t\t\t\t<\/div>\n\t\t\t\t<\/div>\n\t\t\t\t\t<\/div>\n\t\t<\/div>\n\t\t\t\t\t<\/div>\n\t\t<\/section>\n\t\t\t\t<section class=\"elementor-section elementor-top-section elementor-element elementor-element-00b8574 elementor-section-boxed elementor-section-height-default elementor-section-height-default\" data-id=\"00b8574\" data-element_type=\"section\" data-e-type=\"section\">\n\t\t\t\t\t\t<div class=\"elementor-container elementor-column-gap-default\">\n\t\t\t\t\t<div class=\"elementor-column elementor-col-100 elementor-top-column elementor-element elementor-element-cfb76b0\" data-id=\"cfb76b0\" data-element_type=\"column\" data-e-type=\"column\">\n\t\t\t<div class=\"elementor-widget-wrap elementor-element-populated\">\n\t\t\t\t\t\t<div class=\"elementor-element elementor-element-e9590fd elementor-widget elementor-widget-spacer\" data-id=\"e9590fd\" data-element_type=\"widget\" data-e-type=\"widget\" data-widget_type=\"spacer.default\">\n\t\t\t\t<div class=\"elementor-widget-container\">\n\t\t\t\t\t\t\t<div class=\"elementor-spacer\">\n\t\t\t<div class=\"elementor-spacer-inner\"><\/div>\n\t\t<\/div>\n\t\t\t\t\t\t<\/div>\n\t\t\t\t<\/div>\n\t\t\t\t<div class=\"elementor-element elementor-element-3002458 elementor-widget elementor-widget-heading\" data-id=\"3002458\" data-element_type=\"widget\" data-e-type=\"widget\" data-widget_type=\"heading.default\">\n\t\t\t\t<div class=\"elementor-widget-container\">\n\t\t\t\t\t<h2 class=\"elementor-heading-title elementor-size-default\">Can Cota Hotel &amp; Sa Bisbal****<\/h2>\t\t\t\t<\/div>\n\t\t\t\t<\/div>\n\t\t\t\t<div class=\"elementor-element elementor-element-a5e4118 elementor-widget elementor-widget-text-editor\" data-id=\"a5e4118\" data-element_type=\"widget\" data-e-type=\"widget\" data-widget_type=\"text-editor.default\">\n\t\t\t\t<div class=\"elementor-widget-container\">\n\t\t\t\t\t\t\t\t\t<p>Willkommen im Can Cota Hotel, einem verborgenen Juwel, das im Herzen von Mallorca eingebettet ist. Umgeben von \u00fcppigem Gr\u00fcn und den atemberaubenden Tramuntana-Bergen bietet das Hotel einen ruhigen R\u00fcckzugsort f\u00fcr alle, die Entspannung und Erholung suchen.<\/p><p>Betritt die friedliche Oase und lass dich von warmer Gastfreundschaft und makellosem Service begr\u00fcssen. Die gut ausgestatteten Zimmer bieten die perfekte Mischung aus Komfort und Stil und sorgen f\u00fcr einen erholsamen Aufenthalt.<\/p><p>Lasse dich auf eine kulinarische Reise im hoteleigenen Restaurant ein, wo talentierten K\u00f6che k\u00f6stliche vegane Gerichte aus regionalen Zutaten zaubern. Erlebe die lebendigen Aromen von Mallorca und geniesse dabei atemberaubende Ausblicke auf die umgebende nat\u00fcrliche Sch\u00f6nheit.<\/p>\t\t\t\t\t\t\t\t<\/div>\n\t\t\t\t<\/div>\n\t\t\t\t\t<\/div>\n\t\t<\/div>\n\t\t\t\t\t<\/div>\n\t\t<\/section>\n\t\t\t\t<section class=\"elementor-section elementor-top-section elementor-element elementor-element-c047518 elementor-hidden-mobile elementor-section-boxed elementor-section-height-default elementor-section-height-default\" data-id=\"c047518\" data-element_type=\"section\" data-e-type=\"section\">\n\t\t\t\t\t\t<div class=\"elementor-container elementor-column-gap-default\">\n\t\t\t\t\t<div class=\"elementor-column elementor-col-100 elementor-top-column elementor-element elementor-element-c56893f\" data-id=\"c56893f\" data-element_type=\"column\" data-e-type=\"column\">\n\t\t\t<div class=\"elementor-widget-wrap elementor-element-populated\">\n\t\t\t\t\t\t<div class=\"elementor-element elementor-element-fcd471f elementor-widget elementor-widget-gallery\" data-id=\"fcd471f\" data-element_type=\"widget\" data-e-type=\"widget\" data-settings=\"{&quot;gallery_layout&quot;:&quot;masonry&quot;,&quot;lazyload&quot;:&quot;yes&quot;,&quot;columns&quot;:4,&quot;columns_tablet&quot;:2,&quot;columns_mobile&quot;:1,&quot;gap&quot;:{&quot;unit&quot;:&quot;px&quot;,&quot;size&quot;:10,&quot;sizes&quot;:[]},&quot;gap_tablet&quot;:{&quot;unit&quot;:&quot;px&quot;,&quot;size&quot;:10,&quot;sizes&quot;:[]},&quot;gap_mobile&quot;:{&quot;unit&quot;:&quot;px&quot;,&quot;size&quot;:10,&quot;sizes&quot;:[]},&quot;link_to&quot;:&quot;file&quot;,&quot;overlay_background&quot;:&quot;yes&quot;,&quot;content_hover_animation&quot;:&quot;fade-in&quot;}\" data-widget_type=\"gallery.default\">\n\t\t\t\t<div class=\"elementor-widget-container\">\n\t\t\t\t\t\t\t<div class=\"elementor-gallery__container\">\n\t\t\t\t\t\t\t<a class=\"e-gallery-item elementor-gallery-item elementor-animated-content\" href=\"https:\/\/swisstrailcamps.ch\/wp-content\/uploads\/2023\/05\/CanCota41-scaled.jpg\" data-elementor-open-lightbox=\"yes\" data-elementor-lightbox-slideshow=\"fcd471f\" data-elementor-lightbox-title=\"CanCota41\" data-e-action-hash=\"#elementor-action%3Aaction%3Dlightbox%26settings%3DeyJpZCI6NDc0MCwidXJsIjoiaHR0cHM6XC9cL3N3aXNzdHJhaWxjYW1wcy5jaFwvd3AtY29udGVudFwvdXBsb2Fkc1wvMjAyM1wvMDVcL0NhbkNvdGE0MS1zY2FsZWQuanBnIiwic2xpZGVzaG93IjoiZmNkNDcxZiJ9\">\n\t\t\t\t\t<div class=\"e-gallery-image elementor-gallery-item__image\" data-thumbnail=\"https:\/\/swisstrailcamps.ch\/wp-content\/uploads\/2023\/05\/CanCota41-300x200.jpg\" data-width=\"300\" data-height=\"200\" aria-label=\"\" role=\"img\" ><\/div>\n\t\t\t\t\t\t\t\t\t\t\t<div class=\"elementor-gallery-item__overlay\"><\/div>\n\t\t\t\t\t\t\t\t\t\t\t\t\t\t<\/a>\n\t\t\t\t\t\t\t<a class=\"e-gallery-item elementor-gallery-item elementor-animated-content\" href=\"https:\/\/swisstrailcamps.ch\/wp-content\/uploads\/2023\/05\/CanCota148-scaled.jpg\" data-elementor-open-lightbox=\"yes\" data-elementor-lightbox-slideshow=\"fcd471f\" data-elementor-lightbox-title=\"CanCota148\" data-e-action-hash=\"#elementor-action%3Aaction%3Dlightbox%26settings%3DeyJpZCI6NDc0MiwidXJsIjoiaHR0cHM6XC9cL3N3aXNzdHJhaWxjYW1wcy5jaFwvd3AtY29udGVudFwvdXBsb2Fkc1wvMjAyM1wvMDVcL0NhbkNvdGExNDgtc2NhbGVkLmpwZyIsInNsaWRlc2hvdyI6ImZjZDQ3MWYifQ%3D%3D\">\n\t\t\t\t\t<div class=\"e-gallery-image elementor-gallery-item__image\" data-thumbnail=\"https:\/\/swisstrailcamps.ch\/wp-content\/uploads\/2023\/05\/CanCota148-300x200.jpg\" data-width=\"300\" data-height=\"200\" aria-label=\"\" role=\"img\" ><\/div>\n\t\t\t\t\t\t\t\t\t\t\t<div class=\"elementor-gallery-item__overlay\"><\/div>\n\t\t\t\t\t\t\t\t\t\t\t\t\t\t<\/a>\n\t\t\t\t\t\t\t<a class=\"e-gallery-item elementor-gallery-item elementor-animated-content\" href=\"https:\/\/swisstrailcamps.ch\/wp-content\/uploads\/2023\/05\/IMG_8004-scaled.jpg\" data-elementor-open-lightbox=\"yes\" data-elementor-lightbox-slideshow=\"fcd471f\" data-elementor-lightbox-title=\"IMG_8004\" data-e-action-hash=\"#elementor-action%3Aaction%3Dlightbox%26settings%3DeyJpZCI6NDc0NCwidXJsIjoiaHR0cHM6XC9cL3N3aXNzdHJhaWxjYW1wcy5jaFwvd3AtY29udGVudFwvdXBsb2Fkc1wvMjAyM1wvMDVcL0lNR184MDA0LXNjYWxlZC5qcGciLCJzbGlkZXNob3ciOiJmY2Q0NzFmIn0%3D\">\n\t\t\t\t\t<div class=\"e-gallery-image elementor-gallery-item__image\" data-thumbnail=\"https:\/\/swisstrailcamps.ch\/wp-content\/uploads\/2023\/05\/IMG_8004-225x300.jpg\" data-width=\"225\" data-height=\"300\" aria-label=\"\" role=\"img\" ><\/div>\n\t\t\t\t\t\t\t\t\t\t\t<div class=\"elementor-gallery-item__overlay\"><\/div>\n\t\t\t\t\t\t\t\t\t\t\t\t\t\t<\/a>\n\t\t\t\t\t\t\t<a class=\"e-gallery-item elementor-gallery-item elementor-animated-content\" href=\"https:\/\/swisstrailcamps.ch\/wp-content\/uploads\/2023\/05\/IMG_8021-scaled.jpg\" data-elementor-open-lightbox=\"yes\" data-elementor-lightbox-slideshow=\"fcd471f\" data-elementor-lightbox-title=\"IMG_8021\" data-e-action-hash=\"#elementor-action%3Aaction%3Dlightbox%26settings%3DeyJpZCI6NDc0NiwidXJsIjoiaHR0cHM6XC9cL3N3aXNzdHJhaWxjYW1wcy5jaFwvd3AtY29udGVudFwvdXBsb2Fkc1wvMjAyM1wvMDVcL0lNR184MDIxLXNjYWxlZC5qcGciLCJzbGlkZXNob3ciOiJmY2Q0NzFmIn0%3D\">\n\t\t\t\t\t<div class=\"e-gallery-image elementor-gallery-item__image\" data-thumbnail=\"https:\/\/swisstrailcamps.ch\/wp-content\/uploads\/2023\/05\/IMG_8021-300x225.jpg\" data-width=\"300\" data-height=\"225\" aria-label=\"\" role=\"img\" ><\/div>\n\t\t\t\t\t\t\t\t\t\t\t<div class=\"elementor-gallery-item__overlay\"><\/div>\n\t\t\t\t\t\t\t\t\t\t\t\t\t\t<\/a>\n\t\t\t\t\t\t\t<a class=\"e-gallery-item elementor-gallery-item elementor-animated-content\" href=\"https:\/\/swisstrailcamps.ch\/wp-content\/uploads\/2023\/05\/IMG_8025-scaled.jpg\" data-elementor-open-lightbox=\"yes\" data-elementor-lightbox-slideshow=\"fcd471f\" data-elementor-lightbox-title=\"IMG_8025\" data-e-action-hash=\"#elementor-action%3Aaction%3Dlightbox%26settings%3DeyJpZCI6NDc0OCwidXJsIjoiaHR0cHM6XC9cL3N3aXNzdHJhaWxjYW1wcy5jaFwvd3AtY29udGVudFwvdXBsb2Fkc1wvMjAyM1wvMDVcL0lNR184MDI1LXNjYWxlZC5qcGciLCJzbGlkZXNob3ciOiJmY2Q0NzFmIn0%3D\">\n\t\t\t\t\t<div class=\"e-gallery-image elementor-gallery-item__image\" data-thumbnail=\"https:\/\/swisstrailcamps.ch\/wp-content\/uploads\/2023\/05\/IMG_8025-225x300.jpg\" data-width=\"225\" data-height=\"300\" aria-label=\"\" role=\"img\" ><\/div>\n\t\t\t\t\t\t\t\t\t\t\t<div class=\"elementor-gallery-item__overlay\"><\/div>\n\t\t\t\t\t\t\t\t\t\t\t\t\t\t<\/a>\n\t\t\t\t\t\t\t<a class=\"e-gallery-item elementor-gallery-item elementor-animated-content\" href=\"https:\/\/swisstrailcamps.ch\/wp-content\/uploads\/2023\/05\/room9_13-scaled.jpg\" data-elementor-open-lightbox=\"yes\" data-elementor-lightbox-slideshow=\"fcd471f\" data-elementor-lightbox-title=\"room9_13\" data-e-action-hash=\"#elementor-action%3Aaction%3Dlightbox%26settings%3DeyJpZCI6NDc1MCwidXJsIjoiaHR0cHM6XC9cL3N3aXNzdHJhaWxjYW1wcy5jaFwvd3AtY29udGVudFwvdXBsb2Fkc1wvMjAyM1wvMDVcL3Jvb205XzEzLXNjYWxlZC5qcGciLCJzbGlkZXNob3ciOiJmY2Q0NzFmIn0%3D\">\n\t\t\t\t\t<div class=\"e-gallery-image elementor-gallery-item__image\" data-thumbnail=\"https:\/\/swisstrailcamps.ch\/wp-content\/uploads\/2023\/05\/room9_13-300x200.jpg\" data-width=\"300\" data-height=\"200\" aria-label=\"\" role=\"img\" ><\/div>\n\t\t\t\t\t\t\t\t\t\t\t<div class=\"elementor-gallery-item__overlay\"><\/div>\n\t\t\t\t\t\t\t\t\t\t\t\t\t\t<\/a>\n\t\t\t\t\t<\/div>\n\t\t\t\t\t<\/div>\n\t\t\t\t<\/div>\n\t\t\t\t\t<\/div>\n\t\t<\/div>\n\t\t\t\t\t<\/div>\n\t\t<\/section>\n\t\t\t\t<section class=\"elementor-section elementor-top-section elementor-element elementor-element-3a2529de elementor-section-full_width elementor-section-stretched elementor-section-height-default elementor-section-height-default\" data-id=\"3a2529de\" data-element_type=\"section\" data-e-type=\"section\" data-settings=\"{&quot;stretch_section&quot;:&quot;section-stretched&quot;,&quot;background_background&quot;:&quot;classic&quot;}\">\n\t\t\t\t\t\t<div class=\"elementor-container elementor-column-gap-default\">\n\t\t\t\t\t<div class=\"elementor-column elementor-col-100 elementor-top-column elementor-element elementor-element-a958707\" data-id=\"a958707\" data-element_type=\"column\" data-e-type=\"column\" data-settings=\"{&quot;background_background&quot;:&quot;slideshow&quot;,&quot;background_slideshow_gallery&quot;:[],&quot;background_slideshow_loop&quot;:&quot;yes&quot;,&quot;background_slideshow_slide_duration&quot;:5000,&quot;background_slideshow_slide_transition&quot;:&quot;fade&quot;,&quot;background_slideshow_transition_duration&quot;:500}\">\n\t\t\t<div class=\"elementor-widget-wrap elementor-element-populated\">\n\t\t\t\t\t\t<div class=\"elementor-element elementor-element-7d2a40a elementor-widget elementor-widget-spacer\" data-id=\"7d2a40a\" data-element_type=\"widget\" data-e-type=\"widget\" data-widget_type=\"spacer.default\">\n\t\t\t\t<div class=\"elementor-widget-container\">\n\t\t\t\t\t\t\t<div class=\"elementor-spacer\">\n\t\t\t<div class=\"elementor-spacer-inner\"><\/div>\n\t\t<\/div>\n\t\t\t\t\t\t<\/div>\n\t\t\t\t<\/div>\n\t\t\t\t<div class=\"elementor-element elementor-element-36f35bd elementor-widget elementor-widget-heading\" data-id=\"36f35bd\" data-element_type=\"widget\" data-e-type=\"widget\" data-widget_type=\"heading.default\">\n\t\t\t\t<div class=\"elementor-widget-container\">\n\t\t\t\t\t<h5 class=\"elementor-heading-title elementor-size-default\">Mallorca Yoga Retreat<\/h5>\t\t\t\t<\/div>\n\t\t\t\t<\/div>\n\t\t\t\t<div class=\"elementor-element elementor-element-8912875 elementor-widget elementor-widget-heading\" data-id=\"8912875\" data-element_type=\"widget\" data-e-type=\"widget\" data-widget_type=\"heading.default\">\n\t\t\t\t<div class=\"elementor-widget-container\">\n\t\t\t\t\t<h2 class=\"elementor-heading-title elementor-size-default\">Silvester Yoga Retreat auf Mallorca<\/h2>\t\t\t\t<\/div>\n\t\t\t\t<\/div>\n\t\t\t\t<div class=\"elementor-element elementor-element-8a13533 elementor-widget elementor-widget-text-editor\" data-id=\"8a13533\" data-element_type=\"widget\" data-e-type=\"widget\" data-widget_type=\"text-editor.default\">\n\t\t\t\t<div class=\"elementor-widget-container\">\n\t\t\t\t\t\t\t\t\t<p>Alle Pakete beinhalten Unterkunft, Halbpension, Yoga Sessions, Spa Zugang<\/p><p><b>Schreibe dich auf die Warteliste:<\/b><\/p>\t\t\t\t\t\t\t\t<\/div>\n\t\t\t\t<\/div>\n\t\t\t\t\t<\/div>\n\t\t<\/div>\n\t\t\t\t\t<\/div>\n\t\t<\/section>\n\t\t\t\t<section class=\"elementor-section elementor-top-section elementor-element elementor-element-b721669 elementor-section-boxed elementor-section-height-default elementor-section-height-default\" data-id=\"b721669\" data-element_type=\"section\" data-e-type=\"section\" data-settings=\"{&quot;background_background&quot;:&quot;classic&quot;}\">\n\t\t\t\t\t\t<div class=\"elementor-container elementor-column-gap-default\">\n\t\t\t\t\t<div class=\"elementor-column elementor-col-100 elementor-top-column elementor-element elementor-element-64fcbee\" data-id=\"64fcbee\" data-element_type=\"column\" data-e-type=\"column\">\n\t\t\t<div class=\"elementor-widget-wrap elementor-element-populated\">\n\t\t\t\t\t\t<div class=\"elementor-element elementor-element-bf1906d elementor-button-align-start elementor-widget elementor-widget-form\" data-id=\"bf1906d\" data-element_type=\"widget\" data-e-type=\"widget\" data-settings=\"{&quot;step_next_label&quot;:&quot;N\\u00e4chster&quot;,&quot;step_previous_label&quot;:&quot;Voriger&quot;,&quot;button_width&quot;:&quot;100&quot;,&quot;step_type&quot;:&quot;number_text&quot;,&quot;step_icon_shape&quot;:&quot;circle&quot;}\" data-widget_type=\"form.default\">\n\t\t\t\t<div class=\"elementor-widget-container\">\n\t\t\t\t\t\t\t<form class=\"elementor-form\" method=\"post\" name=\"Neue Form\" aria-label=\"Neue Form\">\n\t\t\t<input type=\"hidden\" name=\"post_id\" value=\"4545\"\/>\n\t\t\t<input type=\"hidden\" name=\"form_id\" value=\"bf1906d\"\/>\n\t\t\t<input type=\"hidden\" name=\"referer_title\" value=\"Silvester Yoga Retreat auf Mallorca - Swiss Trail Camps\" \/>\n\n\t\t\t\t\t\t\t<input type=\"hidden\" name=\"queried_id\" value=\"4545\"\/>\n\t\t\t\n\t\t\t<div class=\"elementor-form-fields-wrapper elementor-labels-\">\n\t\t\t\t\t\t\t\t<div class=\"elementor-field-type-text elementor-field-group elementor-column elementor-field-group-name elementor-col-100\">\n\t\t\t\t\t\t\t\t\t\t\t\t<label for=\"form-field-name\" class=\"elementor-field-label elementor-screen-only\">\n\t\t\t\t\t\t\t\tName\t\t\t\t\t\t\t<\/label>\n\t\t\t\t\t\t\t\t\t\t\t\t\t\t<input size=\"1\" type=\"text\" name=\"form_fields[name]\" id=\"form-field-name\" class=\"elementor-field elementor-size-xs  elementor-field-textual\" placeholder=\"Name\">\n\t\t\t\t\t\t\t\t\t\t\t<\/div>\n\t\t\t\t\t\t\t\t<div class=\"elementor-field-type-email elementor-field-group elementor-column elementor-field-group-email elementor-col-100 elementor-field-required\">\n\t\t\t\t\t\t\t\t\t\t\t\t<label for=\"form-field-email\" class=\"elementor-field-label elementor-screen-only\">\n\t\t\t\t\t\t\t\tE-Mail\t\t\t\t\t\t\t<\/label>\n\t\t\t\t\t\t\t\t\t\t\t\t\t\t<input size=\"1\" type=\"email\" name=\"form_fields[email]\" id=\"form-field-email\" class=\"elementor-field elementor-size-xs  elementor-field-textual\" placeholder=\"E-Mail\" required=\"required\">\n\t\t\t\t\t\t\t\t\t\t\t<\/div>\n\t\t\t\t\t\t\t\t<div class=\"elementor-field-type-textarea elementor-field-group elementor-column elementor-field-group-message elementor-col-100\">\n\t\t\t\t\t\t\t\t\t\t\t\t<label for=\"form-field-message\" class=\"elementor-field-label elementor-screen-only\">\n\t\t\t\t\t\t\t\tNachricht\t\t\t\t\t\t\t<\/label>\n\t\t\t\t\t\t<textarea class=\"elementor-field-textual elementor-field  elementor-size-xs\" name=\"form_fields[message]\" id=\"form-field-message\" rows=\"4\" placeholder=\"Nachricht\"><\/textarea>\t\t\t\t<\/div>\n\t\t\t\t\t\t\t\t<div class=\"elementor-field-type-recaptcha elementor-field-group elementor-column elementor-field-group-field_8444eb8 elementor-col-100\">\n\t\t\t\t\t<div class=\"elementor-field\" id=\"form-field-field_8444eb8\"><div class=\"elementor-g-recaptcha\" data-sitekey=\"6Leohp8hAAAAAJ-m-JjKa4PuqcJj9FtUD3NC08b0\" data-type=\"v2_checkbox\" data-theme=\"light\" data-size=\"normal\"><\/div><\/div>\t\t\t\t<\/div>\n\t\t\t\t\t\t\t\t<div class=\"elementor-field-group elementor-column elementor-field-type-submit elementor-col-100 e-form__buttons\">\n\t\t\t\t\t<button class=\"elementor-button elementor-size-xs elementor-animation-grow\" type=\"submit\">\n\t\t\t\t\t\t<span class=\"elementor-button-content-wrapper\">\n\t\t\t\t\t\t\t\t\t\t\t\t\t\t\t\t\t\t\t\t\t\t<span class=\"elementor-button-text\">Nachricht senden<\/span>\n\t\t\t\t\t\t\t\t\t\t\t\t\t<\/span>\n\t\t\t\t\t<\/button>\n\t\t\t\t<\/div>\n\t\t\t<\/div>\n\t\t<\/form>\n\t\t\t\t\t\t<\/div>\n\t\t\t\t<\/div>\n\t\t\t\t\t<\/div>\n\t\t<\/div>\n\t\t\t\t\t<\/div>\n\t\t<\/section>\n\t\t\t\t<section class=\"elementor-section elementor-top-section elementor-element elementor-element-3cb5fbd elementor-section-boxed elementor-section-height-default elementor-section-height-default\" data-id=\"3cb5fbd\" data-element_type=\"section\" data-e-type=\"section\" data-settings=\"{&quot;background_background&quot;:&quot;classic&quot;}\">\n\t\t\t\t\t\t<div class=\"elementor-container elementor-column-gap-default\">\n\t\t\t\t\t<div class=\"elementor-column elementor-col-100 elementor-top-column elementor-element elementor-element-fb9058e\" data-id=\"fb9058e\" data-element_type=\"column\" data-e-type=\"column\">\n\t\t\t<div class=\"elementor-widget-wrap elementor-element-populated\">\n\t\t\t\t\t\t<div class=\"elementor-element elementor-element-1954bf6 elementor-hidden-desktop elementor-hidden-tablet elementor-hidden-mobile elementor-widget elementor-widget-heading\" data-id=\"1954bf6\" data-element_type=\"widget\" data-e-type=\"widget\" data-widget_type=\"heading.default\">\n\t\t\t\t<div class=\"elementor-widget-container\">\n\t\t\t\t\t<h2 class=\"elementor-heading-title elementor-size-default\">Silvester Yoga Retreat f\u00fcr 5 Tage 28.12. - 01.02.2024<\/h2>\t\t\t\t<\/div>\n\t\t\t\t<\/div>\n\t\t\t\t<div class=\"elementor-element elementor-element-fc4d1a3 elementor-grid-3 elementor-grid-tablet-1 elementor-grid-mobile-1 elementor-product-loop-item--align-left elementor-hidden-desktop elementor-hidden-tablet elementor-hidden-mobile elementor-products-grid elementor-wc-products elementor-widget elementor-widget-woocommerce-products\" data-id=\"fc4d1a3\" data-element_type=\"widget\" data-e-type=\"widget\" data-widget_type=\"woocommerce-products.default\">\n\t\t\t\t<div class=\"elementor-widget-container\">\n\t\t\t\t\t<div class=\"woocommerce columns-3 \"><ul class=\"products elementor-grid columns-3\">\n<li class=\"desktop-align-left tablet-align-left mobile-align-left product type-product post-5213 status-publish first outofstock product_cat-yoga-5-tage-silvester has-post-thumbnail virtual purchasable product-type-simple\">\n\t<a href=\"https:\/\/swisstrailcamps.ch\/de\/produkt\/early-bird-yoga-4-naechte\/\" class=\"woocommerce-LoopProduct-link woocommerce-loop-product__link\"><img loading=\"lazy\" decoding=\"async\" width=\"300\" height=\"300\" src=\"https:\/\/swisstrailcamps.ch\/wp-content\/uploads\/2023\/06\/1-2-300x300.png\" class=\"attachment-woocommerce_thumbnail size-woocommerce_thumbnail\" alt=\"Early Bird Yoga | 5 Tage | 28.12.2023 - 01.01.2024 | Geteiltes Doppelzimmer\" srcset=\"https:\/\/swisstrailcamps.ch\/wp-content\/uploads\/2023\/06\/1-2-300x300.png 300w, https:\/\/swisstrailcamps.ch\/wp-content\/uploads\/2023\/06\/1-2-150x150.png 150w, https:\/\/swisstrailcamps.ch\/wp-content\/uploads\/2023\/06\/1-2-768x768.png 768w, https:\/\/swisstrailcamps.ch\/wp-content\/uploads\/2023\/06\/1-2-600x600.png 600w, https:\/\/swisstrailcamps.ch\/wp-content\/uploads\/2023\/06\/1-2-100x100.png 100w, https:\/\/swisstrailcamps.ch\/wp-content\/uploads\/2023\/06\/1-2.png 1000w\" sizes=\"(max-width: 300px) 100vw, 300px\" \/><h2 class=\"woocommerce-loop-product__title\">Early Bird Yoga | 5 Tage | 28.12.2023 &#8211; 01.01.2024 | Geteiltes Doppelzimmer<\/h2>\n\t<span class=\"price\"><span class=\"woocommerce-Price-amount amount\"><bdi><span class=\"woocommerce-Price-currencySymbol\">&#67;&#72;&#70;<\/span>&nbsp;1'519.00<\/bdi><\/span><\/span>\n\n\n\n<\/a>\n\n\n\n<a href=\"https:\/\/swisstrailcamps.ch\/de\/produkt\/early-bird-yoga-4-naechte\/\" aria-describedby=\"woocommerce_loop_add_to_cart_link_describedby_5213\" data-quantity=\"1\" class=\"button product_type_simple\" data-product_id=\"5213\" data-product_sku=\"\" aria-label=\"Lese mehr \u00fcber &#8222;Early Bird Yoga | 5 Tage | 28.12.2023 - 01.01.2024 | Geteiltes Doppelzimmer&#8220;\" rel=\"nofollow\" data-success_message=\"\">Weiterlesen<\/a>\t<span id=\"woocommerce_loop_add_to_cart_link_describedby_5213\" class=\"screen-reader-text\">\n\t\t\t<\/span>\n<\/li>\n<li class=\"desktop-align-left tablet-align-left mobile-align-left product type-product post-5244 status-publish instock product_cat-yoga-5-tage-silvester has-post-thumbnail sale virtual purchasable product-type-simple\">\n\t<a href=\"https:\/\/swisstrailcamps.ch\/de\/produkt\/standard-yoga-4-naechte\/\" class=\"woocommerce-LoopProduct-link woocommerce-loop-product__link\">\n\t<span  class=\"onsale\" data-notification=\"default\">Angebot!<\/span>\n\t<img loading=\"lazy\" decoding=\"async\" width=\"300\" height=\"300\" src=\"https:\/\/swisstrailcamps.ch\/wp-content\/uploads\/2023\/06\/2-4-300x300.png\" class=\"attachment-woocommerce_thumbnail size-woocommerce_thumbnail\" alt=\"Standard Yoga | 5 Tage | 28.12.2023 - 01.01.2024 | Geteiltes Doppelzimmer\" srcset=\"https:\/\/swisstrailcamps.ch\/wp-content\/uploads\/2023\/06\/2-4-300x300.png 300w, https:\/\/swisstrailcamps.ch\/wp-content\/uploads\/2023\/06\/2-4-150x150.png 150w, https:\/\/swisstrailcamps.ch\/wp-content\/uploads\/2023\/06\/2-4-768x768.png 768w, https:\/\/swisstrailcamps.ch\/wp-content\/uploads\/2023\/06\/2-4-600x600.png 600w, https:\/\/swisstrailcamps.ch\/wp-content\/uploads\/2023\/06\/2-4-100x100.png 100w, https:\/\/swisstrailcamps.ch\/wp-content\/uploads\/2023\/06\/2-4.png 1000w\" sizes=\"(max-width: 300px) 100vw, 300px\" \/><h2 class=\"woocommerce-loop-product__title\">Standard Yoga | 5 Tage | 28.12.2023 &#8211; 01.01.2024 | Geteiltes Doppelzimmer<\/h2>\n\t<span class=\"price\"><del aria-hidden=\"true\"><span class=\"woocommerce-Price-amount amount\"><bdi><span class=\"woocommerce-Price-currencySymbol\">&#67;&#72;&#70;<\/span>&nbsp;1'689.00<\/bdi><\/span><\/del> <span class=\"screen-reader-text\">Urspr\u00fcnglicher Preis war: &#067;&#072;&#070;&nbsp;1&#039;689.00<\/span><ins aria-hidden=\"true\"><span class=\"woocommerce-Price-amount amount\"><bdi><span class=\"woocommerce-Price-currencySymbol\">&#67;&#72;&#70;<\/span>&nbsp;1'559.00<\/bdi><\/span><\/ins><span class=\"screen-reader-text\">Aktueller Preis ist: &#067;&#072;&#070;&nbsp;1&#039;559.00.<\/span><\/span>\n\n\n\n<\/a>\n\n\n\n<a href=\"\/de\/wp-json\/wp\/v2\/pages\/4545?add-to-cart=5244\" aria-describedby=\"woocommerce_loop_add_to_cart_link_describedby_5244\" data-quantity=\"1\" class=\"button product_type_simple add_to_cart_button ajax_add_to_cart\" data-product_id=\"5244\" data-product_sku=\"\" aria-label=\"In den Warenkorb legen: \u201eStandard Yoga | 5 Tage | 28.12.2023 - 01.01.2024 | Geteiltes Doppelzimmer\u201c\" rel=\"nofollow\" data-success_message=\"\u201eStandard Yoga | 5 Tage | 28.12.2023 - 01.01.2024 | Geteiltes Doppelzimmer\u201c wurde deinem Warenkorb hinzugef\u00fcgt\">In den Warenkorb<\/a>\t<span id=\"woocommerce_loop_add_to_cart_link_describedby_5244\" class=\"screen-reader-text\">\n\t\t\t<\/span>\n<\/li>\n<li class=\"desktop-align-left tablet-align-left mobile-align-left product type-product post-5263 status-publish last instock product_cat-yoga-5-tage-silvester has-post-thumbnail virtual purchasable product-type-simple\">\n\t<a href=\"https:\/\/swisstrailcamps.ch\/de\/produkt\/last-minute-yoga-4-naechte\/\" class=\"woocommerce-LoopProduct-link woocommerce-loop-product__link\"><img loading=\"lazy\" decoding=\"async\" width=\"300\" height=\"300\" src=\"https:\/\/swisstrailcamps.ch\/wp-content\/uploads\/2023\/06\/3-2-300x300.png\" class=\"attachment-woocommerce_thumbnail size-woocommerce_thumbnail\" alt=\"Last Minute Yoga | 5 Tage | 28.12.2023 - 01.01.2024 | Geteiltes Doppelzimmer\" srcset=\"https:\/\/swisstrailcamps.ch\/wp-content\/uploads\/2023\/06\/3-2-300x300.png 300w, https:\/\/swisstrailcamps.ch\/wp-content\/uploads\/2023\/06\/3-2-150x150.png 150w, https:\/\/swisstrailcamps.ch\/wp-content\/uploads\/2023\/06\/3-2-768x768.png 768w, https:\/\/swisstrailcamps.ch\/wp-content\/uploads\/2023\/06\/3-2-600x600.png 600w, https:\/\/swisstrailcamps.ch\/wp-content\/uploads\/2023\/06\/3-2-100x100.png 100w, https:\/\/swisstrailcamps.ch\/wp-content\/uploads\/2023\/06\/3-2.png 1000w\" sizes=\"(max-width: 300px) 100vw, 300px\" \/><h2 class=\"woocommerce-loop-product__title\">Last Minute Yoga | 5 Tage | 28.12.2023 &#8211; 01.01.2024 | Geteiltes Doppelzimmer<\/h2>\n\t<span class=\"price\"><span class=\"woocommerce-Price-amount amount\"><bdi><span class=\"woocommerce-Price-currencySymbol\">&#67;&#72;&#70;<\/span>&nbsp;1'699.00<\/bdi><\/span><\/span>\n\n\n\n<\/a>\n\n\n\n<a href=\"\/de\/wp-json\/wp\/v2\/pages\/4545?add-to-cart=5263\" aria-describedby=\"woocommerce_loop_add_to_cart_link_describedby_5263\" data-quantity=\"1\" class=\"button product_type_simple add_to_cart_button ajax_add_to_cart\" data-product_id=\"5263\" data-product_sku=\"\" aria-label=\"In den Warenkorb legen: \u201eLast Minute Yoga | 5 Tage | 28.12.2023 - 01.01.2024 | Geteiltes Doppelzimmer\u201c\" rel=\"nofollow\" data-success_message=\"\u201eLast Minute Yoga | 5 Tage | 28.12.2023 - 01.01.2024 | Geteiltes Doppelzimmer\u201c wurde deinem Warenkorb hinzugef\u00fcgt\">In den Warenkorb<\/a>\t<span id=\"woocommerce_loop_add_to_cart_link_describedby_5263\" class=\"screen-reader-text\">\n\t\t\t<\/span>\n<\/li>\n<\/ul>\n<\/div>\t\t\t\t<\/div>\n\t\t\t\t<\/div>\n\t\t\t\t\t<\/div>\n\t\t<\/div>\n\t\t\t\t\t<\/div>\n\t\t<\/section>\n\t\t\t\t<section class=\"elementor-section elementor-top-section elementor-element elementor-element-e4f0539 elementor-section-boxed elementor-section-height-default elementor-section-height-default\" data-id=\"e4f0539\" data-element_type=\"section\" data-e-type=\"section\" data-settings=\"{&quot;background_background&quot;:&quot;classic&quot;}\">\n\t\t\t\t\t\t<div class=\"elementor-container elementor-column-gap-default\">\n\t\t\t\t\t<div class=\"elementor-column elementor-col-100 elementor-top-column elementor-element elementor-element-112a555\" data-id=\"112a555\" data-element_type=\"column\" data-e-type=\"column\">\n\t\t\t<div class=\"elementor-widget-wrap elementor-element-populated\">\n\t\t\t\t\t\t<div class=\"elementor-element elementor-element-9ae804d elementor-hidden-desktop elementor-hidden-tablet elementor-hidden-mobile elementor-widget elementor-widget-heading\" data-id=\"9ae804d\" data-element_type=\"widget\" data-e-type=\"widget\" data-widget_type=\"heading.default\">\n\t\t\t\t<div class=\"elementor-widget-container\">\n\t\t\t\t\t<h2 class=\"elementor-heading-title elementor-size-default\">Silvester Yoga Retreat f\u00fcr 6 Tage 28.12. - 02.01.2024<\/h2>\t\t\t\t<\/div>\n\t\t\t\t<\/div>\n\t\t\t\t\t<\/div>\n\t\t<\/div>\n\t\t\t\t\t<\/div>\n\t\t<\/section>\n\t\t\t\t<section class=\"elementor-section elementor-top-section elementor-element elementor-element-249d78e elementor-section-boxed elementor-section-height-default elementor-section-height-default\" data-id=\"249d78e\" data-element_type=\"section\" data-e-type=\"section\" data-settings=\"{&quot;background_background&quot;:&quot;classic&quot;}\">\n\t\t\t\t\t\t<div class=\"elementor-container elementor-column-gap-default\">\n\t\t\t\t\t<div class=\"elementor-column elementor-col-100 elementor-top-column elementor-element elementor-element-1c5a7a4\" data-id=\"1c5a7a4\" data-element_type=\"column\" data-e-type=\"column\">\n\t\t\t<div class=\"elementor-widget-wrap elementor-element-populated\">\n\t\t\t\t\t\t<div class=\"elementor-element elementor-element-2615314 elementor-grid-3 elementor-grid-tablet-1 elementor-grid-mobile-1 elementor-product-loop-item--align-left elementor-hidden-desktop elementor-hidden-tablet elementor-hidden-mobile elementor-products-grid elementor-wc-products elementor-widget elementor-widget-woocommerce-products\" data-id=\"2615314\" data-element_type=\"widget\" data-e-type=\"widget\" data-widget_type=\"woocommerce-products.default\">\n\t\t\t\t<div class=\"elementor-widget-container\">\n\t\t\t\t\t<div class=\"woocommerce columns-3 \"><ul class=\"products elementor-grid columns-3\">\n<li class=\"desktop-align-left tablet-align-left mobile-align-left product type-product post-5374 status-publish first outofstock product_cat-yoga-6-tage-silvester has-post-thumbnail virtual purchasable product-type-simple\">\n\t<a href=\"https:\/\/swisstrailcamps.ch\/de\/produkt\/early-bird-yoga-5-naechte-doppelzimmer\/\" class=\"woocommerce-LoopProduct-link woocommerce-loop-product__link\"><img loading=\"lazy\" decoding=\"async\" width=\"300\" height=\"300\" src=\"https:\/\/swisstrailcamps.ch\/wp-content\/uploads\/2023\/06\/1-2-300x300.png\" class=\"attachment-woocommerce_thumbnail size-woocommerce_thumbnail\" alt=\"Early Bird Yoga | 6 Tage | 28.12.2023 - 02.01.2024 | Geteiltes Doppelzimmer\" srcset=\"https:\/\/swisstrailcamps.ch\/wp-content\/uploads\/2023\/06\/1-2-300x300.png 300w, https:\/\/swisstrailcamps.ch\/wp-content\/uploads\/2023\/06\/1-2-150x150.png 150w, https:\/\/swisstrailcamps.ch\/wp-content\/uploads\/2023\/06\/1-2-768x768.png 768w, https:\/\/swisstrailcamps.ch\/wp-content\/uploads\/2023\/06\/1-2-600x600.png 600w, https:\/\/swisstrailcamps.ch\/wp-content\/uploads\/2023\/06\/1-2-100x100.png 100w, https:\/\/swisstrailcamps.ch\/wp-content\/uploads\/2023\/06\/1-2.png 1000w\" sizes=\"(max-width: 300px) 100vw, 300px\" \/><h2 class=\"woocommerce-loop-product__title\">Early Bird Yoga | 6 Tage | 28.12.2023 &#8211; 02.01.2024 | Geteiltes Doppelzimmer<\/h2>\n\t<span class=\"price\"><span class=\"woocommerce-Price-amount amount\"><bdi><span class=\"woocommerce-Price-currencySymbol\">&#67;&#72;&#70;<\/span>&nbsp;1'629.00<\/bdi><\/span><\/span>\n\n\n\n<\/a>\n\n\n\n<a href=\"https:\/\/swisstrailcamps.ch\/de\/produkt\/early-bird-yoga-5-naechte-doppelzimmer\/\" aria-describedby=\"woocommerce_loop_add_to_cart_link_describedby_5374\" data-quantity=\"1\" class=\"button product_type_simple\" data-product_id=\"5374\" data-product_sku=\"\" aria-label=\"Lese mehr \u00fcber &#8222;Early Bird Yoga | 6 Tage | 28.12.2023 - 02.01.2024 | Geteiltes Doppelzimmer&#8220;\" rel=\"nofollow\" data-success_message=\"\">Weiterlesen<\/a>\t<span id=\"woocommerce_loop_add_to_cart_link_describedby_5374\" class=\"screen-reader-text\">\n\t\t\t<\/span>\n<\/li>\n<li class=\"desktop-align-left tablet-align-left mobile-align-left product type-product post-5337 status-publish instock product_cat-yoga-6-tage-silvester has-post-thumbnail sale virtual purchasable product-type-simple\">\n\t<a href=\"https:\/\/swisstrailcamps.ch\/de\/produkt\/standard-yoga-5-nachte-28-12-2023-02-01-2024-geteiltes-doppelzimmer\/\" class=\"woocommerce-LoopProduct-link woocommerce-loop-product__link\">\n\t<span  class=\"onsale\" data-notification=\"default\">Angebot!<\/span>\n\t<img loading=\"lazy\" decoding=\"async\" width=\"300\" height=\"300\" src=\"https:\/\/swisstrailcamps.ch\/wp-content\/uploads\/2023\/06\/2-4-300x300.png\" class=\"attachment-woocommerce_thumbnail size-woocommerce_thumbnail\" alt=\"Standard Yoga | 6 Tage | 28.12.2023 - 02.01.2024 | Geteiltes Doppelzimmer\" srcset=\"https:\/\/swisstrailcamps.ch\/wp-content\/uploads\/2023\/06\/2-4-300x300.png 300w, https:\/\/swisstrailcamps.ch\/wp-content\/uploads\/2023\/06\/2-4-150x150.png 150w, https:\/\/swisstrailcamps.ch\/wp-content\/uploads\/2023\/06\/2-4-768x768.png 768w, https:\/\/swisstrailcamps.ch\/wp-content\/uploads\/2023\/06\/2-4-600x600.png 600w, https:\/\/swisstrailcamps.ch\/wp-content\/uploads\/2023\/06\/2-4-100x100.png 100w, https:\/\/swisstrailcamps.ch\/wp-content\/uploads\/2023\/06\/2-4.png 1000w\" sizes=\"(max-width: 300px) 100vw, 300px\" \/><h2 class=\"woocommerce-loop-product__title\">Standard Yoga | 6 Tage | 28.12.2023 &#8211; 02.01.2024 | Geteiltes Doppelzimmer<\/h2>\n\t<span class=\"price\"><del aria-hidden=\"true\"><span class=\"woocommerce-Price-amount amount\"><bdi><span class=\"woocommerce-Price-currencySymbol\">&#67;&#72;&#70;<\/span>&nbsp;1'799.00<\/bdi><\/span><\/del> <span class=\"screen-reader-text\">Urspr\u00fcnglicher Preis war: &#067;&#072;&#070;&nbsp;1&#039;799.00<\/span><ins aria-hidden=\"true\"><span class=\"woocommerce-Price-amount amount\"><bdi><span class=\"woocommerce-Price-currencySymbol\">&#67;&#72;&#70;<\/span>&nbsp;1'669.00<\/bdi><\/span><\/ins><span class=\"screen-reader-text\">Aktueller Preis ist: &#067;&#072;&#070;&nbsp;1&#039;669.00.<\/span><\/span>\n\n\n\n<\/a>\n\n\n\n<a href=\"\/de\/wp-json\/wp\/v2\/pages\/4545?add-to-cart=5337\" aria-describedby=\"woocommerce_loop_add_to_cart_link_describedby_5337\" data-quantity=\"1\" class=\"button product_type_simple add_to_cart_button ajax_add_to_cart\" data-product_id=\"5337\" data-product_sku=\"\" aria-label=\"In den Warenkorb legen: \u201eStandard Yoga | 6 Tage | 28.12.2023 - 02.01.2024 | Geteiltes Doppelzimmer\u201c\" rel=\"nofollow\" data-success_message=\"\u201eStandard Yoga | 6 Tage | 28.12.2023 - 02.01.2024 | Geteiltes Doppelzimmer\u201c wurde deinem Warenkorb hinzugef\u00fcgt\">In den Warenkorb<\/a>\t<span id=\"woocommerce_loop_add_to_cart_link_describedby_5337\" class=\"screen-reader-text\">\n\t\t\t<\/span>\n<\/li>\n<li class=\"desktop-align-left tablet-align-left mobile-align-left product type-product post-5300 status-publish last instock product_cat-yoga-6-tage-silvester has-post-thumbnail virtual purchasable product-type-simple\">\n\t<a href=\"https:\/\/swisstrailcamps.ch\/de\/produkt\/last-minute-yoga-5-nachte-28-12-2023-02-01-2024-geteiltes-doppelzimmer\/\" class=\"woocommerce-LoopProduct-link woocommerce-loop-product__link\"><img loading=\"lazy\" decoding=\"async\" width=\"300\" height=\"300\" src=\"https:\/\/swisstrailcamps.ch\/wp-content\/uploads\/2023\/06\/3-2-300x300.png\" class=\"attachment-woocommerce_thumbnail size-woocommerce_thumbnail\" alt=\"Last Minute Yoga | 6 Tage | 28.12.2023 - 02.01.2024 | Geteiltes Doppelzimmer\" srcset=\"https:\/\/swisstrailcamps.ch\/wp-content\/uploads\/2023\/06\/3-2-300x300.png 300w, https:\/\/swisstrailcamps.ch\/wp-content\/uploads\/2023\/06\/3-2-150x150.png 150w, https:\/\/swisstrailcamps.ch\/wp-content\/uploads\/2023\/06\/3-2-768x768.png 768w, https:\/\/swisstrailcamps.ch\/wp-content\/uploads\/2023\/06\/3-2-600x600.png 600w, https:\/\/swisstrailcamps.ch\/wp-content\/uploads\/2023\/06\/3-2-100x100.png 100w, https:\/\/swisstrailcamps.ch\/wp-content\/uploads\/2023\/06\/3-2.png 1000w\" sizes=\"(max-width: 300px) 100vw, 300px\" \/><h2 class=\"woocommerce-loop-product__title\">Last Minute Yoga | 6 Tage | 28.12.2023 &#8211; 02.01.2024 | Geteiltes Doppelzimmer<\/h2>\n\t<span class=\"price\"><span class=\"woocommerce-Price-amount amount\"><bdi><span class=\"woocommerce-Price-currencySymbol\">&#67;&#72;&#70;<\/span>&nbsp;1'819.00<\/bdi><\/span><\/span>\n\n\n\n<\/a>\n\n\n\n<a href=\"\/de\/wp-json\/wp\/v2\/pages\/4545?add-to-cart=5300\" aria-describedby=\"woocommerce_loop_add_to_cart_link_describedby_5300\" data-quantity=\"1\" class=\"button product_type_simple add_to_cart_button ajax_add_to_cart\" data-product_id=\"5300\" data-product_sku=\"\" aria-label=\"In den Warenkorb legen: \u201eLast Minute Yoga | 6 Tage | 28.12.2023 - 02.01.2024 | Geteiltes Doppelzimmer\u201c\" rel=\"nofollow\" data-success_message=\"\u201eLast Minute Yoga | 6 Tage | 28.12.2023 - 02.01.2024 | Geteiltes Doppelzimmer\u201c wurde deinem Warenkorb hinzugef\u00fcgt\">In den Warenkorb<\/a>\t<span id=\"woocommerce_loop_add_to_cart_link_describedby_5300\" class=\"screen-reader-text\">\n\t\t\t<\/span>\n<\/li>\n<\/ul>\n<\/div>\t\t\t\t<\/div>\n\t\t\t\t<\/div>\n\t\t\t\t\t<\/div>\n\t\t<\/div>\n\t\t\t\t\t<\/div>\n\t\t<\/section>\n\t\t\t\t<section class=\"elementor-section elementor-top-section elementor-element elementor-element-235cf54 elementor-section-full_width elementor-section-stretched elementor-reverse-tablet elementor-reverse-mobile elementor-section-height-default elementor-section-height-default\" data-id=\"235cf54\" data-element_type=\"section\" data-e-type=\"section\" data-settings=\"{&quot;stretch_section&quot;:&quot;section-stretched&quot;}\">\n\t\t\t\t\t\t<div class=\"elementor-container elementor-column-gap-default\">\n\t\t\t\t\t<div class=\"elementor-column elementor-col-50 elementor-top-column elementor-element elementor-element-0b124f7\" data-id=\"0b124f7\" data-element_type=\"column\" data-e-type=\"column\">\n\t\t\t<div class=\"elementor-widget-wrap elementor-element-populated\">\n\t\t\t\t\t\t<div class=\"elementor-element elementor-element-eadc398 elementor-widget elementor-widget-image\" data-id=\"eadc398\" data-element_type=\"widget\" data-e-type=\"widget\" data-widget_type=\"image.default\">\n\t\t\t\t<div class=\"elementor-widget-container\">\n\t\t\t\t\t\t\t\t\t\t\t\t\t\t\t\t<a href=\"https:\/\/swisstrailcamps.ch\/de\/about\">\n\t\t\t\t\t\t\t<img loading=\"lazy\" decoding=\"async\" width=\"1024\" height=\"683\" src=\"https:\/\/swisstrailcamps.ch\/wp-content\/uploads\/2023\/02\/Untitled-design-1024x683.png\" class=\"attachment-large size-large wp-image-4264\" alt=\"\" srcset=\"https:\/\/swisstrailcamps.ch\/wp-content\/uploads\/2023\/02\/Untitled-design-1024x683.png 1024w, https:\/\/swisstrailcamps.ch\/wp-content\/uploads\/2023\/02\/Untitled-design-300x200.png 300w, https:\/\/swisstrailcamps.ch\/wp-content\/uploads\/2023\/02\/Untitled-design-768x512.png 768w, https:\/\/swisstrailcamps.ch\/wp-content\/uploads\/2023\/02\/Untitled-design-600x400.png 600w, https:\/\/swisstrailcamps.ch\/wp-content\/uploads\/2023\/02\/Untitled-design.png 1200w\" sizes=\"(max-width: 1024px) 100vw, 1024px\" \/>\t\t\t\t\t\t\t\t<\/a>\n\t\t\t\t\t\t\t\t\t\t\t\t\t\t\t<\/div>\n\t\t\t\t<\/div>\n\t\t\t\t\t<\/div>\n\t\t<\/div>\n\t\t\t\t<div class=\"elementor-column elementor-col-50 elementor-top-column elementor-element elementor-element-7fbdf93\" data-id=\"7fbdf93\" data-element_type=\"column\" data-e-type=\"column\">\n\t\t\t<div class=\"elementor-widget-wrap elementor-element-populated\">\n\t\t\t\t\t\t<div class=\"elementor-element elementor-element-97d8180 elementor-widget elementor-widget-spacer\" data-id=\"97d8180\" data-element_type=\"widget\" data-e-type=\"widget\" data-widget_type=\"spacer.default\">\n\t\t\t\t<div class=\"elementor-widget-container\">\n\t\t\t\t\t\t\t<div class=\"elementor-spacer\">\n\t\t\t<div class=\"elementor-spacer-inner\"><\/div>\n\t\t<\/div>\n\t\t\t\t\t\t<\/div>\n\t\t\t\t<\/div>\n\t\t\t\t<div class=\"elementor-element elementor-element-abd7708 elementor-widget elementor-widget-heading\" data-id=\"abd7708\" data-element_type=\"widget\" data-e-type=\"widget\" data-widget_type=\"heading.default\">\n\t\t\t\t<div class=\"elementor-widget-container\">\n\t\t\t\t\t<h5 class=\"elementor-heading-title elementor-size-default\">Meet your<\/h5>\t\t\t\t<\/div>\n\t\t\t\t<\/div>\n\t\t\t\t<div class=\"elementor-element elementor-element-55f284d elementor-widget elementor-widget-heading\" data-id=\"55f284d\" data-element_type=\"widget\" data-e-type=\"widget\" data-widget_type=\"heading.default\">\n\t\t\t\t<div class=\"elementor-widget-container\">\n\t\t\t\t\t<h2 class=\"elementor-heading-title elementor-size-default\">Yogalehrerin<\/h2>\t\t\t\t<\/div>\n\t\t\t\t<\/div>\n\t\t\t\t<div class=\"elementor-element elementor-element-94da58d elementor-widget elementor-widget-text-editor\" data-id=\"94da58d\" data-element_type=\"widget\" data-e-type=\"widget\" data-widget_type=\"text-editor.default\">\n\t\t\t\t<div class=\"elementor-widget-container\">\n\t\t\t\t\t\t\t\t\t<p>Lilli Horbach ist Vinyasa Yogalehrerin mit einer Begeisterung f\u00fcr Inside Flow. Sie praktiziert Yoga und Meditation t\u00e4glich und nutzt ihr Journal, um Dankbarkeit und Achtsamkeit zu \u00fcben.\u00a0<br \/>Aktuell befindet sie sich in der Ausbildung zur Inside Flow Yogalehrerin und Yin Yogalehrerin. Zus\u00e4tzlich ist sie zertifizierte Trail Running Trainerin, Functional- und Fitness Coach.<\/p>\t\t\t\t\t\t\t\t<\/div>\n\t\t\t\t<\/div>\n\t\t\t\t<div class=\"elementor-element elementor-element-64867a6 elementor-align-center elementor-widget elementor-widget-button\" data-id=\"64867a6\" data-element_type=\"widget\" data-e-type=\"widget\" data-widget_type=\"button.default\">\n\t\t\t\t<div class=\"elementor-widget-container\">\n\t\t\t\t\t\t\t\t\t<div class=\"elementor-button-wrapper\">\n\t\t\t\t\t<a class=\"elementor-button elementor-button-link elementor-size-sm\" href=\"https:\/\/swisstrailcamps.ch\/de\/about\">\n\t\t\t\t\t\t<span class=\"elementor-button-content-wrapper\">\n\t\t\t\t\t\t\t\t\t<span class=\"elementor-button-text\">Mehr<\/span>\n\t\t\t\t\t<\/span>\n\t\t\t\t\t<\/a>\n\t\t\t\t<\/div>\n\t\t\t\t\t\t\t\t<\/div>\n\t\t\t\t<\/div>\n\t\t\t\t<div class=\"elementor-element elementor-element-b37312f elementor-hidden-tablet elementor-hidden-mobile elementor-widget elementor-widget-spacer\" data-id=\"b37312f\" data-element_type=\"widget\" data-e-type=\"widget\" data-widget_type=\"spacer.default\">\n\t\t\t\t<div class=\"elementor-widget-container\">\n\t\t\t\t\t\t\t<div class=\"elementor-spacer\">\n\t\t\t<div class=\"elementor-spacer-inner\"><\/div>\n\t\t<\/div>\n\t\t\t\t\t\t<\/div>\n\t\t\t\t<\/div>\n\t\t\t\t\t<\/div>\n\t\t<\/div>\n\t\t\t\t\t<\/div>\n\t\t<\/section>\n\t\t\t\t<section class=\"elementor-section elementor-top-section elementor-element elementor-element-bafaf0b elementor-section-full_width elementor-section-stretched elementor-section-height-default elementor-section-height-default\" data-id=\"bafaf0b\" data-element_type=\"section\" data-e-type=\"section\" data-settings=\"{&quot;background_background&quot;:&quot;classic&quot;,&quot;stretch_section&quot;:&quot;section-stretched&quot;}\">\n\t\t\t\t\t\t<div class=\"elementor-container elementor-column-gap-default\">\n\t\t\t\t\t<div class=\"elementor-column elementor-col-100 elementor-top-column elementor-element elementor-element-ff6ac21\" data-id=\"ff6ac21\" data-element_type=\"column\" data-e-type=\"column\">\n\t\t\t<div class=\"elementor-widget-wrap elementor-element-populated\">\n\t\t\t\t\t\t<div class=\"elementor-element elementor-element-506707c elementor-widget elementor-widget-spacer\" data-id=\"506707c\" data-element_type=\"widget\" data-e-type=\"widget\" data-widget_type=\"spacer.default\">\n\t\t\t\t<div class=\"elementor-widget-container\">\n\t\t\t\t\t\t\t<div class=\"elementor-spacer\">\n\t\t\t<div class=\"elementor-spacer-inner\"><\/div>\n\t\t<\/div>\n\t\t\t\t\t\t<\/div>\n\t\t\t\t<\/div>\n\t\t\t\t<div class=\"elementor-element elementor-element-91489be elementor-widget elementor-widget-heading\" data-id=\"91489be\" data-element_type=\"widget\" data-e-type=\"widget\" data-widget_type=\"heading.default\">\n\t\t\t\t<div class=\"elementor-widget-container\">\n\t\t\t\t\t<h2 class=\"elementor-heading-title elementor-size-default\">Mallorca Trailrunning Camp FAQs<\/h2>\t\t\t\t<\/div>\n\t\t\t\t<\/div>\n\t\t\t\t<div class=\"elementor-element elementor-element-0ab3cb1 elementor-widget elementor-widget-spacer\" data-id=\"0ab3cb1\" data-element_type=\"widget\" data-e-type=\"widget\" data-widget_type=\"spacer.default\">\n\t\t\t\t<div class=\"elementor-widget-container\">\n\t\t\t\t\t\t\t<div class=\"elementor-spacer\">\n\t\t\t<div class=\"elementor-spacer-inner\"><\/div>\n\t\t<\/div>\n\t\t\t\t\t\t<\/div>\n\t\t\t\t<\/div>\n\t\t\t\t<div class=\"elementor-element elementor-element-a2a1846 elementor-widget elementor-widget-accordion\" data-id=\"a2a1846\" data-element_type=\"widget\" data-e-type=\"widget\" data-widget_type=\"accordion.default\">\n\t\t\t\t<div class=\"elementor-widget-container\">\n\t\t\t\t\t\t\t<div class=\"elementor-accordion\">\n\t\t\t\t\t\t\t<div class=\"elementor-accordion-item\">\n\t\t\t\t\t<div id=\"elementor-tab-title-1701\" class=\"elementor-tab-title\" data-tab=\"1\" role=\"button\" aria-controls=\"elementor-tab-content-1701\" aria-expanded=\"false\">\n\t\t\t\t\t\t\t\t\t\t\t\t\t<span class=\"elementor-accordion-icon elementor-accordion-icon-left\" aria-hidden=\"true\">\n\t\t\t\t\t\t\t\t\t\t\t\t\t\t\t<span class=\"elementor-accordion-icon-closed\"><i class=\"fas fa-chevron-down\"><\/i><\/span>\n\t\t\t\t\t\t\t\t<span class=\"elementor-accordion-icon-opened\"><i class=\"fas fa-minus\"><\/i><\/span>\n\t\t\t\t\t\t\t\t\t\t\t\t\t\t<\/span>\n\t\t\t\t\t\t\t\t\t\t\t\t<a class=\"elementor-accordion-title\" tabindex=\"0\">Meine Begleitung m\u00f6chte am Trail Running Camp teilnehmen<\/a>\n\t\t\t\t\t<\/div>\n\t\t\t\t\t<div id=\"elementor-tab-content-1701\" class=\"elementor-tab-content elementor-clearfix\" data-tab=\"1\" role=\"region\" aria-labelledby=\"elementor-tab-title-1701\"><p>Ihr k\u00f6nnt gerne zu zweit am Silvester Camp teilnehmen und gemeinsames Zimmer buchen (gerne als Info bei der Buchung hinzuf\u00fcgen). Wir veranstalten zur gleichen Zeit ein Mallorca Trail Running Camp im gleichen Hotel. Deine Begleitung kann gerne an diesem Camp teilnehmen. Einige Programmpunkte werden \u00e4hnlich sein.&nbsp;<\/p><\/div>\n\t\t\t\t<\/div>\n\t\t\t\t\t\t\t<div class=\"elementor-accordion-item\">\n\t\t\t\t\t<div id=\"elementor-tab-title-1702\" class=\"elementor-tab-title\" data-tab=\"2\" role=\"button\" aria-controls=\"elementor-tab-content-1702\" aria-expanded=\"false\">\n\t\t\t\t\t\t\t\t\t\t\t\t\t<span class=\"elementor-accordion-icon elementor-accordion-icon-left\" aria-hidden=\"true\">\n\t\t\t\t\t\t\t\t\t\t\t\t\t\t\t<span class=\"elementor-accordion-icon-closed\"><i class=\"fas fa-chevron-down\"><\/i><\/span>\n\t\t\t\t\t\t\t\t<span class=\"elementor-accordion-icon-opened\"><i class=\"fas fa-minus\"><\/i><\/span>\n\t\t\t\t\t\t\t\t\t\t\t\t\t\t<\/span>\n\t\t\t\t\t\t\t\t\t\t\t\t<a class=\"elementor-accordion-title\" tabindex=\"0\">Welches Niveau von Yoga ist erforderlich?<\/a>\n\t\t\t\t\t<\/div>\n\t\t\t\t\t<div id=\"elementor-tab-content-1702\" class=\"elementor-tab-content elementor-clearfix\" data-tab=\"2\" role=\"region\" aria-labelledby=\"elementor-tab-title-1702\"><p>Die Yogastunde ist f\u00fcr jedes Niveau geeignet.\u00a0<\/p><\/div>\n\t\t\t\t<\/div>\n\t\t\t\t\t\t\t<div class=\"elementor-accordion-item\">\n\t\t\t\t\t<div id=\"elementor-tab-title-1703\" class=\"elementor-tab-title\" data-tab=\"3\" role=\"button\" aria-controls=\"elementor-tab-content-1703\" aria-expanded=\"false\">\n\t\t\t\t\t\t\t\t\t\t\t\t\t<span class=\"elementor-accordion-icon elementor-accordion-icon-left\" aria-hidden=\"true\">\n\t\t\t\t\t\t\t\t\t\t\t\t\t\t\t<span class=\"elementor-accordion-icon-closed\"><i class=\"fas fa-chevron-down\"><\/i><\/span>\n\t\t\t\t\t\t\t\t<span class=\"elementor-accordion-icon-opened\"><i class=\"fas fa-minus\"><\/i><\/span>\n\t\t\t\t\t\t\t\t\t\t\t\t\t\t<\/span>\n\t\t\t\t\t\t\t\t\t\t\t\t<a class=\"elementor-accordion-title\" tabindex=\"0\">Kann ich das Zimmer mit einer Freund:in teilen?<\/a>\n\t\t\t\t\t<\/div>\n\t\t\t\t\t<div id=\"elementor-tab-content-1703\" class=\"elementor-tab-content elementor-clearfix\" data-tab=\"3\" role=\"region\" aria-labelledby=\"elementor-tab-title-1703\"><p>Jeder Gast muss eine separate Buchung vornehmen, aber Du kannst eine Anfrage stellen und den Namen Deiner Freund:in, mit der Du das Zimmer teilen m\u00f6chtest, in das Informationsfeld bei der Anmeldung eintragen.<\/p><\/div>\n\t\t\t\t<\/div>\n\t\t\t\t\t\t\t<div class=\"elementor-accordion-item\">\n\t\t\t\t\t<div id=\"elementor-tab-title-1704\" class=\"elementor-tab-title\" data-tab=\"4\" role=\"button\" aria-controls=\"elementor-tab-content-1704\" aria-expanded=\"false\">\n\t\t\t\t\t\t\t\t\t\t\t\t\t<span class=\"elementor-accordion-icon elementor-accordion-icon-left\" aria-hidden=\"true\">\n\t\t\t\t\t\t\t\t\t\t\t\t\t\t\t<span class=\"elementor-accordion-icon-closed\"><i class=\"fas fa-chevron-down\"><\/i><\/span>\n\t\t\t\t\t\t\t\t<span class=\"elementor-accordion-icon-opened\"><i class=\"fas fa-minus\"><\/i><\/span>\n\t\t\t\t\t\t\t\t\t\t\t\t\t\t<\/span>\n\t\t\t\t\t\t\t\t\t\t\t\t<a class=\"elementor-accordion-title\" tabindex=\"0\">Kann ich als Einzelperson ein Doppelzimmer buchen?<\/a>\n\t\t\t\t\t<\/div>\n\t\t\t\t\t<div id=\"elementor-tab-content-1704\" class=\"elementor-tab-content elementor-clearfix\" data-tab=\"4\" role=\"region\" aria-labelledby=\"elementor-tab-title-1704\"><p>Ja. Wenn Du als Einzelperson ein Mehrbettzimmer buchst, wird Dein Zimmer nach dem Zufallsprinzip einem anderen Teilnehmer zugewiesen.<\/p><\/div>\n\t\t\t\t<\/div>\n\t\t\t\t\t\t\t<div class=\"elementor-accordion-item\">\n\t\t\t\t\t<div id=\"elementor-tab-title-1705\" class=\"elementor-tab-title\" data-tab=\"5\" role=\"button\" aria-controls=\"elementor-tab-content-1705\" aria-expanded=\"false\">\n\t\t\t\t\t\t\t\t\t\t\t\t\t<span class=\"elementor-accordion-icon elementor-accordion-icon-left\" aria-hidden=\"true\">\n\t\t\t\t\t\t\t\t\t\t\t\t\t\t\t<span class=\"elementor-accordion-icon-closed\"><i class=\"fas fa-chevron-down\"><\/i><\/span>\n\t\t\t\t\t\t\t\t<span class=\"elementor-accordion-icon-opened\"><i class=\"fas fa-minus\"><\/i><\/span>\n\t\t\t\t\t\t\t\t\t\t\t\t\t\t<\/span>\n\t\t\t\t\t\t\t\t\t\t\t\t<a class=\"elementor-accordion-title\" tabindex=\"0\">Ich werde fr\u00fcher an- \/abreisen oder sp\u00e4ter abreisen?<\/a>\n\t\t\t\t\t<\/div>\n\t\t\t\t\t<div id=\"elementor-tab-content-1705\" class=\"elementor-tab-content elementor-clearfix\" data-tab=\"5\" role=\"region\" aria-labelledby=\"elementor-tab-title-1705\"><p>Deine Reisepl\u00e4ne sehen etwas anders aus? Schicke uns eine E-Mail an <a href=\"mailto:hello@swisstrailcamps.ch\">hello@swisstrailcamps.ch<\/a>.<\/p><\/div>\n\t\t\t\t<\/div>\n\t\t\t\t\t\t\t\t<\/div>\n\t\t\t\t\t\t<\/div>\n\t\t\t\t<\/div>\n\t\t\t\t\t<\/div>\n\t\t<\/div>\n\t\t\t\t\t<\/div>\n\t\t<\/section>\n\t\t\t\t<section class=\"elementor-section elementor-top-section elementor-element elementor-element-bef02d5 elementor-section-full_width elementor-hidden-tablet elementor-hidden-mobile elementor-section-height-default elementor-section-height-default\" data-id=\"bef02d5\" data-element_type=\"section\" data-e-type=\"section\">\n\t\t\t\t\t\t<div class=\"elementor-container elementor-column-gap-default\">\n\t\t\t\t\t<div class=\"elementor-column elementor-col-100 elementor-top-column elementor-element elementor-element-6e80e1d\" data-id=\"6e80e1d\" data-element_type=\"column\" data-e-type=\"column\">\n\t\t\t<div class=\"elementor-widget-wrap elementor-element-populated\">\n\t\t\t\t\t\t<div class=\"elementor-element elementor-element-4225fb9 elementor-widget elementor-widget-menu-anchor\" data-id=\"4225fb9\" data-element_type=\"widget\" data-e-type=\"widget\" data-widget_type=\"menu-anchor.default\">\n\t\t\t\t<div class=\"elementor-widget-container\">\n\t\t\t\t\t\t\t<div class=\"elementor-menu-anchor\" id=\"kontakt\"><\/div>\n\t\t\t\t\t\t<\/div>\n\t\t\t\t<\/div>\n\t\t\t\t<div class=\"elementor-element elementor-element-29233e0 elementor-widget elementor-widget-image\" data-id=\"29233e0\" data-element_type=\"widget\" data-e-type=\"widget\" data-widget_type=\"image.default\">\n\t\t\t\t<div class=\"elementor-widget-container\">\n\t\t\t\t\t\t\t\t\t\t\t\t\t\t\t<img loading=\"lazy\" decoding=\"async\" width=\"150\" height=\"150\" src=\"https:\/\/swisstrailcamps.ch\/wp-content\/uploads\/2022\/09\/C-8-150x150.png\" class=\"attachment-thumbnail size-thumbnail wp-image-1651\" alt=\"Swiss Trail Camps\" srcset=\"https:\/\/swisstrailcamps.ch\/wp-content\/uploads\/2022\/09\/C-8-150x150.png 150w, https:\/\/swisstrailcamps.ch\/wp-content\/uploads\/2022\/09\/C-8-100x100.png 100w, https:\/\/swisstrailcamps.ch\/wp-content\/uploads\/2022\/09\/C-8.png 250w\" sizes=\"(max-width: 150px) 100vw, 150px\" \/>\t\t\t\t\t\t\t\t\t\t\t\t\t\t\t<\/div>\n\t\t\t\t<\/div>\n\t\t\t\t<div class=\"elementor-element elementor-element-5c4c366 elementor-widget elementor-widget-heading\" data-id=\"5c4c366\" data-element_type=\"widget\" data-e-type=\"widget\" data-widget_type=\"heading.default\">\n\t\t\t\t<div class=\"elementor-widget-container\">\n\t\t\t\t\t<h5 class=\"elementor-heading-title elementor-size-default\">Kontakt aufnehmen<\/h5>\t\t\t\t<\/div>\n\t\t\t\t<\/div>\n\t\t\t\t<div class=\"elementor-element elementor-element-e882f13 elementor-widget elementor-widget-spacer\" data-id=\"e882f13\" data-element_type=\"widget\" data-e-type=\"widget\" data-widget_type=\"spacer.default\">\n\t\t\t\t<div class=\"elementor-widget-container\">\n\t\t\t\t\t\t\t<div class=\"elementor-spacer\">\n\t\t\t<div class=\"elementor-spacer-inner\"><\/div>\n\t\t<\/div>\n\t\t\t\t\t\t<\/div>\n\t\t\t\t<\/div>\n\t\t\t\t<div class=\"elementor-element elementor-element-e652c4a elementor-button-align-start elementor-widget elementor-widget-form\" data-id=\"e652c4a\" data-element_type=\"widget\" data-e-type=\"widget\" data-settings=\"{&quot;step_next_label&quot;:&quot;N\\u00e4chster&quot;,&quot;step_previous_label&quot;:&quot;Voriger&quot;,&quot;button_width&quot;:&quot;100&quot;,&quot;step_type&quot;:&quot;number_text&quot;,&quot;step_icon_shape&quot;:&quot;circle&quot;}\" data-widget_type=\"form.default\">\n\t\t\t\t<div class=\"elementor-widget-container\">\n\t\t\t\t\t\t\t<form class=\"elementor-form\" method=\"post\" name=\"Neue Form\" aria-label=\"Neue Form\">\n\t\t\t<input type=\"hidden\" name=\"post_id\" value=\"4545\"\/>\n\t\t\t<input type=\"hidden\" name=\"form_id\" value=\"e652c4a\"\/>\n\t\t\t<input type=\"hidden\" name=\"referer_title\" value=\"Silvester Yoga Retreat auf Mallorca - Swiss Trail Camps\" \/>\n\n\t\t\t\t\t\t\t<input type=\"hidden\" name=\"queried_id\" value=\"4545\"\/>\n\t\t\t\n\t\t\t<div class=\"elementor-form-fields-wrapper elementor-labels-\">\n\t\t\t\t\t\t\t\t<div class=\"elementor-field-type-text elementor-field-group elementor-column elementor-field-group-name elementor-col-100\">\n\t\t\t\t\t\t\t\t\t\t\t\t<label for=\"form-field-name\" class=\"elementor-field-label elementor-screen-only\">\n\t\t\t\t\t\t\t\tName\t\t\t\t\t\t\t<\/label>\n\t\t\t\t\t\t\t\t\t\t\t\t\t\t<input size=\"1\" type=\"text\" name=\"form_fields[name]\" id=\"form-field-name\" class=\"elementor-field elementor-size-xs  elementor-field-textual\" placeholder=\"Name\">\n\t\t\t\t\t\t\t\t\t\t\t<\/div>\n\t\t\t\t\t\t\t\t<div class=\"elementor-field-type-email elementor-field-group elementor-column elementor-field-group-email elementor-col-100 elementor-field-required\">\n\t\t\t\t\t\t\t\t\t\t\t\t<label for=\"form-field-email\" class=\"elementor-field-label elementor-screen-only\">\n\t\t\t\t\t\t\t\tE-Mail\t\t\t\t\t\t\t<\/label>\n\t\t\t\t\t\t\t\t\t\t\t\t\t\t<input size=\"1\" type=\"email\" name=\"form_fields[email]\" id=\"form-field-email\" class=\"elementor-field elementor-size-xs  elementor-field-textual\" placeholder=\"E-Mail\" required=\"required\">\n\t\t\t\t\t\t\t\t\t\t\t<\/div>\n\t\t\t\t\t\t\t\t<div class=\"elementor-field-type-textarea elementor-field-group elementor-column elementor-field-group-message elementor-col-100\">\n\t\t\t\t\t\t\t\t\t\t\t\t<label for=\"form-field-message\" class=\"elementor-field-label elementor-screen-only\">\n\t\t\t\t\t\t\t\tNachricht\t\t\t\t\t\t\t<\/label>\n\t\t\t\t\t\t<textarea class=\"elementor-field-textual elementor-field  elementor-size-xs\" name=\"form_fields[message]\" id=\"form-field-message\" rows=\"4\" placeholder=\"Nachricht\"><\/textarea>\t\t\t\t<\/div>\n\t\t\t\t\t\t\t\t<div class=\"elementor-field-type-recaptcha elementor-field-group elementor-column elementor-field-group-field_8444eb8 elementor-col-100\">\n\t\t\t\t\t<div class=\"elementor-field\" id=\"form-field-field_8444eb8\"><div class=\"elementor-g-recaptcha\" data-sitekey=\"6Leohp8hAAAAAJ-m-JjKa4PuqcJj9FtUD3NC08b0\" data-type=\"v2_checkbox\" data-theme=\"light\" data-size=\"normal\"><\/div><\/div>\t\t\t\t<\/div>\n\t\t\t\t\t\t\t\t<div class=\"elementor-field-group elementor-column elementor-field-type-submit elementor-col-100 e-form__buttons\">\n\t\t\t\t\t<button class=\"elementor-button elementor-size-xs elementor-animation-grow\" type=\"submit\">\n\t\t\t\t\t\t<span class=\"elementor-button-content-wrapper\">\n\t\t\t\t\t\t\t\t\t\t\t\t\t\t\t\t\t\t\t\t\t\t<span class=\"elementor-button-text\">Nachricht senden<\/span>\n\t\t\t\t\t\t\t\t\t\t\t\t\t<\/span>\n\t\t\t\t\t<\/button>\n\t\t\t\t<\/div>\n\t\t\t<\/div>\n\t\t<\/form>\n\t\t\t\t\t\t<\/div>\n\t\t\t\t<\/div>\n\t\t\t\t\t<\/div>\n\t\t<\/div>\n\t\t\t\t\t<\/div>\n\t\t<\/section>\n\t\t\t\t<section class=\"elementor-section elementor-top-section elementor-element elementor-element-5cfcceb elementor-section-stretched elementor-hidden-desktop elementor-section-boxed elementor-section-height-default elementor-section-height-default\" data-id=\"5cfcceb\" data-element_type=\"section\" data-e-type=\"section\" data-settings=\"{&quot;stretch_section&quot;:&quot;section-stretched&quot;}\">\n\t\t\t\t\t\t<div class=\"elementor-container elementor-column-gap-default\">\n\t\t\t\t\t<div class=\"elementor-column elementor-col-100 elementor-top-column elementor-element elementor-element-0d38516\" data-id=\"0d38516\" data-element_type=\"column\" data-e-type=\"column\">\n\t\t\t<div class=\"elementor-widget-wrap elementor-element-populated\">\n\t\t\t\t\t\t<div class=\"elementor-element elementor-element-7c4df85 elementor-widget elementor-widget-menu-anchor\" data-id=\"7c4df85\" data-element_type=\"widget\" data-e-type=\"widget\" data-widget_type=\"menu-anchor.default\">\n\t\t\t\t<div class=\"elementor-widget-container\">\n\t\t\t\t\t\t\t<div class=\"elementor-menu-anchor\" id=\"kontakt\"><\/div>\n\t\t\t\t\t\t<\/div>\n\t\t\t\t<\/div>\n\t\t\t\t<div class=\"elementor-element elementor-element-151984c elementor-widget elementor-widget-image\" data-id=\"151984c\" data-element_type=\"widget\" data-e-type=\"widget\" data-widget_type=\"image.default\">\n\t\t\t\t<div class=\"elementor-widget-container\">\n\t\t\t\t\t\t\t\t\t\t\t\t\t\t\t<img loading=\"lazy\" decoding=\"async\" width=\"150\" height=\"150\" src=\"https:\/\/swisstrailcamps.ch\/wp-content\/uploads\/2022\/09\/C-8-150x150.png\" class=\"attachment-thumbnail size-thumbnail wp-image-1651\" alt=\"Swiss Trail Camps\" srcset=\"https:\/\/swisstrailcamps.ch\/wp-content\/uploads\/2022\/09\/C-8-150x150.png 150w, https:\/\/swisstrailcamps.ch\/wp-content\/uploads\/2022\/09\/C-8-100x100.png 100w, https:\/\/swisstrailcamps.ch\/wp-content\/uploads\/2022\/09\/C-8.png 250w\" sizes=\"(max-width: 150px) 100vw, 150px\" \/>\t\t\t\t\t\t\t\t\t\t\t\t\t\t\t<\/div>\n\t\t\t\t<\/div>\n\t\t\t\t<div class=\"elementor-element elementor-element-b5312db elementor-widget elementor-widget-heading\" data-id=\"b5312db\" data-element_type=\"widget\" data-e-type=\"widget\" data-widget_type=\"heading.default\">\n\t\t\t\t<div class=\"elementor-widget-container\">\n\t\t\t\t\t<h2 class=\"elementor-heading-title elementor-size-default\">Kontakt aufnehmen<\/h2>\t\t\t\t<\/div>\n\t\t\t\t<\/div>\n\t\t\t\t<div class=\"elementor-element elementor-element-94893e6 elementor-widget elementor-widget-spacer\" data-id=\"94893e6\" data-element_type=\"widget\" data-e-type=\"widget\" data-widget_type=\"spacer.default\">\n\t\t\t\t<div class=\"elementor-widget-container\">\n\t\t\t\t\t\t\t<div class=\"elementor-spacer\">\n\t\t\t<div class=\"elementor-spacer-inner\"><\/div>\n\t\t<\/div>\n\t\t\t\t\t\t<\/div>\n\t\t\t\t<\/div>\n\t\t\t\t<div class=\"elementor-element elementor-element-142b4c6 elementor-button-align-start elementor-widget elementor-widget-form\" data-id=\"142b4c6\" data-element_type=\"widget\" data-e-type=\"widget\" data-settings=\"{&quot;step_next_label&quot;:&quot;N\\u00e4chster&quot;,&quot;step_previous_label&quot;:&quot;Voriger&quot;,&quot;button_width&quot;:&quot;100&quot;,&quot;step_type&quot;:&quot;number_text&quot;,&quot;step_icon_shape&quot;:&quot;circle&quot;}\" data-widget_type=\"form.default\">\n\t\t\t\t<div class=\"elementor-widget-container\">\n\t\t\t\t\t\t\t<form class=\"elementor-form\" method=\"post\" name=\"Neue Form\" aria-label=\"Neue Form\">\n\t\t\t<input type=\"hidden\" name=\"post_id\" value=\"4545\"\/>\n\t\t\t<input type=\"hidden\" name=\"form_id\" value=\"142b4c6\"\/>\n\t\t\t<input type=\"hidden\" name=\"referer_title\" value=\"Silvester Yoga Retreat auf Mallorca - Swiss Trail Camps\" \/>\n\n\t\t\t\t\t\t\t<input type=\"hidden\" name=\"queried_id\" value=\"4545\"\/>\n\t\t\t\n\t\t\t<div class=\"elementor-form-fields-wrapper elementor-labels-\">\n\t\t\t\t\t\t\t\t<div class=\"elementor-field-type-text elementor-field-group elementor-column elementor-field-group-name elementor-col-100\">\n\t\t\t\t\t\t\t\t\t\t\t\t<label for=\"form-field-name\" class=\"elementor-field-label elementor-screen-only\">\n\t\t\t\t\t\t\t\tName\t\t\t\t\t\t\t<\/label>\n\t\t\t\t\t\t\t\t\t\t\t\t\t\t<input size=\"1\" type=\"text\" name=\"form_fields[name]\" id=\"form-field-name\" class=\"elementor-field elementor-size-sm  elementor-field-textual\" placeholder=\"Name\">\n\t\t\t\t\t\t\t\t\t\t\t<\/div>\n\t\t\t\t\t\t\t\t<div class=\"elementor-field-type-email elementor-field-group elementor-column elementor-field-group-email elementor-col-100 elementor-field-required\">\n\t\t\t\t\t\t\t\t\t\t\t\t<label for=\"form-field-email\" class=\"elementor-field-label elementor-screen-only\">\n\t\t\t\t\t\t\t\tE-Mail\t\t\t\t\t\t\t<\/label>\n\t\t\t\t\t\t\t\t\t\t\t\t\t\t<input size=\"1\" type=\"email\" name=\"form_fields[email]\" id=\"form-field-email\" class=\"elementor-field elementor-size-sm  elementor-field-textual\" placeholder=\"E-Mail\" required=\"required\">\n\t\t\t\t\t\t\t\t\t\t\t<\/div>\n\t\t\t\t\t\t\t\t<div class=\"elementor-field-type-textarea elementor-field-group elementor-column elementor-field-group-message elementor-col-100\">\n\t\t\t\t\t\t\t\t\t\t\t\t<label for=\"form-field-message\" class=\"elementor-field-label elementor-screen-only\">\n\t\t\t\t\t\t\t\tNachricht\t\t\t\t\t\t\t<\/label>\n\t\t\t\t\t\t<textarea class=\"elementor-field-textual elementor-field  elementor-size-sm\" name=\"form_fields[message]\" id=\"form-field-message\" rows=\"4\" placeholder=\"Nachricht\"><\/textarea>\t\t\t\t<\/div>\n\t\t\t\t\t\t\t\t<div class=\"elementor-field-type-recaptcha elementor-field-group elementor-column elementor-field-group-field_8444eb8 elementor-col-100\">\n\t\t\t\t\t<div class=\"elementor-field\" id=\"form-field-field_8444eb8\"><div class=\"elementor-g-recaptcha\" data-sitekey=\"6Leohp8hAAAAAJ-m-JjKa4PuqcJj9FtUD3NC08b0\" data-type=\"v2_checkbox\" data-theme=\"light\" data-size=\"normal\"><\/div><\/div>\t\t\t\t<\/div>\n\t\t\t\t\t\t\t\t<div class=\"elementor-field-group elementor-column elementor-field-type-submit elementor-col-100 e-form__buttons\">\n\t\t\t\t\t<button class=\"elementor-button elementor-size-sm elementor-animation-grow\" type=\"submit\">\n\t\t\t\t\t\t<span class=\"elementor-button-content-wrapper\">\n\t\t\t\t\t\t\t\t\t\t\t\t\t\t\t\t\t\t\t\t\t\t<span class=\"elementor-button-text\">Nachricht senden<\/span>\n\t\t\t\t\t\t\t\t\t\t\t\t\t<\/span>\n\t\t\t\t\t<\/button>\n\t\t\t\t<\/div>\n\t\t\t<\/div>\n\t\t<\/form>\n\t\t\t\t\t\t<\/div>\n\t\t\t\t<\/div>\n\t\t\t\t\t<\/div>\n\t\t<\/div>\n\t\t\t\t\t<\/div>\n\t\t<\/section>\n\t\t\t\t<\/div>\n\t\t","protected":false},"excerpt":{"rendered":"<p>Neujahr Special Silvester Yoga Retreat auf Mallorca Mallorca Am Fusse des Serra de Tramuntana Gebirge Silvester 2023 5\/6 Tage auf Mallorca zum Jahreswechsel Gesund &amp; Vegan Halbpension (Vegane Optionen) Yoga Sessions Inklusive Yoga Sessions und Workshops Mallorca Trail Running Camp Mallorca Yoga Retreat im Winter 2023\/2024 Erwecke deine innere Kraft und lasse deinen K\u00f6rper in [&hellip;]<\/p>\n","protected":false},"author":1,"featured_media":2927,"parent":0,"menu_order":0,"comment_status":"closed","ping_status":"closed","template":"","meta":{"om_disable_all_campaigns":false,"_monsterinsights_skip_tracking":false,"_monsterinsights_sitenote_active":false,"_monsterinsights_sitenote_note":"","_monsterinsights_sitenote_category":0,"site-sidebar-layout":"no-sidebar","site-content-layout":"page-builder","ast-site-content-layout":"default","site-content-style":"default","site-sidebar-style":"default","ast-global-header-display":"","ast-banner-title-visibility":"","ast-main-header-display":"","ast-hfb-above-header-display":"","ast-hfb-below-header-display":"","ast-hfb-mobile-header-display":"","site-post-title":"disabled","ast-breadcrumbs-content":"","ast-featured-img":"disabled","footer-sml-layout":"","ast-disable-related-posts":"","theme-transparent-header-meta":"","adv-header-id-meta":"","stick-header-meta":"","header-above-stick-meta":"","header-main-stick-meta":"","header-below-stick-meta":"","astra-migrate-meta-layouts":"default","ast-page-background-enabled":"default","ast-page-background-meta":{"desktop":{"background-color":"var(--ast-global-color-4)","background-image":"","background-repeat":"repeat","background-position":"center center","background-size":"auto","background-attachment":"scroll","background-type":"","background-media":"","overlay-type":"","overlay-color":"","overlay-opacity":"","overlay-gradient":""},"tablet":{"background-color":"","background-image":"","background-repeat":"repeat","background-position":"center center","background-size":"auto","background-attachment":"scroll","background-type":"","background-media":"","overlay-type":"","overlay-color":"","overlay-opacity":"","overlay-gradient":""},"mobile":{"background-color":"","background-image":"","background-repeat":"repeat","background-position":"center center","background-size":"auto","background-attachment":"scroll","background-type":"","background-media":"","overlay-type":"","overlay-color":"","overlay-opacity":"","overlay-gradient":""}},"ast-content-background-meta":{"desktop":{"background-color":"var(--ast-global-color-5)","background-image":"","background-repeat":"repeat","background-position":"center center","background-size":"auto","background-attachment":"scroll","background-type":"","background-media":"","overlay-type":"","overlay-color":"","overlay-opacity":"","overlay-gradient":""},"tablet":{"background-color":"var(--ast-global-color-5)","background-image":"","background-repeat":"repeat","background-position":"center center","background-size":"auto","background-attachment":"scroll","background-type":"","background-media":"","overlay-type":"","overlay-color":"","overlay-opacity":"","overlay-gradient":""},"mobile":{"background-color":"var(--ast-global-color-5)","background-image":"","background-repeat":"repeat","background-position":"center center","background-size":"auto","background-attachment":"scroll","background-type":"","background-media":"","overlay-type":"","overlay-color":"","overlay-opacity":"","overlay-gradient":""}},"footnotes":""},"class_list":["post-4545","page","type-page","status-publish","has-post-thumbnail","hentry"],"yoast_head":"<!-- This site is optimized with the Yoast SEO plugin v27.5 - https:\/\/yoast.com\/product\/yoast-seo-wordpress\/ -->\n<title>Silvester Yoga Retreat auf Mallorca - Swiss Trail Camps<\/title>\n<meta name=\"description\" content=\"Hast du noch keine Pl\u00e4ne f\u00fcr Silvester? Perfekt! Dann begleite uns nach Mallorca f\u00fcr unser Silvester Yoga Retreat. Erfahre mehr.\" \/>\n<meta name=\"robots\" content=\"index, follow, max-snippet:-1, max-image-preview:large, max-video-preview:-1\" \/>\n<link rel=\"canonical\" href=\"https:\/\/swisstrailcamps.ch\/de\/silvester-yoga-retreat-auf-mallorca\/\" \/>\n<meta property=\"og:locale\" content=\"de_DE\" \/>\n<meta property=\"og:type\" content=\"article\" \/>\n<meta property=\"og:title\" content=\"Silvester Yoga Retreat auf Mallorca - Swiss Trail Camps\" \/>\n<meta property=\"og:description\" content=\"Hast du noch keine Pl\u00e4ne f\u00fcr Silvester? Perfekt! Dann begleite uns nach Mallorca f\u00fcr unser Silvester Yoga Retreat. Erfahre mehr.\" \/>\n<meta property=\"og:url\" content=\"https:\/\/swisstrailcamps.ch\/de\/silvester-yoga-retreat-auf-mallorca\/\" \/>\n<meta property=\"og:site_name\" content=\"Swiss Trail Camps\" \/>\n<meta property=\"article:modified_time\" content=\"2023-09-24T17:48:31+00:00\" \/>\n<meta property=\"og:image\" content=\"https:\/\/swisstrailcamps.ch\/wp-content\/uploads\/2022\/09\/C-8.png\" \/>\n\t<meta property=\"og:image:width\" content=\"250\" \/>\n\t<meta property=\"og:image:height\" content=\"250\" \/>\n\t<meta property=\"og:image:type\" content=\"image\/png\" \/>\n<meta name=\"twitter:card\" content=\"summary_large_image\" \/>\n<meta name=\"twitter:label1\" content=\"Gesch\u00e4tzte Lesezeit\" \/>\n\t<meta name=\"twitter:data1\" content=\"9\u00a0Minuten\" \/>\n<script type=\"application\/ld+json\" class=\"yoast-schema-graph\">{\"@context\":\"https:\\\/\\\/schema.org\",\"@graph\":[{\"@type\":\"WebPage\",\"@id\":\"https:\\\/\\\/swisstrailcamps.ch\\\/de\\\/silvester-yoga-retreat-auf-mallorca\\\/\",\"url\":\"https:\\\/\\\/swisstrailcamps.ch\\\/de\\\/silvester-yoga-retreat-auf-mallorca\\\/\",\"name\":\"Silvester Yoga Retreat auf Mallorca - Swiss Trail Camps\",\"isPartOf\":{\"@id\":\"https:\\\/\\\/swisstrailcamps.ch\\\/de\\\/#website\"},\"primaryImageOfPage\":{\"@id\":\"https:\\\/\\\/swisstrailcamps.ch\\\/de\\\/silvester-yoga-retreat-auf-mallorca\\\/#primaryimage\"},\"image\":{\"@id\":\"https:\\\/\\\/swisstrailcamps.ch\\\/de\\\/silvester-yoga-retreat-auf-mallorca\\\/#primaryimage\"},\"thumbnailUrl\":\"https:\\\/\\\/swisstrailcamps.ch\\\/wp-content\\\/uploads\\\/2022\\\/09\\\/C-8.png\",\"datePublished\":\"2023-05-06T07:08:50+00:00\",\"dateModified\":\"2023-09-24T17:48:31+00:00\",\"description\":\"Hast du noch keine Pl\u00e4ne f\u00fcr Silvester? Perfekt! Dann begleite uns nach Mallorca f\u00fcr unser Silvester Yoga Retreat. Erfahre mehr.\",\"breadcrumb\":{\"@id\":\"https:\\\/\\\/swisstrailcamps.ch\\\/de\\\/silvester-yoga-retreat-auf-mallorca\\\/#breadcrumb\"},\"inLanguage\":\"de\",\"potentialAction\":[{\"@type\":\"ReadAction\",\"target\":[\"https:\\\/\\\/swisstrailcamps.ch\\\/de\\\/silvester-yoga-retreat-auf-mallorca\\\/\"]}]},{\"@type\":\"ImageObject\",\"inLanguage\":\"de\",\"@id\":\"https:\\\/\\\/swisstrailcamps.ch\\\/de\\\/silvester-yoga-retreat-auf-mallorca\\\/#primaryimage\",\"url\":\"https:\\\/\\\/swisstrailcamps.ch\\\/wp-content\\\/uploads\\\/2022\\\/09\\\/C-8.png\",\"contentUrl\":\"https:\\\/\\\/swisstrailcamps.ch\\\/wp-content\\\/uploads\\\/2022\\\/09\\\/C-8.png\",\"width\":250,\"height\":250},{\"@type\":\"BreadcrumbList\",\"@id\":\"https:\\\/\\\/swisstrailcamps.ch\\\/de\\\/silvester-yoga-retreat-auf-mallorca\\\/#breadcrumb\",\"itemListElement\":[{\"@type\":\"ListItem\",\"position\":1,\"name\":\"Home\",\"item\":\"https:\\\/\\\/swisstrailcamps.ch\\\/de\\\/\"},{\"@type\":\"ListItem\",\"position\":2,\"name\":\"Silvester Yoga Retreat auf Mallorca\"}]},{\"@type\":\"WebSite\",\"@id\":\"https:\\\/\\\/swisstrailcamps.ch\\\/de\\\/#website\",\"url\":\"https:\\\/\\\/swisstrailcamps.ch\\\/de\\\/\",\"name\":\"Swiss Trail Camps\",\"description\":\"Trail Running Camps in Switzerland\",\"publisher\":{\"@id\":\"https:\\\/\\\/swisstrailcamps.ch\\\/de\\\/#organization\"},\"potentialAction\":[{\"@type\":\"SearchAction\",\"target\":{\"@type\":\"EntryPoint\",\"urlTemplate\":\"https:\\\/\\\/swisstrailcamps.ch\\\/de\\\/?s={search_term_string}\"},\"query-input\":{\"@type\":\"PropertyValueSpecification\",\"valueRequired\":true,\"valueName\":\"search_term_string\"}}],\"inLanguage\":\"de\"},{\"@type\":\"Organization\",\"@id\":\"https:\\\/\\\/swisstrailcamps.ch\\\/de\\\/#organization\",\"name\":\"Swiss Trail Camps\",\"url\":\"https:\\\/\\\/swisstrailcamps.ch\\\/de\\\/\",\"logo\":{\"@type\":\"ImageObject\",\"inLanguage\":\"de\",\"@id\":\"https:\\\/\\\/swisstrailcamps.ch\\\/de\\\/#\\\/schema\\\/logo\\\/image\\\/\",\"url\":\"https:\\\/\\\/swisstrailcamps.ch\\\/wp-content\\\/uploads\\\/2022\\\/09\\\/C-8.png\",\"contentUrl\":\"https:\\\/\\\/swisstrailcamps.ch\\\/wp-content\\\/uploads\\\/2022\\\/09\\\/C-8.png\",\"width\":250,\"height\":250,\"caption\":\"Swiss Trail Camps\"},\"image\":{\"@id\":\"https:\\\/\\\/swisstrailcamps.ch\\\/de\\\/#\\\/schema\\\/logo\\\/image\\\/\"},\"sameAs\":[\"https:\\\/\\\/www.instagram.com\\\/lilli.bit.everywhere\\\/\"]}]}<\/script>\n<!-- \/ Yoast SEO plugin. -->","yoast_head_json":{"title":"Silvester Yoga Retreat auf Mallorca - Swiss Trail Camps","description":"Hast du noch keine Pl\u00e4ne f\u00fcr Silvester? Perfekt! Dann begleite uns nach Mallorca f\u00fcr unser Silvester Yoga Retreat. Erfahre mehr.","robots":{"index":"index","follow":"follow","max-snippet":"max-snippet:-1","max-image-preview":"max-image-preview:large","max-video-preview":"max-video-preview:-1"},"canonical":"https:\/\/swisstrailcamps.ch\/de\/silvester-yoga-retreat-auf-mallorca\/","og_locale":"de_DE","og_type":"article","og_title":"Silvester Yoga Retreat auf Mallorca - Swiss Trail Camps","og_description":"Hast du noch keine Pl\u00e4ne f\u00fcr Silvester? Perfekt! Dann begleite uns nach Mallorca f\u00fcr unser Silvester Yoga Retreat. Erfahre mehr.","og_url":"https:\/\/swisstrailcamps.ch\/de\/silvester-yoga-retreat-auf-mallorca\/","og_site_name":"Swiss Trail Camps","article_modified_time":"2023-09-24T17:48:31+00:00","og_image":[{"width":250,"height":250,"url":"https:\/\/swisstrailcamps.ch\/wp-content\/uploads\/2022\/09\/C-8.png","type":"image\/png"}],"twitter_card":"summary_large_image","twitter_misc":{"Gesch\u00e4tzte Lesezeit":"9\u00a0Minuten"},"schema":{"@context":"https:\/\/schema.org","@graph":[{"@type":"WebPage","@id":"https:\/\/swisstrailcamps.ch\/de\/silvester-yoga-retreat-auf-mallorca\/","url":"https:\/\/swisstrailcamps.ch\/de\/silvester-yoga-retreat-auf-mallorca\/","name":"Silvester Yoga Retreat auf Mallorca - Swiss Trail Camps","isPartOf":{"@id":"https:\/\/swisstrailcamps.ch\/de\/#website"},"primaryImageOfPage":{"@id":"https:\/\/swisstrailcamps.ch\/de\/silvester-yoga-retreat-auf-mallorca\/#primaryimage"},"image":{"@id":"https:\/\/swisstrailcamps.ch\/de\/silvester-yoga-retreat-auf-mallorca\/#primaryimage"},"thumbnailUrl":"https:\/\/swisstrailcamps.ch\/wp-content\/uploads\/2022\/09\/C-8.png","datePublished":"2023-05-06T07:08:50+00:00","dateModified":"2023-09-24T17:48:31+00:00","description":"Hast du noch keine Pl\u00e4ne f\u00fcr Silvester? Perfekt! Dann begleite uns nach Mallorca f\u00fcr unser Silvester Yoga Retreat. Erfahre mehr.","breadcrumb":{"@id":"https:\/\/swisstrailcamps.ch\/de\/silvester-yoga-retreat-auf-mallorca\/#breadcrumb"},"inLanguage":"de","potentialAction":[{"@type":"ReadAction","target":["https:\/\/swisstrailcamps.ch\/de\/silvester-yoga-retreat-auf-mallorca\/"]}]},{"@type":"ImageObject","inLanguage":"de","@id":"https:\/\/swisstrailcamps.ch\/de\/silvester-yoga-retreat-auf-mallorca\/#primaryimage","url":"https:\/\/swisstrailcamps.ch\/wp-content\/uploads\/2022\/09\/C-8.png","contentUrl":"https:\/\/swisstrailcamps.ch\/wp-content\/uploads\/2022\/09\/C-8.png","width":250,"height":250},{"@type":"BreadcrumbList","@id":"https:\/\/swisstrailcamps.ch\/de\/silvester-yoga-retreat-auf-mallorca\/#breadcrumb","itemListElement":[{"@type":"ListItem","position":1,"name":"Home","item":"https:\/\/swisstrailcamps.ch\/de\/"},{"@type":"ListItem","position":2,"name":"Silvester Yoga Retreat auf Mallorca"}]},{"@type":"WebSite","@id":"https:\/\/swisstrailcamps.ch\/de\/#website","url":"https:\/\/swisstrailcamps.ch\/de\/","name":"Swiss Trail Camps","description":"Trail Running Camps in Switzerland","publisher":{"@id":"https:\/\/swisstrailcamps.ch\/de\/#organization"},"potentialAction":[{"@type":"SearchAction","target":{"@type":"EntryPoint","urlTemplate":"https:\/\/swisstrailcamps.ch\/de\/?s={search_term_string}"},"query-input":{"@type":"PropertyValueSpecification","valueRequired":true,"valueName":"search_term_string"}}],"inLanguage":"de"},{"@type":"Organization","@id":"https:\/\/swisstrailcamps.ch\/de\/#organization","name":"Swiss Trail Camps","url":"https:\/\/swisstrailcamps.ch\/de\/","logo":{"@type":"ImageObject","inLanguage":"de","@id":"https:\/\/swisstrailcamps.ch\/de\/#\/schema\/logo\/image\/","url":"https:\/\/swisstrailcamps.ch\/wp-content\/uploads\/2022\/09\/C-8.png","contentUrl":"https:\/\/swisstrailcamps.ch\/wp-content\/uploads\/2022\/09\/C-8.png","width":250,"height":250,"caption":"Swiss Trail Camps"},"image":{"@id":"https:\/\/swisstrailcamps.ch\/de\/#\/schema\/logo\/image\/"},"sameAs":["https:\/\/www.instagram.com\/lilli.bit.everywhere\/"]}]}},"_links":{"self":[{"href":"https:\/\/swisstrailcamps.ch\/de\/wp-json\/wp\/v2\/pages\/4545","targetHints":{"allow":["GET"]}}],"collection":[{"href":"https:\/\/swisstrailcamps.ch\/de\/wp-json\/wp\/v2\/pages"}],"about":[{"href":"https:\/\/swisstrailcamps.ch\/de\/wp-json\/wp\/v2\/types\/page"}],"author":[{"embeddable":true,"href":"https:\/\/swisstrailcamps.ch\/de\/wp-json\/wp\/v2\/users\/1"}],"replies":[{"embeddable":true,"href":"https:\/\/swisstrailcamps.ch\/de\/wp-json\/wp\/v2\/comments?post=4545"}],"version-history":[{"count":59,"href":"https:\/\/swisstrailcamps.ch\/de\/wp-json\/wp\/v2\/pages\/4545\/revisions"}],"predecessor-version":[{"id":6200,"href":"https:\/\/swisstrailcamps.ch\/de\/wp-json\/wp\/v2\/pages\/4545\/revisions\/6200"}],"wp:featuredmedia":[{"embeddable":true,"href":"https:\/\/swisstrailcamps.ch\/de\/wp-json\/wp\/v2\/media\/2927"}],"wp:attachment":[{"href":"https:\/\/swisstrailcamps.ch\/de\/wp-json\/wp\/v2\/media?parent=4545"}],"curies":[{"name":"wp","href":"https:\/\/api.w.org\/{rel}","templated":true}]}}