{"id":4440,"date":"2023-05-05T19:22:38","date_gmt":"2023-05-05T18:22:38","guid":{"rendered":"https:\/\/swisstrailcamps.ch\/?page_id=4440"},"modified":"2023-09-24T18:47:53","modified_gmt":"2023-09-24T17:47:53","slug":"silvester-mallorca-trailrunning-camp","status":"publish","type":"page","link":"https:\/\/swisstrailcamps.ch\/de\/silvester-mallorca-trailrunning-camp\/","title":{"rendered":"Silvester Trailrunning Camp auf Mallorca"},"content":{"rendered":"\t\t<div data-elementor-type=\"wp-page\" data-elementor-id=\"4440\" class=\"elementor elementor-4440\" data-elementor-post-type=\"page\">\n\t\t\t\t\t\t<section class=\"elementor-section elementor-top-section elementor-element elementor-element-8cc7bf8 elementor-section-full_width elementor-section-stretched elementor-section-height-default elementor-section-height-default\" data-id=\"8cc7bf8\" data-element_type=\"section\" data-e-type=\"section\" data-settings=\"{&quot;stretch_section&quot;:&quot;section-stretched&quot;}\">\n\t\t\t\t\t\t\t<div class=\"elementor-background-overlay\"><\/div>\n\t\t\t\t\t\t\t<div class=\"elementor-container elementor-column-gap-default\">\n\t\t\t\t\t<div class=\"elementor-column elementor-col-100 elementor-top-column elementor-element elementor-element-a3a7d67\" data-id=\"a3a7d67\" data-element_type=\"column\" data-e-type=\"column\">\n\t\t\t<div class=\"elementor-widget-wrap elementor-element-populated\">\n\t\t\t\t\t\t<div class=\"elementor-element elementor-element-e79e419 elementor-widget elementor-widget-spacer\" data-id=\"e79e419\" data-element_type=\"widget\" data-e-type=\"widget\" data-widget_type=\"spacer.default\">\n\t\t\t\t<div class=\"elementor-widget-container\">\n\t\t\t\t\t\t\t<div class=\"elementor-spacer\">\n\t\t\t<div class=\"elementor-spacer-inner\"><\/div>\n\t\t<\/div>\n\t\t\t\t\t\t<\/div>\n\t\t\t\t<\/div>\n\t\t\t\t<div class=\"elementor-element elementor-element-a3bb03c elementor-widget elementor-widget-spacer\" data-id=\"a3bb03c\" data-element_type=\"widget\" data-e-type=\"widget\" data-widget_type=\"spacer.default\">\n\t\t\t\t<div class=\"elementor-widget-container\">\n\t\t\t\t\t\t\t<div class=\"elementor-spacer\">\n\t\t\t<div class=\"elementor-spacer-inner\"><\/div>\n\t\t<\/div>\n\t\t\t\t\t\t<\/div>\n\t\t\t\t<\/div>\n\t\t\t\t<div class=\"elementor-element elementor-element-64f4fbf elementor-widget elementor-widget-heading\" data-id=\"64f4fbf\" data-element_type=\"widget\" data-e-type=\"widget\" data-widget_type=\"heading.default\">\n\t\t\t\t<div class=\"elementor-widget-container\">\n\t\t\t\t\t<h5 class=\"elementor-heading-title elementor-size-default\">Neujahr Special<\/h5>\t\t\t\t<\/div>\n\t\t\t\t<\/div>\n\t\t\t\t<div class=\"elementor-element elementor-element-25c810c elementor-widget elementor-widget-heading\" data-id=\"25c810c\" data-element_type=\"widget\" data-e-type=\"widget\" data-widget_type=\"heading.default\">\n\t\t\t\t<div class=\"elementor-widget-container\">\n\t\t\t\t\t<h2 class=\"elementor-heading-title elementor-size-default\">Silvester Trailrunning Camp auf Mallorca<\/h2>\t\t\t\t<\/div>\n\t\t\t\t<\/div>\n\t\t\t\t<div class=\"elementor-element elementor-element-47591b8 elementor-widget elementor-widget-spacer\" data-id=\"47591b8\" data-element_type=\"widget\" data-e-type=\"widget\" data-widget_type=\"spacer.default\">\n\t\t\t\t<div class=\"elementor-widget-container\">\n\t\t\t\t\t\t\t<div class=\"elementor-spacer\">\n\t\t\t<div class=\"elementor-spacer-inner\"><\/div>\n\t\t<\/div>\n\t\t\t\t\t\t<\/div>\n\t\t\t\t<\/div>\n\t\t\t\t<section class=\"elementor-section elementor-inner-section elementor-element elementor-element-42e7644 elementor-section-full_width elementor-section-height-default elementor-section-height-default\" data-id=\"42e7644\" data-element_type=\"section\" data-e-type=\"section\">\n\t\t\t\t\t\t<div class=\"elementor-container elementor-column-gap-no\">\n\t\t\t\t\t<div class=\"elementor-column elementor-col-25 elementor-inner-column elementor-element elementor-element-93fdc72\" data-id=\"93fdc72\" data-element_type=\"column\" data-e-type=\"column\">\n\t\t\t<div class=\"elementor-widget-wrap elementor-element-populated\">\n\t\t\t\t\t\t<div class=\"elementor-element elementor-element-c3c9a62 elementor-position-top elementor-widget elementor-widget-image-box\" data-id=\"c3c9a62\" data-element_type=\"widget\" data-e-type=\"widget\" data-widget_type=\"image-box.default\">\n\t\t\t\t<div class=\"elementor-widget-container\">\n\t\t\t\t\t<div class=\"elementor-image-box-wrapper\"><figure class=\"elementor-image-box-img\"><img fetchpriority=\"high\" decoding=\"async\" width=\"256\" height=\"256\" src=\"https:\/\/swisstrailcamps.ch\/wp-content\/uploads\/2023\/05\/resort-1.png\" class=\"attachment-full size-full wp-image-4468\" alt=\"\" srcset=\"https:\/\/swisstrailcamps.ch\/wp-content\/uploads\/2023\/05\/resort-1.png 256w, https:\/\/swisstrailcamps.ch\/wp-content\/uploads\/2023\/05\/resort-1-150x150.png 150w, https:\/\/swisstrailcamps.ch\/wp-content\/uploads\/2023\/05\/resort-1-100x100.png 100w\" sizes=\"(max-width: 256px) 100vw, 256px\" \/><\/figure><div class=\"elementor-image-box-content\"><h3 class=\"elementor-image-box-title\">Mallorca<\/h3><p class=\"elementor-image-box-description\">Am Fusse des Traumantra Gebirge<\/p><\/div><\/div>\t\t\t\t<\/div>\n\t\t\t\t<\/div>\n\t\t\t\t\t<\/div>\n\t\t<\/div>\n\t\t\t\t<div class=\"elementor-column elementor-col-25 elementor-inner-column elementor-element elementor-element-1bc9466\" data-id=\"1bc9466\" data-element_type=\"column\" data-e-type=\"column\">\n\t\t\t<div class=\"elementor-widget-wrap elementor-element-populated\">\n\t\t\t\t\t\t<div class=\"elementor-element elementor-element-e4cdcbd elementor-position-top elementor-widget elementor-widget-image-box\" data-id=\"e4cdcbd\" data-element_type=\"widget\" data-e-type=\"widget\" data-widget_type=\"image-box.default\">\n\t\t\t\t<div class=\"elementor-widget-container\">\n\t\t\t\t\t<div class=\"elementor-image-box-wrapper\"><figure class=\"elementor-image-box-img\"><img decoding=\"async\" width=\"512\" height=\"512\" src=\"https:\/\/swisstrailcamps.ch\/wp-content\/uploads\/2022\/09\/calendar-1.png\" class=\"attachment-full size-full wp-image-1501\" alt=\"Weekend Trail Running Camp\" srcset=\"https:\/\/swisstrailcamps.ch\/wp-content\/uploads\/2022\/09\/calendar-1.png 512w, https:\/\/swisstrailcamps.ch\/wp-content\/uploads\/2022\/09\/calendar-1-300x300.png 300w, https:\/\/swisstrailcamps.ch\/wp-content\/uploads\/2022\/09\/calendar-1-150x150.png 150w, https:\/\/swisstrailcamps.ch\/wp-content\/uploads\/2022\/09\/calendar-1-100x100.png 100w\" sizes=\"(max-width: 512px) 100vw, 512px\" \/><\/figure><div class=\"elementor-image-box-content\"><h3 class=\"elementor-image-box-title\">Silvester 2023<\/h3><p class=\"elementor-image-box-description\">5\/6 Tage auf Mallorca zum Jahreswechsel<\/p><\/div><\/div>\t\t\t\t<\/div>\n\t\t\t\t<\/div>\n\t\t\t\t\t<\/div>\n\t\t<\/div>\n\t\t\t\t<div class=\"elementor-column elementor-col-25 elementor-inner-column elementor-element elementor-element-3d88a2d\" data-id=\"3d88a2d\" data-element_type=\"column\" data-e-type=\"column\">\n\t\t\t<div class=\"elementor-widget-wrap elementor-element-populated\">\n\t\t\t\t\t\t<div class=\"elementor-element elementor-element-17039dd elementor-position-top elementor-widget elementor-widget-image-box\" data-id=\"17039dd\" data-element_type=\"widget\" data-e-type=\"widget\" data-widget_type=\"image-box.default\">\n\t\t\t\t<div class=\"elementor-widget-container\">\n\t\t\t\t\t<div class=\"elementor-image-box-wrapper\"><figure class=\"elementor-image-box-img\"><img decoding=\"async\" width=\"512\" height=\"512\" src=\"https:\/\/swisstrailcamps.ch\/wp-content\/uploads\/2022\/09\/apple-7.png\" class=\"attachment-full size-full wp-image-1502\" alt=\"Trail Running Camp Nutrition\" srcset=\"https:\/\/swisstrailcamps.ch\/wp-content\/uploads\/2022\/09\/apple-7.png 512w, https:\/\/swisstrailcamps.ch\/wp-content\/uploads\/2022\/09\/apple-7-300x300.png 300w, https:\/\/swisstrailcamps.ch\/wp-content\/uploads\/2022\/09\/apple-7-150x150.png 150w, https:\/\/swisstrailcamps.ch\/wp-content\/uploads\/2022\/09\/apple-7-100x100.png 100w\" sizes=\"(max-width: 512px) 100vw, 512px\" \/><\/figure><div class=\"elementor-image-box-content\"><h3 class=\"elementor-image-box-title\">Gesund &amp; Vegan<\/h3><p class=\"elementor-image-box-description\">Halbpension (Vegane Optionen)<\/p><\/div><\/div>\t\t\t\t<\/div>\n\t\t\t\t<\/div>\n\t\t\t\t\t<\/div>\n\t\t<\/div>\n\t\t\t\t<div class=\"elementor-column elementor-col-25 elementor-inner-column elementor-element elementor-element-6aab732\" data-id=\"6aab732\" data-element_type=\"column\" data-e-type=\"column\">\n\t\t\t<div class=\"elementor-widget-wrap elementor-element-populated\">\n\t\t\t\t\t\t<div class=\"elementor-element elementor-element-9594723 elementor-position-top elementor-widget elementor-widget-image-box\" data-id=\"9594723\" data-element_type=\"widget\" data-e-type=\"widget\" data-widget_type=\"image-box.default\">\n\t\t\t\t<div class=\"elementor-widget-container\">\n\t\t\t\t\t<div class=\"elementor-image-box-wrapper\"><figure class=\"elementor-image-box-img\"><img loading=\"lazy\" decoding=\"async\" width=\"128\" height=\"128\" src=\"https:\/\/swisstrailcamps.ch\/wp-content\/uploads\/2022\/11\/mat-1.png\" class=\"attachment-full size-full wp-image-3685\" alt=\"\" srcset=\"https:\/\/swisstrailcamps.ch\/wp-content\/uploads\/2022\/11\/mat-1.png 128w, https:\/\/swisstrailcamps.ch\/wp-content\/uploads\/2022\/11\/mat-1-100x100.png 100w\" sizes=\"(max-width: 128px) 100vw, 128px\" \/><\/figure><div class=\"elementor-image-box-content\"><h3 class=\"elementor-image-box-title\">Yoga Sessions<\/h3><p class=\"elementor-image-box-description\">Inklusive Yoga Sessions und Workshops<\/p><\/div><\/div>\t\t\t\t<\/div>\n\t\t\t\t<\/div>\n\t\t\t\t\t<\/div>\n\t\t<\/div>\n\t\t\t\t\t<\/div>\n\t\t<\/section>\n\t\t\t\t<div class=\"elementor-element elementor-element-208495b elementor-widget elementor-widget-spacer\" data-id=\"208495b\" data-element_type=\"widget\" data-e-type=\"widget\" data-widget_type=\"spacer.default\">\n\t\t\t\t<div class=\"elementor-widget-container\">\n\t\t\t\t\t\t\t<div class=\"elementor-spacer\">\n\t\t\t<div class=\"elementor-spacer-inner\"><\/div>\n\t\t<\/div>\n\t\t\t\t\t\t<\/div>\n\t\t\t\t<\/div>\n\t\t\t\t\t<\/div>\n\t\t<\/div>\n\t\t\t\t\t<\/div>\n\t\t<\/section>\n\t\t\t\t<section class=\"elementor-section elementor-top-section elementor-element elementor-element-f989420 elementor-section-boxed elementor-section-height-default elementor-section-height-default\" data-id=\"f989420\" data-element_type=\"section\" data-e-type=\"section\" data-settings=\"{&quot;background_background&quot;:&quot;classic&quot;}\">\n\t\t\t\t\t\t<div class=\"elementor-container elementor-column-gap-default\">\n\t\t\t\t\t<div class=\"elementor-column elementor-col-100 elementor-top-column elementor-element elementor-element-e798ac8\" data-id=\"e798ac8\" data-element_type=\"column\" data-e-type=\"column\">\n\t\t\t<div class=\"elementor-widget-wrap elementor-element-populated\">\n\t\t\t\t\t\t<div class=\"elementor-element elementor-element-4b4aed0 elementor-widget elementor-widget-spacer\" data-id=\"4b4aed0\" data-element_type=\"widget\" data-e-type=\"widget\" data-widget_type=\"spacer.default\">\n\t\t\t\t<div class=\"elementor-widget-container\">\n\t\t\t\t\t\t\t<div class=\"elementor-spacer\">\n\t\t\t<div class=\"elementor-spacer-inner\"><\/div>\n\t\t<\/div>\n\t\t\t\t\t\t<\/div>\n\t\t\t\t<\/div>\n\t\t\t\t<div class=\"elementor-element elementor-element-565bba6 elementor-widget elementor-widget-heading\" data-id=\"565bba6\" data-element_type=\"widget\" data-e-type=\"widget\" data-widget_type=\"heading.default\">\n\t\t\t\t<div class=\"elementor-widget-container\">\n\t\t\t\t\t<h5 class=\"elementor-heading-title elementor-size-default\">Mallorca Trailrunning Camp<\/h5>\t\t\t\t<\/div>\n\t\t\t\t<\/div>\n\t\t\t\t<div class=\"elementor-element elementor-element-5ae752d elementor-widget elementor-widget-heading\" data-id=\"5ae752d\" data-element_type=\"widget\" data-e-type=\"widget\" data-widget_type=\"heading.default\">\n\t\t\t\t<div class=\"elementor-widget-container\">\n\t\t\t\t\t<h2 class=\"elementor-heading-title elementor-size-default\">Mallorca Trailrunning Camp im Winter 2023\/2024<\/h2>\t\t\t\t<\/div>\n\t\t\t\t<\/div>\n\t\t\t\t<div class=\"elementor-element elementor-element-ffb9c1e elementor-widget elementor-widget-text-editor\" data-id=\"ffb9c1e\" data-element_type=\"widget\" data-e-type=\"widget\" data-widget_type=\"text-editor.default\">\n\t\t\t\t<div class=\"elementor-widget-container\">\n\t\t\t\t\t\t\t\t\t<p>Entfliehe dem Winter und erlebe ein unvergessliches Abenteuer im\u00a0<b>Mallorcas Serra de Tramuntana\u00a0Gebirge<\/b>!<\/p><p>Erlebe den <strong>ultimativen Trailrunning Urlaub<\/strong> auf der wundersch\u00f6nen Insel Mallorca. Verabschiede dich von K\u00e4lte und Schnee und tauche ein in eine Welt voller atemberaubender Landschaften und herausfordernder Trails. Unser Trailrunning Camp vom <strong>28. Dezember 2023 bis zum 1. Januar 2024<\/strong> (optional bis 2. Januar 2024) bietet dir die perfekte Gelegenheit, deine Laufleidenschaft zu entfachen und das Jahr mit einem sportlichen Highlight abzuschliessen.<\/p><p>T\u00e4gliche <strong>Trailrunning Sessions<\/strong> f\u00fchren dich durch die spektakul\u00e4ren Wege des Tramuntana Gebirges. Egal ob du ein erfahrener Trailrunner bist oder gerade erst anf\u00e4ngst, unsere erfahrenen Guides stehen dir mit Rat und Tat zur Seite, um sicherzustellen, dass du das Beste aus deinen L\u00e4ufen herausholst. Geniesse die <strong>traumhafte Natur Mallorcas<\/strong>, w\u00e4hrend du \u00fcber Berge und durch T\u00e4ler l\u00e4ufst und dich von der Energie der Insel inspirieren l\u00e4sst.<\/p><p>Als besonderes Highlight bieten wir eine n\u00e4chtliche <strong>Neujahrswanderung<\/strong> an. Erkunde Mallorcas mystische Seite, w\u00e4hrend du unter dem Sternenhimmel wanderst und das neue Jahr auf magische Weise begr\u00fcsst. Es wird ein unvergessliches Erlebnis sein, das du mit neuen Freunden teilen kannst.<\/p><p>Und das Beste: Falls deine Begleiter keine L\u00e4ufer:in ist, kann er oder sie am <strong><a href=\"https:\/\/swisstrailcamps.ch\/de\/silvester-yoga-retreat-auf-mallorca\/\">Mallorca Yoga Retreat<\/a><\/strong> teilnehmen, das in derselben Unterkunft stattfindet. So k\u00f6nnt ihr gemeinsam <strong>Silvester<\/strong> feiern und das <strong>neue Jahr<\/strong> mit Ruhe und Entspannung beginnen. Nutze die M\u00f6glichkeit, K\u00f6rper und Geist in Einklang zu bringen und neue Energie f\u00fcr das kommende Jahr zu tanken.<\/p><p>Komm zu unserem <strong>Trailrunning Camp auf Mallorca<\/strong> und erlebe die Sch\u00f6nheit der Insel, die Freude am Laufen und die gemeinschaftliche Atmosph\u00e4re mit Gleichgesinnten. Buche jetzt dein Abenteuer und mach dich bereit f\u00fcr unvergessliche Momente im Tramuntana Gebirge!<\/p>\t\t\t\t\t\t\t\t<\/div>\n\t\t\t\t<\/div>\n\t\t\t\t\t<\/div>\n\t\t<\/div>\n\t\t\t\t\t<\/div>\n\t\t<\/section>\n\t\t\t\t<section class=\"elementor-section elementor-top-section elementor-element elementor-element-5c443e5 elementor-section-boxed elementor-section-height-default elementor-section-height-default\" data-id=\"5c443e5\" data-element_type=\"section\" data-e-type=\"section\" data-settings=\"{&quot;background_background&quot;:&quot;classic&quot;}\">\n\t\t\t\t\t\t\t<div class=\"elementor-background-overlay\"><\/div>\n\t\t\t\t\t\t\t<div class=\"elementor-container elementor-column-gap-default\">\n\t\t\t\t\t<div class=\"elementor-column elementor-col-100 elementor-top-column elementor-element elementor-element-8433d50\" data-id=\"8433d50\" data-element_type=\"column\" data-e-type=\"column\">\n\t\t\t<div class=\"elementor-widget-wrap elementor-element-populated\">\n\t\t\t\t\t\t<div class=\"elementor-element elementor-element-2eec425 elementor-widget elementor-widget-spacer\" data-id=\"2eec425\" data-element_type=\"widget\" data-e-type=\"widget\" data-widget_type=\"spacer.default\">\n\t\t\t\t<div class=\"elementor-widget-container\">\n\t\t\t\t\t\t\t<div class=\"elementor-spacer\">\n\t\t\t<div class=\"elementor-spacer-inner\"><\/div>\n\t\t<\/div>\n\t\t\t\t\t\t<\/div>\n\t\t\t\t<\/div>\n\t\t\t\t<div class=\"elementor-element elementor-element-727f2b2 elementor-widget elementor-widget-spacer\" data-id=\"727f2b2\" data-element_type=\"widget\" data-e-type=\"widget\" data-widget_type=\"spacer.default\">\n\t\t\t\t<div class=\"elementor-widget-container\">\n\t\t\t\t\t\t\t<div class=\"elementor-spacer\">\n\t\t\t<div class=\"elementor-spacer-inner\"><\/div>\n\t\t<\/div>\n\t\t\t\t\t\t<\/div>\n\t\t\t\t<\/div>\n\t\t\t\t<div class=\"elementor-element elementor-element-0f742d8 elementor-widget elementor-widget-spacer\" data-id=\"0f742d8\" data-element_type=\"widget\" data-e-type=\"widget\" data-widget_type=\"spacer.default\">\n\t\t\t\t<div class=\"elementor-widget-container\">\n\t\t\t\t\t\t\t<div class=\"elementor-spacer\">\n\t\t\t<div class=\"elementor-spacer-inner\"><\/div>\n\t\t<\/div>\n\t\t\t\t\t\t<\/div>\n\t\t\t\t<\/div>\n\t\t\t\t\t<\/div>\n\t\t<\/div>\n\t\t\t\t\t<\/div>\n\t\t<\/section>\n\t\t\t\t<section class=\"elementor-section elementor-top-section elementor-element elementor-element-4c5b201d elementor-section-boxed elementor-section-height-default elementor-section-height-default\" data-id=\"4c5b201d\" data-element_type=\"section\" data-e-type=\"section\">\n\t\t\t\t\t\t<div class=\"elementor-container elementor-column-gap-default\">\n\t\t\t\t\t<div class=\"elementor-column elementor-col-100 elementor-top-column elementor-element elementor-element-6aeef58b\" data-id=\"6aeef58b\" data-element_type=\"column\" data-e-type=\"column\">\n\t\t\t<div class=\"elementor-widget-wrap elementor-element-populated\">\n\t\t\t\t\t\t<div class=\"elementor-element elementor-element-16c9bc90 elementor-widget elementor-widget-spacer\" data-id=\"16c9bc90\" data-element_type=\"widget\" data-e-type=\"widget\" data-widget_type=\"spacer.default\">\n\t\t\t\t<div class=\"elementor-widget-container\">\n\t\t\t\t\t\t\t<div class=\"elementor-spacer\">\n\t\t\t<div class=\"elementor-spacer-inner\"><\/div>\n\t\t<\/div>\n\t\t\t\t\t\t<\/div>\n\t\t\t\t<\/div>\n\t\t\t\t<div class=\"elementor-element elementor-element-9b99571 elementor-widget elementor-widget-text-editor\" data-id=\"9b99571\" data-element_type=\"widget\" data-e-type=\"widget\" data-widget_type=\"text-editor.default\">\n\t\t\t\t<div class=\"elementor-widget-container\">\n\t\t\t\t\t\t\t\t\t<p><span style=\"font-style: inherit; letter-spacing: 0px;\"><b>Mallorca Trailrunning Camp<br \/><\/b><\/span><span style=\"font-size: 16px; font-style: inherit; font-weight: inherit; font-family: Poppins, sans-serif; letter-spacing: 0px; text-transform: none;\"><br \/>4 oder 5 \u00dcbernachtungen im Can Cota Hotel &amp; Sa Bisbal****<br \/><\/span><\/p><p>T\u00e4glich gef\u00fchrte Trailruns (zertifizierte Trailrunning Coaches von Swiss Athletics)<br \/>Trailrunning Technik (bergauf\/bergab)<br \/>Neujahrswanderung<br \/>Workshops<br \/><span style=\"font-style: inherit; font-weight: inherit; font-family: var( --e-global-typography-text-font-family ), Sans-serif; letter-spacing: var( --e-global-typography-text-letter-spacing ); text-transform: var( --e-global-typography-text-text-transform );\">Wellness im Spa<br \/><\/span>Yoga Sessions<span style=\"font-style: inherit; font-weight: inherit; font-family: var( --e-global-typography-text-font-family ), Sans-serif; letter-spacing: var( --e-global-typography-text-letter-spacing ); text-transform: var( --e-global-typography-text-text-transform );\"><br \/><\/span><\/p><p>Fr\u00fchst\u00fcck<br \/>Abendessen (vegan und vegetarisch)<br \/>Snacks (Obst, Gels, Energieriegel)<\/p>\t\t\t\t\t\t\t\t<\/div>\n\t\t\t\t<\/div>\n\t\t\t\t\t<\/div>\n\t\t<\/div>\n\t\t\t\t\t<\/div>\n\t\t<\/section>\n\t\t\t\t<section class=\"elementor-section elementor-top-section elementor-element elementor-element-560fc3c6 elementor-section-boxed elementor-section-height-default elementor-section-height-default\" data-id=\"560fc3c6\" data-element_type=\"section\" data-e-type=\"section\" data-settings=\"{&quot;background_background&quot;:&quot;classic&quot;}\">\n\t\t\t\t\t\t<div class=\"elementor-container elementor-column-gap-default\">\n\t\t\t\t\t<div class=\"elementor-column elementor-col-100 elementor-top-column elementor-element elementor-element-100f5baf\" data-id=\"100f5baf\" data-element_type=\"column\" data-e-type=\"column\">\n\t\t\t<div class=\"elementor-widget-wrap elementor-element-populated\">\n\t\t\t\t\t\t<div class=\"elementor-element elementor-element-436a762 elementor-widget elementor-widget-spacer\" data-id=\"436a762\" data-element_type=\"widget\" data-e-type=\"widget\" data-widget_type=\"spacer.default\">\n\t\t\t\t<div class=\"elementor-widget-container\">\n\t\t\t\t\t\t\t<div class=\"elementor-spacer\">\n\t\t\t<div class=\"elementor-spacer-inner\"><\/div>\n\t\t<\/div>\n\t\t\t\t\t\t<\/div>\n\t\t\t\t<\/div>\n\t\t\t\t<div class=\"elementor-element elementor-element-174fe8c5 elementor-widget elementor-widget-heading\" data-id=\"174fe8c5\" data-element_type=\"widget\" data-e-type=\"widget\" data-widget_type=\"heading.default\">\n\t\t\t\t<div class=\"elementor-widget-container\">\n\t\t\t\t\t<h2 class=\"elementor-heading-title elementor-size-default\">Mallorca Trailrunning Camp Programm<\/h2>\t\t\t\t<\/div>\n\t\t\t\t<\/div>\n\t\t\t\t<div class=\"elementor-element elementor-element-7766bab elementor-widget elementor-widget-heading\" data-id=\"7766bab\" data-element_type=\"widget\" data-e-type=\"widget\" data-widget_type=\"heading.default\">\n\t\t\t\t<div class=\"elementor-widget-container\">\n\t\t\t\t\t<p class=\"elementor-heading-title elementor-size-default\">Wir behalten uns das Recht vor, das Programm aufgrund der aktuellen Gegebenheiten zu \u00e4ndern oder zu verschieben. \nMindestens 8 Teilnehmer.<br><\/p>\t\t\t\t<\/div>\n\t\t\t\t<\/div>\n\t\t\t\t\t<\/div>\n\t\t<\/div>\n\t\t\t\t\t<\/div>\n\t\t<\/section>\n\t\t\t\t<section class=\"elementor-section elementor-top-section elementor-element elementor-element-1e6bd364 elementor-section-full_width elementor-section-height-default elementor-section-height-default\" data-id=\"1e6bd364\" data-element_type=\"section\" data-e-type=\"section\" data-settings=\"{&quot;background_background&quot;:&quot;classic&quot;}\">\n\t\t\t\t\t\t<div class=\"elementor-container elementor-column-gap-default\">\n\t\t\t\t\t<div class=\"elementor-column elementor-col-50 elementor-top-column elementor-element elementor-element-610234f3\" data-id=\"610234f3\" data-element_type=\"column\" data-e-type=\"column\" data-settings=\"{&quot;background_background&quot;:&quot;classic&quot;}\">\n\t\t\t<div class=\"elementor-widget-wrap elementor-element-populated\">\n\t\t\t\t\t\t<div class=\"elementor-element elementor-element-422cdea elementor-widget elementor-widget-heading\" data-id=\"422cdea\" data-element_type=\"widget\" data-e-type=\"widget\" data-widget_type=\"heading.default\">\n\t\t\t\t<div class=\"elementor-widget-container\">\n\t\t\t\t\t<h5 class=\"elementor-heading-title elementor-size-default\">Hotel<\/h5>\t\t\t\t<\/div>\n\t\t\t\t<\/div>\n\t\t\t\t<div class=\"elementor-element elementor-element-493c857e elementor-widget elementor-widget-text-editor\" data-id=\"493c857e\" data-element_type=\"widget\" data-e-type=\"widget\" data-widget_type=\"text-editor.default\">\n\t\t\t\t<div class=\"elementor-widget-container\">\n\t\t\t\t\t\t\t\t\t<ul><li>Geteiltes Doppelzimmer (Einzelzimmer auf Anfrage)<\/li><li>Kostenfreier Spa Zugang<\/li><li>Fr\u00fchst\u00fcck mit veganen Optionen<\/li><li>Abendessen mit veganen Optionen<\/li><li>Nutzung der Poolanlage<\/li><\/ul>\t\t\t\t\t\t\t\t<\/div>\n\t\t\t\t<\/div>\n\t\t\t\t\t<\/div>\n\t\t<\/div>\n\t\t\t\t<div class=\"elementor-column elementor-col-50 elementor-top-column elementor-element elementor-element-73c22cd8\" data-id=\"73c22cd8\" data-element_type=\"column\" data-e-type=\"column\" data-settings=\"{&quot;background_background&quot;:&quot;classic&quot;}\">\n\t\t\t<div class=\"elementor-widget-wrap elementor-element-populated\">\n\t\t\t\t\t\t<div class=\"elementor-element elementor-element-0af3f58 elementor-widget elementor-widget-heading\" data-id=\"0af3f58\" data-element_type=\"widget\" data-e-type=\"widget\" data-widget_type=\"heading.default\">\n\t\t\t\t<div class=\"elementor-widget-container\">\n\t\t\t\t\t<h2 class=\"elementor-heading-title elementor-size-default\">Sport<\/h2>\t\t\t\t<\/div>\n\t\t\t\t<\/div>\n\t\t\t\t<div class=\"elementor-element elementor-element-5ed03b57 elementor-widget elementor-widget-text-editor\" data-id=\"5ed03b57\" data-element_type=\"widget\" data-e-type=\"widget\" data-widget_type=\"text-editor.default\">\n\t\t\t\t<div class=\"elementor-widget-container\">\n\t\t\t\t\t\t\t\t\t<ul><li>Early Morning Trailrunning Sessions<\/li><li>Morning Trailrunning Sessions<\/li><li>Afternoon Trailrunning Sessions<\/li><li>Wanderungen<\/li><li>Early Yoga Sessions<\/li><li>Afternoon Yoga Sessions<\/li><li>Silvester Wanderung &#8211; Gemeinsamer Start ins neue Jahr<\/li><\/ul>\t\t\t\t\t\t\t\t<\/div>\n\t\t\t\t<\/div>\n\t\t\t\t\t<\/div>\n\t\t<\/div>\n\t\t\t\t\t<\/div>\n\t\t<\/section>\n\t\t\t\t<section class=\"elementor-section elementor-top-section elementor-element elementor-element-00b8574 elementor-section-boxed elementor-section-height-default elementor-section-height-default\" data-id=\"00b8574\" data-element_type=\"section\" data-e-type=\"section\">\n\t\t\t\t\t\t<div class=\"elementor-container elementor-column-gap-default\">\n\t\t\t\t\t<div class=\"elementor-column elementor-col-100 elementor-top-column elementor-element elementor-element-cfb76b0\" data-id=\"cfb76b0\" data-element_type=\"column\" data-e-type=\"column\">\n\t\t\t<div class=\"elementor-widget-wrap elementor-element-populated\">\n\t\t\t\t\t\t<div class=\"elementor-element elementor-element-e9590fd elementor-widget elementor-widget-spacer\" data-id=\"e9590fd\" data-element_type=\"widget\" data-e-type=\"widget\" data-widget_type=\"spacer.default\">\n\t\t\t\t<div class=\"elementor-widget-container\">\n\t\t\t\t\t\t\t<div class=\"elementor-spacer\">\n\t\t\t<div class=\"elementor-spacer-inner\"><\/div>\n\t\t<\/div>\n\t\t\t\t\t\t<\/div>\n\t\t\t\t<\/div>\n\t\t\t\t<div class=\"elementor-element elementor-element-3002458 elementor-widget elementor-widget-heading\" data-id=\"3002458\" data-element_type=\"widget\" data-e-type=\"widget\" data-widget_type=\"heading.default\">\n\t\t\t\t<div class=\"elementor-widget-container\">\n\t\t\t\t\t<h2 class=\"elementor-heading-title elementor-size-default\"><h2 class=\"elementor-heading-title elementor-size-default elementor-inline-editing pen\" data-elementor-setting-key=\"title\" data-lt-tmp-id=\"lt-307380\" data-gramm=\"false\" data-pen-placeholder=\"Eingabe hier...\" style=\"letter-spacing: normal\">Can Cota Hotel &amp; Sa Bisbal****<\/h2><\/h2>\t\t\t\t<\/div>\n\t\t\t\t<\/div>\n\t\t\t\t<div class=\"elementor-element elementor-element-a5e4118 elementor-widget elementor-widget-text-editor\" data-id=\"a5e4118\" data-element_type=\"widget\" data-e-type=\"widget\" data-widget_type=\"text-editor.default\">\n\t\t\t\t<div class=\"elementor-widget-container\">\n\t\t\t\t\t\t\t\t\t<p>Willkommen im Can Cota Hotel, einem verborgenen Juwel, das im Herzen von Mallorca eingebettet ist. Umgeben von \u00fcppigem Gr\u00fcn und den atemberaubenden Tramuntana-Bergen bietet das Hotel einen ruhigen R\u00fcckzugsort f\u00fcr alle, die Entspannung und Erholung suchen.<\/p><p>Betritt die friedliche Oase und lass dich von warmer Gastfreundschaft und makellosem Service begr\u00fcssen. Die gut ausgestatteten Zimmer bieten die perfekte Mischung aus Komfort und Stil und sorgen f\u00fcr einen erholsamen Aufenthalt.<\/p><p>Lasse dich auf eine kulinarische Reise im hoteleigenen Restaurant ein, wo talentierten K\u00f6che k\u00f6stliche vegane Gerichte aus regionalen Zutaten zaubern. Erlebe die lebendigen Aromen von Mallorca und geniesse dabei atemberaubende Ausblicke auf die umgebende nat\u00fcrliche Sch\u00f6nheit.<\/p>\t\t\t\t\t\t\t\t<\/div>\n\t\t\t\t<\/div>\n\t\t\t\t\t<\/div>\n\t\t<\/div>\n\t\t\t\t\t<\/div>\n\t\t<\/section>\n\t\t\t\t<section class=\"elementor-section elementor-top-section elementor-element elementor-element-8488317 elementor-hidden-mobile elementor-section-boxed elementor-section-height-default elementor-section-height-default\" data-id=\"8488317\" data-element_type=\"section\" data-e-type=\"section\">\n\t\t\t\t\t\t<div class=\"elementor-container elementor-column-gap-default\">\n\t\t\t\t\t<div class=\"elementor-column elementor-col-100 elementor-top-column elementor-element elementor-element-cd4591c\" data-id=\"cd4591c\" data-element_type=\"column\" data-e-type=\"column\">\n\t\t\t<div class=\"elementor-widget-wrap elementor-element-populated\">\n\t\t\t\t\t\t<div class=\"elementor-element elementor-element-84d1119 elementor-widget elementor-widget-gallery\" data-id=\"84d1119\" data-element_type=\"widget\" data-e-type=\"widget\" data-settings=\"{&quot;gallery_layout&quot;:&quot;masonry&quot;,&quot;lazyload&quot;:&quot;yes&quot;,&quot;columns&quot;:4,&quot;columns_tablet&quot;:2,&quot;columns_mobile&quot;:1,&quot;gap&quot;:{&quot;unit&quot;:&quot;px&quot;,&quot;size&quot;:10,&quot;sizes&quot;:[]},&quot;gap_tablet&quot;:{&quot;unit&quot;:&quot;px&quot;,&quot;size&quot;:10,&quot;sizes&quot;:[]},&quot;gap_mobile&quot;:{&quot;unit&quot;:&quot;px&quot;,&quot;size&quot;:10,&quot;sizes&quot;:[]},&quot;link_to&quot;:&quot;file&quot;,&quot;overlay_background&quot;:&quot;yes&quot;,&quot;content_hover_animation&quot;:&quot;fade-in&quot;}\" data-widget_type=\"gallery.default\">\n\t\t\t\t<div class=\"elementor-widget-container\">\n\t\t\t\t\t\t\t<div class=\"elementor-gallery__container\">\n\t\t\t\t\t\t\t<a class=\"e-gallery-item elementor-gallery-item elementor-animated-content\" href=\"https:\/\/swisstrailcamps.ch\/wp-content\/uploads\/2023\/05\/CanCota41-scaled.jpg\" data-elementor-open-lightbox=\"yes\" data-elementor-lightbox-slideshow=\"84d1119\" data-elementor-lightbox-title=\"CanCota41\" data-e-action-hash=\"#elementor-action%3Aaction%3Dlightbox%26settings%3DeyJpZCI6NDc0MCwidXJsIjoiaHR0cHM6XC9cL3N3aXNzdHJhaWxjYW1wcy5jaFwvd3AtY29udGVudFwvdXBsb2Fkc1wvMjAyM1wvMDVcL0NhbkNvdGE0MS1zY2FsZWQuanBnIiwic2xpZGVzaG93IjoiODRkMTExOSJ9\">\n\t\t\t\t\t<div class=\"e-gallery-image elementor-gallery-item__image\" data-thumbnail=\"https:\/\/swisstrailcamps.ch\/wp-content\/uploads\/2023\/05\/CanCota41-300x200.jpg\" data-width=\"300\" data-height=\"200\" aria-label=\"\" role=\"img\" ><\/div>\n\t\t\t\t\t\t\t\t\t\t\t<div class=\"elementor-gallery-item__overlay\"><\/div>\n\t\t\t\t\t\t\t\t\t\t\t\t\t\t<\/a>\n\t\t\t\t\t\t\t<a class=\"e-gallery-item elementor-gallery-item elementor-animated-content\" href=\"https:\/\/swisstrailcamps.ch\/wp-content\/uploads\/2023\/05\/CanCota148-scaled.jpg\" data-elementor-open-lightbox=\"yes\" data-elementor-lightbox-slideshow=\"84d1119\" data-elementor-lightbox-title=\"CanCota148\" data-e-action-hash=\"#elementor-action%3Aaction%3Dlightbox%26settings%3DeyJpZCI6NDc0MiwidXJsIjoiaHR0cHM6XC9cL3N3aXNzdHJhaWxjYW1wcy5jaFwvd3AtY29udGVudFwvdXBsb2Fkc1wvMjAyM1wvMDVcL0NhbkNvdGExNDgtc2NhbGVkLmpwZyIsInNsaWRlc2hvdyI6Ijg0ZDExMTkifQ%3D%3D\">\n\t\t\t\t\t<div class=\"e-gallery-image elementor-gallery-item__image\" data-thumbnail=\"https:\/\/swisstrailcamps.ch\/wp-content\/uploads\/2023\/05\/CanCota148-300x200.jpg\" data-width=\"300\" data-height=\"200\" aria-label=\"\" role=\"img\" ><\/div>\n\t\t\t\t\t\t\t\t\t\t\t<div class=\"elementor-gallery-item__overlay\"><\/div>\n\t\t\t\t\t\t\t\t\t\t\t\t\t\t<\/a>\n\t\t\t\t\t\t\t<a class=\"e-gallery-item elementor-gallery-item elementor-animated-content\" href=\"https:\/\/swisstrailcamps.ch\/wp-content\/uploads\/2023\/05\/IMG_8004-scaled.jpg\" data-elementor-open-lightbox=\"yes\" data-elementor-lightbox-slideshow=\"84d1119\" data-elementor-lightbox-title=\"IMG_8004\" data-e-action-hash=\"#elementor-action%3Aaction%3Dlightbox%26settings%3DeyJpZCI6NDc0NCwidXJsIjoiaHR0cHM6XC9cL3N3aXNzdHJhaWxjYW1wcy5jaFwvd3AtY29udGVudFwvdXBsb2Fkc1wvMjAyM1wvMDVcL0lNR184MDA0LXNjYWxlZC5qcGciLCJzbGlkZXNob3ciOiI4NGQxMTE5In0%3D\">\n\t\t\t\t\t<div class=\"e-gallery-image elementor-gallery-item__image\" data-thumbnail=\"https:\/\/swisstrailcamps.ch\/wp-content\/uploads\/2023\/05\/IMG_8004-225x300.jpg\" data-width=\"225\" data-height=\"300\" aria-label=\"\" role=\"img\" ><\/div>\n\t\t\t\t\t\t\t\t\t\t\t<div class=\"elementor-gallery-item__overlay\"><\/div>\n\t\t\t\t\t\t\t\t\t\t\t\t\t\t<\/a>\n\t\t\t\t\t\t\t<a class=\"e-gallery-item elementor-gallery-item elementor-animated-content\" href=\"https:\/\/swisstrailcamps.ch\/wp-content\/uploads\/2023\/05\/IMG_8021-scaled.jpg\" data-elementor-open-lightbox=\"yes\" data-elementor-lightbox-slideshow=\"84d1119\" data-elementor-lightbox-title=\"IMG_8021\" data-e-action-hash=\"#elementor-action%3Aaction%3Dlightbox%26settings%3DeyJpZCI6NDc0NiwidXJsIjoiaHR0cHM6XC9cL3N3aXNzdHJhaWxjYW1wcy5jaFwvd3AtY29udGVudFwvdXBsb2Fkc1wvMjAyM1wvMDVcL0lNR184MDIxLXNjYWxlZC5qcGciLCJzbGlkZXNob3ciOiI4NGQxMTE5In0%3D\">\n\t\t\t\t\t<div class=\"e-gallery-image elementor-gallery-item__image\" data-thumbnail=\"https:\/\/swisstrailcamps.ch\/wp-content\/uploads\/2023\/05\/IMG_8021-300x225.jpg\" data-width=\"300\" data-height=\"225\" aria-label=\"\" role=\"img\" ><\/div>\n\t\t\t\t\t\t\t\t\t\t\t<div class=\"elementor-gallery-item__overlay\"><\/div>\n\t\t\t\t\t\t\t\t\t\t\t\t\t\t<\/a>\n\t\t\t\t\t\t\t<a class=\"e-gallery-item elementor-gallery-item elementor-animated-content\" href=\"https:\/\/swisstrailcamps.ch\/wp-content\/uploads\/2023\/05\/IMG_8025-scaled.jpg\" data-elementor-open-lightbox=\"yes\" data-elementor-lightbox-slideshow=\"84d1119\" data-elementor-lightbox-title=\"IMG_8025\" data-e-action-hash=\"#elementor-action%3Aaction%3Dlightbox%26settings%3DeyJpZCI6NDc0OCwidXJsIjoiaHR0cHM6XC9cL3N3aXNzdHJhaWxjYW1wcy5jaFwvd3AtY29udGVudFwvdXBsb2Fkc1wvMjAyM1wvMDVcL0lNR184MDI1LXNjYWxlZC5qcGciLCJzbGlkZXNob3ciOiI4NGQxMTE5In0%3D\">\n\t\t\t\t\t<div class=\"e-gallery-image elementor-gallery-item__image\" data-thumbnail=\"https:\/\/swisstrailcamps.ch\/wp-content\/uploads\/2023\/05\/IMG_8025-225x300.jpg\" data-width=\"225\" data-height=\"300\" aria-label=\"\" role=\"img\" ><\/div>\n\t\t\t\t\t\t\t\t\t\t\t<div class=\"elementor-gallery-item__overlay\"><\/div>\n\t\t\t\t\t\t\t\t\t\t\t\t\t\t<\/a>\n\t\t\t\t\t\t\t<a class=\"e-gallery-item elementor-gallery-item elementor-animated-content\" href=\"https:\/\/swisstrailcamps.ch\/wp-content\/uploads\/2023\/05\/room9_13-scaled.jpg\" data-elementor-open-lightbox=\"yes\" data-elementor-lightbox-slideshow=\"84d1119\" data-elementor-lightbox-title=\"room9_13\" data-e-action-hash=\"#elementor-action%3Aaction%3Dlightbox%26settings%3DeyJpZCI6NDc1MCwidXJsIjoiaHR0cHM6XC9cL3N3aXNzdHJhaWxjYW1wcy5jaFwvd3AtY29udGVudFwvdXBsb2Fkc1wvMjAyM1wvMDVcL3Jvb205XzEzLXNjYWxlZC5qcGciLCJzbGlkZXNob3ciOiI4NGQxMTE5In0%3D\">\n\t\t\t\t\t<div class=\"e-gallery-image elementor-gallery-item__image\" data-thumbnail=\"https:\/\/swisstrailcamps.ch\/wp-content\/uploads\/2023\/05\/room9_13-300x200.jpg\" data-width=\"300\" data-height=\"200\" aria-label=\"\" role=\"img\" ><\/div>\n\t\t\t\t\t\t\t\t\t\t\t<div class=\"elementor-gallery-item__overlay\"><\/div>\n\t\t\t\t\t\t\t\t\t\t\t\t\t\t<\/a>\n\t\t\t\t\t<\/div>\n\t\t\t\t\t<\/div>\n\t\t\t\t<\/div>\n\t\t\t\t\t<\/div>\n\t\t<\/div>\n\t\t\t\t\t<\/div>\n\t\t<\/section>\n\t\t\t\t<section class=\"elementor-section elementor-top-section elementor-element elementor-element-3a2529de elementor-section-full_width elementor-section-stretched elementor-section-height-default elementor-section-height-default\" data-id=\"3a2529de\" data-element_type=\"section\" data-e-type=\"section\" data-settings=\"{&quot;stretch_section&quot;:&quot;section-stretched&quot;,&quot;background_background&quot;:&quot;classic&quot;}\">\n\t\t\t\t\t\t<div class=\"elementor-container elementor-column-gap-default\">\n\t\t\t\t\t<div class=\"elementor-column elementor-col-100 elementor-top-column elementor-element elementor-element-a958707\" data-id=\"a958707\" data-element_type=\"column\" data-e-type=\"column\" data-settings=\"{&quot;background_background&quot;:&quot;slideshow&quot;,&quot;background_slideshow_gallery&quot;:[],&quot;background_slideshow_loop&quot;:&quot;yes&quot;,&quot;background_slideshow_slide_duration&quot;:5000,&quot;background_slideshow_slide_transition&quot;:&quot;fade&quot;,&quot;background_slideshow_transition_duration&quot;:500}\">\n\t\t\t<div class=\"elementor-widget-wrap elementor-element-populated\">\n\t\t\t\t\t\t<div class=\"elementor-element elementor-element-7d2a40a elementor-widget elementor-widget-spacer\" data-id=\"7d2a40a\" data-element_type=\"widget\" data-e-type=\"widget\" data-widget_type=\"spacer.default\">\n\t\t\t\t<div class=\"elementor-widget-container\">\n\t\t\t\t\t\t\t<div class=\"elementor-spacer\">\n\t\t\t<div class=\"elementor-spacer-inner\"><\/div>\n\t\t<\/div>\n\t\t\t\t\t\t<\/div>\n\t\t\t\t<\/div>\n\t\t\t\t<div class=\"elementor-element elementor-element-36f35bd elementor-widget elementor-widget-heading\" data-id=\"36f35bd\" data-element_type=\"widget\" data-e-type=\"widget\" data-widget_type=\"heading.default\">\n\t\t\t\t<div class=\"elementor-widget-container\">\n\t\t\t\t\t<h5 class=\"elementor-heading-title elementor-size-default\">Mallorca Trailrunning Camp<\/h5>\t\t\t\t<\/div>\n\t\t\t\t<\/div>\n\t\t\t\t<div class=\"elementor-element elementor-element-8912875 elementor-widget elementor-widget-heading\" data-id=\"8912875\" data-element_type=\"widget\" data-e-type=\"widget\" data-widget_type=\"heading.default\">\n\t\t\t\t<div class=\"elementor-widget-container\">\n\t\t\t\t\t<h2 class=\"elementor-heading-title elementor-size-default\">Silvester Trailrunning Camp auf Mallorca<\/h2>\t\t\t\t<\/div>\n\t\t\t\t<\/div>\n\t\t\t\t<div class=\"elementor-element elementor-element-8a13533 elementor-widget elementor-widget-text-editor\" data-id=\"8a13533\" data-element_type=\"widget\" data-e-type=\"widget\" data-widget_type=\"text-editor.default\">\n\t\t\t\t<div class=\"elementor-widget-container\">\n\t\t\t\t\t\t\t\t\t<p>Alle Pakete beinhalten Unterkunft, Halbpension, Trailrunning Coaching, gef\u00fchrte Trailruns, Yoga, Spa Zugang<\/p><p><b>Schreibe dich auf die Warteliste:<\/b><\/p><p><b>\u00a0<\/b><\/p>\t\t\t\t\t\t\t\t<\/div>\n\t\t\t\t<\/div>\n\t\t\t\t\t<\/div>\n\t\t<\/div>\n\t\t\t\t\t<\/div>\n\t\t<\/section>\n\t\t\t\t<section class=\"elementor-section elementor-top-section elementor-element elementor-element-210b6a0 elementor-section-boxed elementor-section-height-default elementor-section-height-default\" data-id=\"210b6a0\" data-element_type=\"section\" data-e-type=\"section\" data-settings=\"{&quot;background_background&quot;:&quot;classic&quot;}\">\n\t\t\t\t\t\t<div class=\"elementor-container elementor-column-gap-default\">\n\t\t\t\t\t<div class=\"elementor-column elementor-col-100 elementor-top-column elementor-element elementor-element-2faa4ff\" data-id=\"2faa4ff\" data-element_type=\"column\" data-e-type=\"column\">\n\t\t\t<div class=\"elementor-widget-wrap elementor-element-populated\">\n\t\t\t\t\t\t<div class=\"elementor-element elementor-element-9f3ffe6 elementor-button-align-start elementor-widget elementor-widget-form\" data-id=\"9f3ffe6\" data-element_type=\"widget\" data-e-type=\"widget\" data-settings=\"{&quot;step_next_label&quot;:&quot;N\\u00e4chster&quot;,&quot;step_previous_label&quot;:&quot;Voriger&quot;,&quot;button_width&quot;:&quot;100&quot;,&quot;step_type&quot;:&quot;number_text&quot;,&quot;step_icon_shape&quot;:&quot;circle&quot;}\" data-widget_type=\"form.default\">\n\t\t\t\t<div class=\"elementor-widget-container\">\n\t\t\t\t\t\t\t<form class=\"elementor-form\" method=\"post\" name=\"Neue Form\" aria-label=\"Neue Form\">\n\t\t\t<input type=\"hidden\" name=\"post_id\" value=\"4440\"\/>\n\t\t\t<input type=\"hidden\" name=\"form_id\" value=\"9f3ffe6\"\/>\n\t\t\t<input type=\"hidden\" name=\"referer_title\" value=\"Silvester Trailrunning Camp auf Mallorca - Swiss Trail Camps\" \/>\n\n\t\t\t\t\t\t\t<input type=\"hidden\" name=\"queried_id\" value=\"4440\"\/>\n\t\t\t\n\t\t\t<div class=\"elementor-form-fields-wrapper elementor-labels-\">\n\t\t\t\t\t\t\t\t<div class=\"elementor-field-type-text elementor-field-group elementor-column elementor-field-group-name elementor-col-100\">\n\t\t\t\t\t\t\t\t\t\t\t\t<label for=\"form-field-name\" class=\"elementor-field-label elementor-screen-only\">\n\t\t\t\t\t\t\t\tName\t\t\t\t\t\t\t<\/label>\n\t\t\t\t\t\t\t\t\t\t\t\t\t\t<input size=\"1\" type=\"text\" name=\"form_fields[name]\" id=\"form-field-name\" class=\"elementor-field elementor-size-xs  elementor-field-textual\" placeholder=\"Name\">\n\t\t\t\t\t\t\t\t\t\t\t<\/div>\n\t\t\t\t\t\t\t\t<div class=\"elementor-field-type-email elementor-field-group elementor-column elementor-field-group-email elementor-col-100 elementor-field-required\">\n\t\t\t\t\t\t\t\t\t\t\t\t<label for=\"form-field-email\" class=\"elementor-field-label elementor-screen-only\">\n\t\t\t\t\t\t\t\tE-Mail\t\t\t\t\t\t\t<\/label>\n\t\t\t\t\t\t\t\t\t\t\t\t\t\t<input size=\"1\" type=\"email\" name=\"form_fields[email]\" id=\"form-field-email\" class=\"elementor-field elementor-size-xs  elementor-field-textual\" placeholder=\"E-Mail\" required=\"required\">\n\t\t\t\t\t\t\t\t\t\t\t<\/div>\n\t\t\t\t\t\t\t\t<div class=\"elementor-field-type-textarea elementor-field-group elementor-column elementor-field-group-message elementor-col-100\">\n\t\t\t\t\t\t\t\t\t\t\t\t<label for=\"form-field-message\" class=\"elementor-field-label elementor-screen-only\">\n\t\t\t\t\t\t\t\tNachricht\t\t\t\t\t\t\t<\/label>\n\t\t\t\t\t\t<textarea class=\"elementor-field-textual elementor-field  elementor-size-xs\" name=\"form_fields[message]\" id=\"form-field-message\" rows=\"4\" placeholder=\"Nachricht\"><\/textarea>\t\t\t\t<\/div>\n\t\t\t\t\t\t\t\t<div class=\"elementor-field-type-recaptcha elementor-field-group elementor-column elementor-field-group-field_8444eb8 elementor-col-100\">\n\t\t\t\t\t<div class=\"elementor-field\" id=\"form-field-field_8444eb8\"><div class=\"elementor-g-recaptcha\" data-sitekey=\"6Leohp8hAAAAAJ-m-JjKa4PuqcJj9FtUD3NC08b0\" data-type=\"v2_checkbox\" data-theme=\"light\" data-size=\"normal\"><\/div><\/div>\t\t\t\t<\/div>\n\t\t\t\t\t\t\t\t<div class=\"elementor-field-group elementor-column elementor-field-type-submit elementor-col-100 e-form__buttons\">\n\t\t\t\t\t<button class=\"elementor-button elementor-size-xs elementor-animation-grow\" type=\"submit\">\n\t\t\t\t\t\t<span class=\"elementor-button-content-wrapper\">\n\t\t\t\t\t\t\t\t\t\t\t\t\t\t\t\t\t\t\t\t\t\t<span class=\"elementor-button-text\">Nachricht senden<\/span>\n\t\t\t\t\t\t\t\t\t\t\t\t\t<\/span>\n\t\t\t\t\t<\/button>\n\t\t\t\t<\/div>\n\t\t\t<\/div>\n\t\t<\/form>\n\t\t\t\t\t\t<\/div>\n\t\t\t\t<\/div>\n\t\t\t\t\t<\/div>\n\t\t<\/div>\n\t\t\t\t\t<\/div>\n\t\t<\/section>\n\t\t\t\t<section class=\"elementor-section elementor-top-section elementor-element elementor-element-5019dcb elementor-section-boxed elementor-section-height-default elementor-section-height-default\" data-id=\"5019dcb\" data-element_type=\"section\" data-e-type=\"section\" data-settings=\"{&quot;background_background&quot;:&quot;classic&quot;}\">\n\t\t\t\t\t\t<div class=\"elementor-container elementor-column-gap-default\">\n\t\t\t\t\t<div class=\"elementor-column elementor-col-100 elementor-top-column elementor-element elementor-element-c42394f\" data-id=\"c42394f\" data-element_type=\"column\" data-e-type=\"column\">\n\t\t\t<div class=\"elementor-widget-wrap elementor-element-populated\">\n\t\t\t\t\t\t<div class=\"elementor-element elementor-element-6869b5f elementor-hidden-desktop elementor-hidden-tablet elementor-hidden-mobile elementor-widget elementor-widget-heading\" data-id=\"6869b5f\" data-element_type=\"widget\" data-e-type=\"widget\" data-widget_type=\"heading.default\">\n\t\t\t\t<div class=\"elementor-widget-container\">\n\t\t\t\t\t<h2 class=\"elementor-heading-title elementor-size-default\">Silvester Camp f\u00fcr 5 Tage 28.12. - 01.02.2024<\/h2>\t\t\t\t<\/div>\n\t\t\t\t<\/div>\n\t\t\t\t<div class=\"elementor-element elementor-element-00b5b75 elementor-grid-3 elementor-grid-tablet-1 elementor-grid-mobile-1 elementor-product-loop-item--align-left elementor-hidden-desktop elementor-hidden-tablet elementor-hidden-mobile elementor-products-grid elementor-wc-products elementor-widget elementor-widget-woocommerce-products\" data-id=\"00b5b75\" data-element_type=\"widget\" data-e-type=\"widget\" data-widget_type=\"woocommerce-products.default\">\n\t\t\t\t<div class=\"elementor-widget-container\">\n\t\t\t\t\t<div class=\"woocommerce columns-3 \"><ul class=\"products elementor-grid columns-3\">\n<li class=\"desktop-align-left tablet-align-left mobile-align-left product type-product post-5497 status-publish first instock product_cat-trail-5-tage-silvester has-post-thumbnail virtual purchasable product-type-simple\">\n\t<a href=\"https:\/\/swisstrailcamps.ch\/de\/produkt\/early-bird-trail-4-naechte\/\" class=\"woocommerce-LoopProduct-link woocommerce-loop-product__link\"><img loading=\"lazy\" decoding=\"async\" width=\"300\" height=\"300\" src=\"https:\/\/swisstrailcamps.ch\/wp-content\/uploads\/2023\/06\/1-1-300x300.png\" class=\"attachment-woocommerce_thumbnail size-woocommerce_thumbnail\" alt=\"Early Bird Trail | 5 Tage | 28.12.2023 - 01.01.2024 | Geteiltes Doppelzimmer\" srcset=\"https:\/\/swisstrailcamps.ch\/wp-content\/uploads\/2023\/06\/1-1-300x300.png 300w, https:\/\/swisstrailcamps.ch\/wp-content\/uploads\/2023\/06\/1-1-150x150.png 150w, https:\/\/swisstrailcamps.ch\/wp-content\/uploads\/2023\/06\/1-1-768x768.png 768w, https:\/\/swisstrailcamps.ch\/wp-content\/uploads\/2023\/06\/1-1-600x600.png 600w, https:\/\/swisstrailcamps.ch\/wp-content\/uploads\/2023\/06\/1-1-100x100.png 100w, https:\/\/swisstrailcamps.ch\/wp-content\/uploads\/2023\/06\/1-1.png 1000w\" sizes=\"(max-width: 300px) 100vw, 300px\" \/><h2 class=\"woocommerce-loop-product__title\">Early Bird Trail | 5 Tage | 28.12.2023 &#8211; 01.01.2024 | Geteiltes Doppelzimmer<\/h2>\n\t<span class=\"price\"><span class=\"woocommerce-Price-amount amount\"><bdi><span class=\"woocommerce-Price-currencySymbol\">&#67;&#72;&#70;<\/span>&nbsp;1'519.00<\/bdi><\/span><\/span>\n\n\n\n<\/a>\n\n\n\n<a href=\"\/de\/wp-json\/wp\/v2\/pages\/4440?add-to-cart=5497\" aria-describedby=\"woocommerce_loop_add_to_cart_link_describedby_5497\" data-quantity=\"1\" class=\"button product_type_simple add_to_cart_button ajax_add_to_cart\" data-product_id=\"5497\" data-product_sku=\"\" aria-label=\"In den Warenkorb legen: \u201eEarly Bird Trail | 5 Tage | 28.12.2023 - 01.01.2024 | Geteiltes Doppelzimmer\u201c\" rel=\"nofollow\" data-success_message=\"\u201eEarly Bird Trail | 5 Tage | 28.12.2023 - 01.01.2024 | Geteiltes Doppelzimmer\u201c wurde deinem Warenkorb hinzugef\u00fcgt\">In den Warenkorb<\/a>\t<span id=\"woocommerce_loop_add_to_cart_link_describedby_5497\" class=\"screen-reader-text\">\n\t\t\t<\/span>\n<\/li>\n<li class=\"desktop-align-left tablet-align-left mobile-align-left product type-product post-5487 status-publish instock product_cat-trail-5-tage-silvester has-post-thumbnail sale virtual purchasable product-type-simple\">\n\t<a href=\"https:\/\/swisstrailcamps.ch\/de\/produkt\/standard-trail-4-naechte-28-12-2023-01-01-2024-geteiltes-doppelzimmer\/\" class=\"woocommerce-LoopProduct-link woocommerce-loop-product__link\">\n\t<span  class=\"onsale\" data-notification=\"default\">Angebot!<\/span>\n\t<img loading=\"lazy\" decoding=\"async\" width=\"300\" height=\"300\" src=\"https:\/\/swisstrailcamps.ch\/wp-content\/uploads\/2023\/06\/2-3-300x300.png\" class=\"attachment-woocommerce_thumbnail size-woocommerce_thumbnail\" alt=\"Standard Trail | 5 Tage | 28.12.2023 - 01.01.2024 | Geteiltes Doppelzimmer\" srcset=\"https:\/\/swisstrailcamps.ch\/wp-content\/uploads\/2023\/06\/2-3-300x300.png 300w, https:\/\/swisstrailcamps.ch\/wp-content\/uploads\/2023\/06\/2-3-150x150.png 150w, https:\/\/swisstrailcamps.ch\/wp-content\/uploads\/2023\/06\/2-3-768x768.png 768w, https:\/\/swisstrailcamps.ch\/wp-content\/uploads\/2023\/06\/2-3-600x600.png 600w, https:\/\/swisstrailcamps.ch\/wp-content\/uploads\/2023\/06\/2-3-100x100.png 100w, https:\/\/swisstrailcamps.ch\/wp-content\/uploads\/2023\/06\/2-3.png 1000w\" sizes=\"(max-width: 300px) 100vw, 300px\" \/><h2 class=\"woocommerce-loop-product__title\">Standard Trail | 5 Tage | 28.12.2023 &#8211; 01.01.2024 | Geteiltes Doppelzimmer<\/h2>\n\t<span class=\"price\"><del aria-hidden=\"true\"><span class=\"woocommerce-Price-amount amount\"><bdi><span class=\"woocommerce-Price-currencySymbol\">&#67;&#72;&#70;<\/span>&nbsp;1'689.00<\/bdi><\/span><\/del> <span class=\"screen-reader-text\">Urspr\u00fcnglicher Preis war: &#067;&#072;&#070;&nbsp;1&#039;689.00<\/span><ins aria-hidden=\"true\"><span class=\"woocommerce-Price-amount amount\"><bdi><span class=\"woocommerce-Price-currencySymbol\">&#67;&#72;&#70;<\/span>&nbsp;1'559.00<\/bdi><\/span><\/ins><span class=\"screen-reader-text\">Aktueller Preis ist: &#067;&#072;&#070;&nbsp;1&#039;559.00.<\/span><\/span>\n\n\n\n<\/a>\n\n\n\n<a href=\"\/de\/wp-json\/wp\/v2\/pages\/4440?add-to-cart=5487\" aria-describedby=\"woocommerce_loop_add_to_cart_link_describedby_5487\" data-quantity=\"1\" class=\"button product_type_simple add_to_cart_button ajax_add_to_cart\" data-product_id=\"5487\" data-product_sku=\"\" aria-label=\"In den Warenkorb legen: \u201eStandard Trail | 5 Tage | 28.12.2023 - 01.01.2024 | Geteiltes Doppelzimmer\u201c\" rel=\"nofollow\" data-success_message=\"\u201eStandard Trail | 5 Tage | 28.12.2023 - 01.01.2024 | Geteiltes Doppelzimmer\u201c wurde deinem Warenkorb hinzugef\u00fcgt\">In den Warenkorb<\/a>\t<span id=\"woocommerce_loop_add_to_cart_link_describedby_5487\" class=\"screen-reader-text\">\n\t\t\t<\/span>\n<\/li>\n<li class=\"desktop-align-left tablet-align-left mobile-align-left product type-product post-5477 status-publish last instock product_cat-trail-5-tage-silvester has-post-thumbnail virtual purchasable product-type-simple\">\n\t<a href=\"https:\/\/swisstrailcamps.ch\/de\/produkt\/last-minute-trail-4-naechte\/\" class=\"woocommerce-LoopProduct-link woocommerce-loop-product__link\"><img loading=\"lazy\" decoding=\"async\" width=\"300\" height=\"300\" src=\"https:\/\/swisstrailcamps.ch\/wp-content\/uploads\/2023\/06\/3-1-300x300.png\" class=\"attachment-woocommerce_thumbnail size-woocommerce_thumbnail\" alt=\"Last Minute Trail | 5 Tage | 28.12.2023 - 01.01.2024 | Geteiltes Doppelzimmer\" srcset=\"https:\/\/swisstrailcamps.ch\/wp-content\/uploads\/2023\/06\/3-1-300x300.png 300w, https:\/\/swisstrailcamps.ch\/wp-content\/uploads\/2023\/06\/3-1-150x150.png 150w, https:\/\/swisstrailcamps.ch\/wp-content\/uploads\/2023\/06\/3-1-768x768.png 768w, https:\/\/swisstrailcamps.ch\/wp-content\/uploads\/2023\/06\/3-1-600x600.png 600w, https:\/\/swisstrailcamps.ch\/wp-content\/uploads\/2023\/06\/3-1-100x100.png 100w, https:\/\/swisstrailcamps.ch\/wp-content\/uploads\/2023\/06\/3-1.png 1000w\" sizes=\"(max-width: 300px) 100vw, 300px\" \/><h2 class=\"woocommerce-loop-product__title\">Last Minute Trail | 5 Tage | 28.12.2023 &#8211; 01.01.2024 | Geteiltes Doppelzimmer<\/h2>\n\t<span class=\"price\"><span class=\"woocommerce-Price-amount amount\"><bdi><span class=\"woocommerce-Price-currencySymbol\">&#67;&#72;&#70;<\/span>&nbsp;1'699.00<\/bdi><\/span><\/span>\n\n\n\n<\/a>\n\n\n\n<a href=\"\/de\/wp-json\/wp\/v2\/pages\/4440?add-to-cart=5477\" aria-describedby=\"woocommerce_loop_add_to_cart_link_describedby_5477\" data-quantity=\"1\" class=\"button product_type_simple add_to_cart_button ajax_add_to_cart\" data-product_id=\"5477\" data-product_sku=\"\" aria-label=\"In den Warenkorb legen: \u201eLast Minute Trail | 5 Tage | 28.12.2023 - 01.01.2024 | Geteiltes Doppelzimmer\u201c\" rel=\"nofollow\" data-success_message=\"\u201eLast Minute Trail | 5 Tage | 28.12.2023 - 01.01.2024 | Geteiltes Doppelzimmer\u201c wurde deinem Warenkorb hinzugef\u00fcgt\">In den Warenkorb<\/a>\t<span id=\"woocommerce_loop_add_to_cart_link_describedby_5477\" class=\"screen-reader-text\">\n\t\t\t<\/span>\n<\/li>\n<\/ul>\n<\/div>\t\t\t\t<\/div>\n\t\t\t\t<\/div>\n\t\t\t\t\t<\/div>\n\t\t<\/div>\n\t\t\t\t\t<\/div>\n\t\t<\/section>\n\t\t\t\t<section class=\"elementor-section elementor-top-section elementor-element elementor-element-2760024 elementor-section-boxed elementor-section-height-default elementor-section-height-default\" data-id=\"2760024\" data-element_type=\"section\" data-e-type=\"section\" data-settings=\"{&quot;background_background&quot;:&quot;classic&quot;}\">\n\t\t\t\t\t\t<div class=\"elementor-container elementor-column-gap-default\">\n\t\t\t\t\t<div class=\"elementor-column elementor-col-100 elementor-top-column elementor-element elementor-element-4e42e53\" data-id=\"4e42e53\" data-element_type=\"column\" data-e-type=\"column\">\n\t\t\t<div class=\"elementor-widget-wrap elementor-element-populated\">\n\t\t\t\t\t\t<div class=\"elementor-element elementor-element-23c1c8d elementor-hidden-desktop elementor-hidden-tablet elementor-hidden-mobile elementor-widget elementor-widget-heading\" data-id=\"23c1c8d\" data-element_type=\"widget\" data-e-type=\"widget\" data-widget_type=\"heading.default\">\n\t\t\t\t<div class=\"elementor-widget-container\">\n\t\t\t\t\t<h2 class=\"elementor-heading-title elementor-size-default\">Silvester Camp f\u00fcr 6 Tage 28.12. - 02.01.2024<\/h2>\t\t\t\t<\/div>\n\t\t\t\t<\/div>\n\t\t\t\t\t<\/div>\n\t\t<\/div>\n\t\t\t\t\t<\/div>\n\t\t<\/section>\n\t\t\t\t<section class=\"elementor-section elementor-top-section elementor-element elementor-element-40d76f7 elementor-section-boxed elementor-section-height-default elementor-section-height-default\" data-id=\"40d76f7\" data-element_type=\"section\" data-e-type=\"section\" data-settings=\"{&quot;background_background&quot;:&quot;classic&quot;}\">\n\t\t\t\t\t\t<div class=\"elementor-container elementor-column-gap-default\">\n\t\t\t\t\t<div class=\"elementor-column elementor-col-100 elementor-top-column elementor-element elementor-element-2810ff6\" data-id=\"2810ff6\" data-element_type=\"column\" data-e-type=\"column\">\n\t\t\t<div class=\"elementor-widget-wrap elementor-element-populated\">\n\t\t\t\t\t\t<div class=\"elementor-element elementor-element-20ecb5d elementor-grid-3 elementor-grid-tablet-1 elementor-grid-mobile-1 elementor-product-loop-item--align-left elementor-hidden-desktop elementor-hidden-tablet elementor-hidden-mobile elementor-products-grid elementor-wc-products elementor-widget elementor-widget-woocommerce-products\" data-id=\"20ecb5d\" data-element_type=\"widget\" data-e-type=\"widget\" data-widget_type=\"woocommerce-products.default\">\n\t\t\t\t<div class=\"elementor-widget-container\">\n\t\t\t\t\t<div class=\"woocommerce columns-3 \"><ul class=\"products elementor-grid columns-3\">\n<li class=\"desktop-align-left tablet-align-left mobile-align-left product type-product post-5420 status-publish first instock product_cat-trail-6-tage-silvester has-post-thumbnail virtual purchasable product-type-simple\">\n\t<a href=\"https:\/\/swisstrailcamps.ch\/de\/produkt\/early-bird-trail-5-naechte\/\" class=\"woocommerce-LoopProduct-link woocommerce-loop-product__link\"><img loading=\"lazy\" decoding=\"async\" width=\"300\" height=\"300\" src=\"https:\/\/swisstrailcamps.ch\/wp-content\/uploads\/2023\/06\/1-1-300x300.png\" class=\"attachment-woocommerce_thumbnail size-woocommerce_thumbnail\" alt=\"Early Bird Trail | 6 Tage | 28.12.2023 - 02.01.2024 | Geteiltes Doppelzimmer\" srcset=\"https:\/\/swisstrailcamps.ch\/wp-content\/uploads\/2023\/06\/1-1-300x300.png 300w, https:\/\/swisstrailcamps.ch\/wp-content\/uploads\/2023\/06\/1-1-150x150.png 150w, https:\/\/swisstrailcamps.ch\/wp-content\/uploads\/2023\/06\/1-1-768x768.png 768w, https:\/\/swisstrailcamps.ch\/wp-content\/uploads\/2023\/06\/1-1-600x600.png 600w, https:\/\/swisstrailcamps.ch\/wp-content\/uploads\/2023\/06\/1-1-100x100.png 100w, https:\/\/swisstrailcamps.ch\/wp-content\/uploads\/2023\/06\/1-1.png 1000w\" sizes=\"(max-width: 300px) 100vw, 300px\" \/><h2 class=\"woocommerce-loop-product__title\">Early Bird Trail | 6 Tage | 28.12.2023 &#8211; 02.01.2024 | Geteiltes Doppelzimmer<\/h2>\n\t<span class=\"price\"><span class=\"woocommerce-Price-amount amount\"><bdi><span class=\"woocommerce-Price-currencySymbol\">&#67;&#72;&#70;<\/span>&nbsp;1'629.00<\/bdi><\/span><\/span>\n\n\n\n<\/a>\n\n\n\n<a href=\"\/de\/wp-json\/wp\/v2\/pages\/4440?add-to-cart=5420\" aria-describedby=\"woocommerce_loop_add_to_cart_link_describedby_5420\" data-quantity=\"1\" class=\"button product_type_simple add_to_cart_button ajax_add_to_cart\" data-product_id=\"5420\" data-product_sku=\"\" aria-label=\"In den Warenkorb legen: \u201eEarly Bird Trail | 6 Tage | 28.12.2023 - 02.01.2024 | Geteiltes Doppelzimmer\u201c\" rel=\"nofollow\" data-success_message=\"\u201eEarly Bird Trail | 6 Tage | 28.12.2023 - 02.01.2024 | Geteiltes Doppelzimmer\u201c wurde deinem Warenkorb hinzugef\u00fcgt\">In den Warenkorb<\/a>\t<span id=\"woocommerce_loop_add_to_cart_link_describedby_5420\" class=\"screen-reader-text\">\n\t\t\t<\/span>\n<\/li>\n<li class=\"desktop-align-left tablet-align-left mobile-align-left product type-product post-5439 status-publish instock product_cat-trail-6-tage-silvester has-post-thumbnail virtual purchasable product-type-simple\">\n\t<a href=\"https:\/\/swisstrailcamps.ch\/de\/produkt\/standard-5-naechte-silvester\/\" class=\"woocommerce-LoopProduct-link woocommerce-loop-product__link\"><img loading=\"lazy\" decoding=\"async\" width=\"300\" height=\"300\" src=\"https:\/\/swisstrailcamps.ch\/wp-content\/uploads\/2023\/06\/2-3-300x300.png\" class=\"attachment-woocommerce_thumbnail size-woocommerce_thumbnail\" alt=\"Standard Trail | 6 Tage | 28.12.2023 - 02.01.2024 | Geteiltes Doppelzimmer\" srcset=\"https:\/\/swisstrailcamps.ch\/wp-content\/uploads\/2023\/06\/2-3-300x300.png 300w, https:\/\/swisstrailcamps.ch\/wp-content\/uploads\/2023\/06\/2-3-150x150.png 150w, https:\/\/swisstrailcamps.ch\/wp-content\/uploads\/2023\/06\/2-3-768x768.png 768w, https:\/\/swisstrailcamps.ch\/wp-content\/uploads\/2023\/06\/2-3-600x600.png 600w, https:\/\/swisstrailcamps.ch\/wp-content\/uploads\/2023\/06\/2-3-100x100.png 100w, https:\/\/swisstrailcamps.ch\/wp-content\/uploads\/2023\/06\/2-3.png 1000w\" sizes=\"(max-width: 300px) 100vw, 300px\" \/><h2 class=\"woocommerce-loop-product__title\">Standard Trail | 6 Tage | 28.12.2023 &#8211; 02.01.2024 | Geteiltes Doppelzimmer<\/h2>\n\t<span class=\"price\"><span class=\"woocommerce-Price-amount amount\"><bdi><span class=\"woocommerce-Price-currencySymbol\">&#67;&#72;&#70;<\/span>&nbsp;1'799.00<\/bdi><\/span><\/span>\n\n\n\n<\/a>\n\n\n\n<a href=\"\/de\/wp-json\/wp\/v2\/pages\/4440?add-to-cart=5439\" aria-describedby=\"woocommerce_loop_add_to_cart_link_describedby_5439\" data-quantity=\"1\" class=\"button product_type_simple add_to_cart_button ajax_add_to_cart\" data-product_id=\"5439\" data-product_sku=\"\" aria-label=\"In den Warenkorb legen: \u201eStandard Trail | 6 Tage | 28.12.2023 - 02.01.2024 | Geteiltes Doppelzimmer\u201c\" rel=\"nofollow\" data-success_message=\"\u201eStandard Trail | 6 Tage | 28.12.2023 - 02.01.2024 | Geteiltes Doppelzimmer\u201c wurde deinem Warenkorb hinzugef\u00fcgt\">In den Warenkorb<\/a>\t<span id=\"woocommerce_loop_add_to_cart_link_describedby_5439\" class=\"screen-reader-text\">\n\t\t\t<\/span>\n<\/li>\n<li class=\"desktop-align-left tablet-align-left mobile-align-left product type-product post-5467 status-publish last instock product_cat-trail-6-tage-silvester has-post-thumbnail virtual purchasable product-type-simple\">\n\t<a href=\"https:\/\/swisstrailcamps.ch\/de\/produkt\/last-minute-trail-5-naechte\/\" class=\"woocommerce-LoopProduct-link woocommerce-loop-product__link\"><img loading=\"lazy\" decoding=\"async\" width=\"300\" height=\"300\" src=\"https:\/\/swisstrailcamps.ch\/wp-content\/uploads\/2023\/06\/3-1-300x300.png\" class=\"attachment-woocommerce_thumbnail size-woocommerce_thumbnail\" alt=\"Last Minute Trail | 6 Tage | 28.12.2023 - 02.01.2024 | Geteiltes Doppelzimmer\" srcset=\"https:\/\/swisstrailcamps.ch\/wp-content\/uploads\/2023\/06\/3-1-300x300.png 300w, https:\/\/swisstrailcamps.ch\/wp-content\/uploads\/2023\/06\/3-1-150x150.png 150w, https:\/\/swisstrailcamps.ch\/wp-content\/uploads\/2023\/06\/3-1-768x768.png 768w, https:\/\/swisstrailcamps.ch\/wp-content\/uploads\/2023\/06\/3-1-600x600.png 600w, https:\/\/swisstrailcamps.ch\/wp-content\/uploads\/2023\/06\/3-1-100x100.png 100w, https:\/\/swisstrailcamps.ch\/wp-content\/uploads\/2023\/06\/3-1.png 1000w\" sizes=\"(max-width: 300px) 100vw, 300px\" \/><h2 class=\"woocommerce-loop-product__title\">Last Minute Trail | 6 Tage | 28.12.2023 &#8211; 02.01.2024 | Geteiltes Doppelzimmer<\/h2>\n\t<span class=\"price\"><span class=\"woocommerce-Price-amount amount\"><bdi><span class=\"woocommerce-Price-currencySymbol\">&#67;&#72;&#70;<\/span>&nbsp;1'819.00<\/bdi><\/span><\/span>\n\n\n\n<\/a>\n\n\n\n<a href=\"\/de\/wp-json\/wp\/v2\/pages\/4440?add-to-cart=5467\" aria-describedby=\"woocommerce_loop_add_to_cart_link_describedby_5467\" data-quantity=\"1\" class=\"button product_type_simple add_to_cart_button ajax_add_to_cart\" data-product_id=\"5467\" data-product_sku=\"\" aria-label=\"In den Warenkorb legen: \u201eLast Minute Trail | 6 Tage | 28.12.2023 - 02.01.2024 | Geteiltes Doppelzimmer\u201c\" rel=\"nofollow\" data-success_message=\"\u201eLast Minute Trail | 6 Tage | 28.12.2023 - 02.01.2024 | Geteiltes Doppelzimmer\u201c wurde deinem Warenkorb hinzugef\u00fcgt\">In den Warenkorb<\/a>\t<span id=\"woocommerce_loop_add_to_cart_link_describedby_5467\" class=\"screen-reader-text\">\n\t\t\t<\/span>\n<\/li>\n<\/ul>\n<\/div>\t\t\t\t<\/div>\n\t\t\t\t<\/div>\n\t\t\t\t\t<\/div>\n\t\t<\/div>\n\t\t\t\t\t<\/div>\n\t\t<\/section>\n\t\t\t\t<section class=\"elementor-section elementor-top-section elementor-element elementor-element-235cf54 elementor-section-full_width elementor-section-stretched elementor-reverse-tablet elementor-reverse-mobile elementor-section-height-default elementor-section-height-default\" data-id=\"235cf54\" data-element_type=\"section\" data-e-type=\"section\" data-settings=\"{&quot;stretch_section&quot;:&quot;section-stretched&quot;}\">\n\t\t\t\t\t\t<div class=\"elementor-container elementor-column-gap-default\">\n\t\t\t\t\t<div class=\"elementor-column elementor-col-50 elementor-top-column elementor-element elementor-element-0b124f7\" data-id=\"0b124f7\" data-element_type=\"column\" data-e-type=\"column\">\n\t\t\t<div class=\"elementor-widget-wrap elementor-element-populated\">\n\t\t\t\t\t\t<div class=\"elementor-element elementor-element-eadc398 elementor-widget elementor-widget-image\" data-id=\"eadc398\" data-element_type=\"widget\" data-e-type=\"widget\" data-widget_type=\"image.default\">\n\t\t\t\t<div class=\"elementor-widget-container\">\n\t\t\t\t\t\t\t\t\t\t\t\t\t\t\t\t<a href=\"https:\/\/swisstrailcamps.ch\/de\/about\">\n\t\t\t\t\t\t\t<img loading=\"lazy\" decoding=\"async\" width=\"1024\" height=\"683\" src=\"https:\/\/swisstrailcamps.ch\/wp-content\/uploads\/2022\/10\/IMG-2319-1024x683.jpg\" class=\"attachment-large size-large wp-image-2072\" alt=\"Trail Running Camps in Switzerland with Trail Running Coach\" srcset=\"https:\/\/swisstrailcamps.ch\/wp-content\/uploads\/2022\/10\/IMG-2319-1024x683.jpg 1024w, https:\/\/swisstrailcamps.ch\/wp-content\/uploads\/2022\/10\/IMG-2319-300x200.jpg 300w, https:\/\/swisstrailcamps.ch\/wp-content\/uploads\/2022\/10\/IMG-2319-768x512.jpg 768w, https:\/\/swisstrailcamps.ch\/wp-content\/uploads\/2022\/10\/IMG-2319-1536x1024.jpg 1536w, https:\/\/swisstrailcamps.ch\/wp-content\/uploads\/2022\/10\/IMG-2319-2048x1365.jpg 2048w, https:\/\/swisstrailcamps.ch\/wp-content\/uploads\/2022\/10\/IMG-2319-600x400.jpg 600w\" sizes=\"(max-width: 1024px) 100vw, 1024px\" \/>\t\t\t\t\t\t\t\t<\/a>\n\t\t\t\t\t\t\t\t\t\t\t\t\t\t\t<\/div>\n\t\t\t\t<\/div>\n\t\t\t\t\t<\/div>\n\t\t<\/div>\n\t\t\t\t<div class=\"elementor-column elementor-col-50 elementor-top-column elementor-element elementor-element-7fbdf93\" data-id=\"7fbdf93\" data-element_type=\"column\" data-e-type=\"column\">\n\t\t\t<div class=\"elementor-widget-wrap elementor-element-populated\">\n\t\t\t\t\t\t<div class=\"elementor-element elementor-element-97d8180 elementor-widget elementor-widget-spacer\" data-id=\"97d8180\" data-element_type=\"widget\" data-e-type=\"widget\" data-widget_type=\"spacer.default\">\n\t\t\t\t<div class=\"elementor-widget-container\">\n\t\t\t\t\t\t\t<div class=\"elementor-spacer\">\n\t\t\t<div class=\"elementor-spacer-inner\"><\/div>\n\t\t<\/div>\n\t\t\t\t\t\t<\/div>\n\t\t\t\t<\/div>\n\t\t\t\t<div class=\"elementor-element elementor-element-abd7708 elementor-widget elementor-widget-heading\" data-id=\"abd7708\" data-element_type=\"widget\" data-e-type=\"widget\" data-widget_type=\"heading.default\">\n\t\t\t\t<div class=\"elementor-widget-container\">\n\t\t\t\t\t<h5 class=\"elementor-heading-title elementor-size-default\">Meet your<\/h5>\t\t\t\t<\/div>\n\t\t\t\t<\/div>\n\t\t\t\t<div class=\"elementor-element elementor-element-55f284d elementor-widget elementor-widget-heading\" data-id=\"55f284d\" data-element_type=\"widget\" data-e-type=\"widget\" data-widget_type=\"heading.default\">\n\t\t\t\t<div class=\"elementor-widget-container\">\n\t\t\t\t\t<h2 class=\"elementor-heading-title elementor-size-default\">Yogalehrerin &amp; Trailrunning Coach<\/h2>\t\t\t\t<\/div>\n\t\t\t\t<\/div>\n\t\t\t\t<div class=\"elementor-element elementor-element-94da58d elementor-widget elementor-widget-text-editor\" data-id=\"94da58d\" data-element_type=\"widget\" data-e-type=\"widget\" data-widget_type=\"text-editor.default\">\n\t\t\t\t<div class=\"elementor-widget-container\">\n\t\t\t\t\t\t\t\t\t<p>Lilli Horbach ist eine erfahrene und von Swiss Athletics zertifizierte Trailrunning Trainerin und Vinyasa Yogalehrerin. Seit mehreren Jahren trainiert sie die <a href=\"https:\/\/adidasrunners.adidas.com\/community\/zurich\">adidas Runners Community<\/a>, adidas Mitarbeiter und Fifa-Mitarbeiter.<\/p>\t\t\t\t\t\t\t\t<\/div>\n\t\t\t\t<\/div>\n\t\t\t\t<div class=\"elementor-element elementor-element-64867a6 elementor-align-center elementor-widget elementor-widget-button\" data-id=\"64867a6\" data-element_type=\"widget\" data-e-type=\"widget\" data-widget_type=\"button.default\">\n\t\t\t\t<div class=\"elementor-widget-container\">\n\t\t\t\t\t\t\t\t\t<div class=\"elementor-button-wrapper\">\n\t\t\t\t\t<a class=\"elementor-button elementor-button-link elementor-size-sm\" href=\"https:\/\/swisstrailcamps.ch\/de\/about\">\n\t\t\t\t\t\t<span class=\"elementor-button-content-wrapper\">\n\t\t\t\t\t\t\t\t\t<span class=\"elementor-button-text\">Mehr<\/span>\n\t\t\t\t\t<\/span>\n\t\t\t\t\t<\/a>\n\t\t\t\t<\/div>\n\t\t\t\t\t\t\t\t<\/div>\n\t\t\t\t<\/div>\n\t\t\t\t<div class=\"elementor-element elementor-element-b37312f elementor-hidden-tablet elementor-hidden-mobile elementor-widget elementor-widget-spacer\" data-id=\"b37312f\" data-element_type=\"widget\" data-e-type=\"widget\" data-widget_type=\"spacer.default\">\n\t\t\t\t<div class=\"elementor-widget-container\">\n\t\t\t\t\t\t\t<div class=\"elementor-spacer\">\n\t\t\t<div class=\"elementor-spacer-inner\"><\/div>\n\t\t<\/div>\n\t\t\t\t\t\t<\/div>\n\t\t\t\t<\/div>\n\t\t\t\t\t<\/div>\n\t\t<\/div>\n\t\t\t\t\t<\/div>\n\t\t<\/section>\n\t\t\t\t<section class=\"elementor-section elementor-top-section elementor-element elementor-element-b63f369 elementor-section-stretched elementor-section-boxed elementor-section-height-default elementor-section-height-default\" data-id=\"b63f369\" data-element_type=\"section\" data-e-type=\"section\" data-settings=\"{&quot;stretch_section&quot;:&quot;section-stretched&quot;}\">\n\t\t\t\t\t\t<div class=\"elementor-container elementor-column-gap-default\">\n\t\t\t\t\t<div class=\"elementor-column elementor-col-50 elementor-top-column elementor-element elementor-element-c052348\" data-id=\"c052348\" data-element_type=\"column\" data-e-type=\"column\">\n\t\t\t<div class=\"elementor-widget-wrap elementor-element-populated\">\n\t\t\t\t\t\t<div class=\"elementor-element elementor-element-bef361a elementor-widget elementor-widget-spacer\" data-id=\"bef361a\" data-element_type=\"widget\" data-e-type=\"widget\" data-widget_type=\"spacer.default\">\n\t\t\t\t<div class=\"elementor-widget-container\">\n\t\t\t\t\t\t\t<div class=\"elementor-spacer\">\n\t\t\t<div class=\"elementor-spacer-inner\"><\/div>\n\t\t<\/div>\n\t\t\t\t\t\t<\/div>\n\t\t\t\t<\/div>\n\t\t\t\t<div class=\"elementor-element elementor-element-32f1189 elementor-widget elementor-widget-heading\" data-id=\"32f1189\" data-element_type=\"widget\" data-e-type=\"widget\" data-widget_type=\"heading.default\">\n\t\t\t\t<div class=\"elementor-widget-container\">\n\t\t\t\t\t<h5 class=\"elementor-heading-title elementor-size-default\">Meet your<\/h5>\t\t\t\t<\/div>\n\t\t\t\t<\/div>\n\t\t\t\t<div class=\"elementor-element elementor-element-5b4387a elementor-widget elementor-widget-heading\" data-id=\"5b4387a\" data-element_type=\"widget\" data-e-type=\"widget\" data-widget_type=\"heading.default\">\n\t\t\t\t<div class=\"elementor-widget-container\">\n\t\t\t\t\t<h2 class=\"elementor-heading-title elementor-size-default\">Trailrunning Coach<\/h2>\t\t\t\t<\/div>\n\t\t\t\t<\/div>\n\t\t\t\t<div class=\"elementor-element elementor-element-f427ef3 elementor-widget elementor-widget-text-editor\" data-id=\"f427ef3\" data-element_type=\"widget\" data-e-type=\"widget\" data-widget_type=\"text-editor.default\">\n\t\t\t\t<div class=\"elementor-widget-container\">\n\t\t\t\t\t\t\t\t\t<p>Amelie Lefeber ist eine erfahrene und leidenschaftliche Ultra-Trailrunnerin und zertifizierte Lauftrainerin von Swiss Athletics.<br \/>Zus\u00e4tzlich betreibt sie Triathlon als Erg\u00e4nzung zum Laufen und ist zertifizierter Fitnesstrainer.<\/p>\t\t\t\t\t\t\t\t<\/div>\n\t\t\t\t<\/div>\n\t\t\t\t<div class=\"elementor-element elementor-element-aed3380 elementor-shape-rounded elementor-grid-0 e-grid-align-center elementor-widget elementor-widget-social-icons\" data-id=\"aed3380\" data-element_type=\"widget\" data-e-type=\"widget\" data-widget_type=\"social-icons.default\">\n\t\t\t\t<div class=\"elementor-widget-container\">\n\t\t\t\t\t\t\t<div class=\"elementor-social-icons-wrapper elementor-grid\">\n\t\t\t\t\t\t\t<span class=\"elementor-grid-item\">\n\t\t\t\t\t<a class=\"elementor-icon elementor-social-icon elementor-social-icon-instagram elementor-repeater-item-974c604\" href=\"https:\/\/www.instagram.com\/aa_le\/\" target=\"_blank\">\n\t\t\t\t\t\t<span class=\"elementor-screen-only\">Instagram<\/span>\n\t\t\t\t\t\t<i aria-hidden=\"true\" class=\"fab fa-instagram\"><\/i>\t\t\t\t\t<\/a>\n\t\t\t\t<\/span>\n\t\t\t\t\t<\/div>\n\t\t\t\t\t\t<\/div>\n\t\t\t\t<\/div>\n\t\t\t\t<div class=\"elementor-element elementor-element-3205c4d elementor-hidden-tablet elementor-hidden-mobile elementor-widget elementor-widget-spacer\" data-id=\"3205c4d\" data-element_type=\"widget\" data-e-type=\"widget\" data-widget_type=\"spacer.default\">\n\t\t\t\t<div class=\"elementor-widget-container\">\n\t\t\t\t\t\t\t<div class=\"elementor-spacer\">\n\t\t\t<div class=\"elementor-spacer-inner\"><\/div>\n\t\t<\/div>\n\t\t\t\t\t\t<\/div>\n\t\t\t\t<\/div>\n\t\t\t\t\t<\/div>\n\t\t<\/div>\n\t\t\t\t<div class=\"elementor-column elementor-col-50 elementor-top-column elementor-element elementor-element-2bb51fd\" data-id=\"2bb51fd\" data-element_type=\"column\" data-e-type=\"column\">\n\t\t\t<div class=\"elementor-widget-wrap elementor-element-populated\">\n\t\t\t\t\t\t<div class=\"elementor-element elementor-element-aa8cc66 elementor-widget elementor-widget-image\" data-id=\"aa8cc66\" data-element_type=\"widget\" data-e-type=\"widget\" data-widget_type=\"image.default\">\n\t\t\t\t<div class=\"elementor-widget-container\">\n\t\t\t\t\t\t\t\t\t\t\t\t\t\t\t\t<a href=\"https:\/\/www.instagram.com\/aa_le\/\" target=\"_blank\">\n\t\t\t\t\t\t\t<img loading=\"lazy\" decoding=\"async\" width=\"1024\" height=\"683\" src=\"https:\/\/swisstrailcamps.ch\/wp-content\/uploads\/2023\/05\/MMarktl_aIT22_Community-Weekend-18955-1-scaled-1-1024x683.jpg\" class=\"attachment-large size-large wp-image-4514\" alt=\"\" srcset=\"https:\/\/swisstrailcamps.ch\/wp-content\/uploads\/2023\/05\/MMarktl_aIT22_Community-Weekend-18955-1-scaled-1-1024x683.jpg 1024w, https:\/\/swisstrailcamps.ch\/wp-content\/uploads\/2023\/05\/MMarktl_aIT22_Community-Weekend-18955-1-scaled-1-300x200.jpg 300w, https:\/\/swisstrailcamps.ch\/wp-content\/uploads\/2023\/05\/MMarktl_aIT22_Community-Weekend-18955-1-scaled-1-768x512.jpg 768w, https:\/\/swisstrailcamps.ch\/wp-content\/uploads\/2023\/05\/MMarktl_aIT22_Community-Weekend-18955-1-scaled-1-1536x1024.jpg 1536w, https:\/\/swisstrailcamps.ch\/wp-content\/uploads\/2023\/05\/MMarktl_aIT22_Community-Weekend-18955-1-scaled-1-2048x1366.jpg 2048w, https:\/\/swisstrailcamps.ch\/wp-content\/uploads\/2023\/05\/MMarktl_aIT22_Community-Weekend-18955-1-scaled-1-600x400.jpg 600w\" sizes=\"(max-width: 1024px) 100vw, 1024px\" \/>\t\t\t\t\t\t\t\t<\/a>\n\t\t\t\t\t\t\t\t\t\t\t\t\t\t\t<\/div>\n\t\t\t\t<\/div>\n\t\t\t\t\t<\/div>\n\t\t<\/div>\n\t\t\t\t\t<\/div>\n\t\t<\/section>\n\t\t\t\t<section class=\"elementor-section elementor-top-section elementor-element elementor-element-62e5d7c elementor-reverse-tablet elementor-reverse-mobile elementor-section-boxed elementor-section-height-default elementor-section-height-default\" data-id=\"62e5d7c\" data-element_type=\"section\" data-e-type=\"section\">\n\t\t\t\t\t\t<div class=\"elementor-container elementor-column-gap-default\">\n\t\t\t\t\t<div class=\"elementor-column elementor-col-50 elementor-top-column elementor-element elementor-element-7b9d643\" data-id=\"7b9d643\" data-element_type=\"column\" data-e-type=\"column\">\n\t\t\t<div class=\"elementor-widget-wrap elementor-element-populated\">\n\t\t\t\t\t\t<div class=\"elementor-element elementor-element-ea4265e elementor-widget elementor-widget-image\" data-id=\"ea4265e\" data-element_type=\"widget\" data-e-type=\"widget\" data-widget_type=\"image.default\">\n\t\t\t\t<div class=\"elementor-widget-container\">\n\t\t\t\t\t\t\t\t\t\t\t\t\t\t\t\t<a href=\"https:\/\/andreahofmann.ch\" target=\"_blank\">\n\t\t\t\t\t\t\t<img loading=\"lazy\" decoding=\"async\" width=\"1024\" height=\"683\" src=\"https:\/\/swisstrailcamps.ch\/wp-content\/uploads\/2023\/05\/mail-1-1024x683.jpeg\" class=\"attachment-large size-large wp-image-4826\" alt=\"\" srcset=\"https:\/\/swisstrailcamps.ch\/wp-content\/uploads\/2023\/05\/mail-1-1024x683.jpeg 1024w, https:\/\/swisstrailcamps.ch\/wp-content\/uploads\/2023\/05\/mail-1-300x200.jpeg 300w, https:\/\/swisstrailcamps.ch\/wp-content\/uploads\/2023\/05\/mail-1-768x512.jpeg 768w, https:\/\/swisstrailcamps.ch\/wp-content\/uploads\/2023\/05\/mail-1-600x400.jpeg 600w, https:\/\/swisstrailcamps.ch\/wp-content\/uploads\/2023\/05\/mail-1.jpeg 1500w\" sizes=\"(max-width: 1024px) 100vw, 1024px\" \/>\t\t\t\t\t\t\t\t<\/a>\n\t\t\t\t\t\t\t\t\t\t\t\t\t\t\t<\/div>\n\t\t\t\t<\/div>\n\t\t\t\t\t<\/div>\n\t\t<\/div>\n\t\t\t\t<div class=\"elementor-column elementor-col-50 elementor-top-column elementor-element elementor-element-8e5d803\" data-id=\"8e5d803\" data-element_type=\"column\" data-e-type=\"column\">\n\t\t\t<div class=\"elementor-widget-wrap elementor-element-populated\">\n\t\t\t\t\t\t<div class=\"elementor-element elementor-element-fcb1c93 elementor-widget elementor-widget-spacer\" data-id=\"fcb1c93\" data-element_type=\"widget\" data-e-type=\"widget\" data-widget_type=\"spacer.default\">\n\t\t\t\t<div class=\"elementor-widget-container\">\n\t\t\t\t\t\t\t<div class=\"elementor-spacer\">\n\t\t\t<div class=\"elementor-spacer-inner\"><\/div>\n\t\t<\/div>\n\t\t\t\t\t\t<\/div>\n\t\t\t\t<\/div>\n\t\t\t\t<div class=\"elementor-element elementor-element-d71acf4 elementor-widget elementor-widget-heading\" data-id=\"d71acf4\" data-element_type=\"widget\" data-e-type=\"widget\" data-widget_type=\"heading.default\">\n\t\t\t\t<div class=\"elementor-widget-container\">\n\t\t\t\t\t<h5 class=\"elementor-heading-title elementor-size-default\">Meet your<\/h5>\t\t\t\t<\/div>\n\t\t\t\t<\/div>\n\t\t\t\t<div class=\"elementor-element elementor-element-a9d54d0 elementor-widget elementor-widget-heading\" data-id=\"a9d54d0\" data-element_type=\"widget\" data-e-type=\"widget\" data-widget_type=\"heading.default\">\n\t\t\t\t<div class=\"elementor-widget-container\">\n\t\t\t\t\t<h2 class=\"elementor-heading-title elementor-size-default\">Trailrunning Coach<\/h2>\t\t\t\t<\/div>\n\t\t\t\t<\/div>\n\t\t\t\t<div class=\"elementor-element elementor-element-b1ce759 elementor-widget elementor-widget-text-editor\" data-id=\"b1ce759\" data-element_type=\"widget\" data-e-type=\"widget\" data-widget_type=\"text-editor.default\">\n\t\t\t\t<div class=\"elementor-widget-container\">\n\t\t\t\t\t\t\t\t\t<p>Bj\u00f6rn Gelhorn ist als Transalpine-Run-Finisher und zertifizierter Trail-Trainer von Swiss Athletics mit Leib und Seele in diesem Sport zu Hause. Als Stress-Mentor und Sport Lead der DACH-Region bringt er seine Passion und Erfahrungen auch in seiner Anstellung als Unternehmensberater mit ein.<\/p><p>\u00a0<\/p>\t\t\t\t\t\t\t\t<\/div>\n\t\t\t\t<\/div>\n\t\t\t\t<div class=\"elementor-element elementor-element-65840e7 elementor-shape-rounded elementor-grid-0 e-grid-align-center elementor-widget elementor-widget-social-icons\" data-id=\"65840e7\" data-element_type=\"widget\" data-e-type=\"widget\" data-widget_type=\"social-icons.default\">\n\t\t\t\t<div class=\"elementor-widget-container\">\n\t\t\t\t\t\t\t<div class=\"elementor-social-icons-wrapper elementor-grid\">\n\t\t\t\t\t\t\t<span class=\"elementor-grid-item\">\n\t\t\t\t\t<a class=\"elementor-icon elementor-social-icon elementor-social-icon-instagram elementor-repeater-item-974c604\" href=\"https:\/\/www.instagram.com\/bee.out.there\/\" target=\"_blank\">\n\t\t\t\t\t\t<span class=\"elementor-screen-only\">Instagram<\/span>\n\t\t\t\t\t\t<i aria-hidden=\"true\" class=\"fab fa-instagram\"><\/i>\t\t\t\t\t<\/a>\n\t\t\t\t<\/span>\n\t\t\t\t\t<\/div>\n\t\t\t\t\t\t<\/div>\n\t\t\t\t<\/div>\n\t\t\t\t\t<\/div>\n\t\t<\/div>\n\t\t\t\t\t<\/div>\n\t\t<\/section>\n\t\t\t\t<section class=\"elementor-section elementor-top-section elementor-element elementor-element-988f74d elementor-section-boxed elementor-section-height-default elementor-section-height-default\" data-id=\"988f74d\" data-element_type=\"section\" data-e-type=\"section\">\n\t\t\t\t\t\t<div class=\"elementor-container elementor-column-gap-default\">\n\t\t\t\t\t<div class=\"elementor-column elementor-col-50 elementor-top-column elementor-element elementor-element-e7508bf\" data-id=\"e7508bf\" data-element_type=\"column\" data-e-type=\"column\">\n\t\t\t<div class=\"elementor-widget-wrap elementor-element-populated\">\n\t\t\t\t\t\t<div class=\"elementor-element elementor-element-5297845 elementor-widget elementor-widget-spacer\" data-id=\"5297845\" data-element_type=\"widget\" data-e-type=\"widget\" data-widget_type=\"spacer.default\">\n\t\t\t\t<div class=\"elementor-widget-container\">\n\t\t\t\t\t\t\t<div class=\"elementor-spacer\">\n\t\t\t<div class=\"elementor-spacer-inner\"><\/div>\n\t\t<\/div>\n\t\t\t\t\t\t<\/div>\n\t\t\t\t<\/div>\n\t\t\t\t<div class=\"elementor-element elementor-element-73e5058 elementor-widget elementor-widget-heading\" data-id=\"73e5058\" data-element_type=\"widget\" data-e-type=\"widget\" data-widget_type=\"heading.default\">\n\t\t\t\t<div class=\"elementor-widget-container\">\n\t\t\t\t\t<h5 class=\"elementor-heading-title elementor-size-default\">Meet your<\/h5>\t\t\t\t<\/div>\n\t\t\t\t<\/div>\n\t\t\t\t<div class=\"elementor-element elementor-element-95b6b96 elementor-widget elementor-widget-heading\" data-id=\"95b6b96\" data-element_type=\"widget\" data-e-type=\"widget\" data-widget_type=\"heading.default\">\n\t\t\t\t<div class=\"elementor-widget-container\">\n\t\t\t\t\t<h2 class=\"elementor-heading-title elementor-size-default\">Nutrition Expert<\/h2>\t\t\t\t<\/div>\n\t\t\t\t<\/div>\n\t\t\t\t<div class=\"elementor-element elementor-element-cc7bda5 elementor-widget elementor-widget-text-editor\" data-id=\"cc7bda5\" data-element_type=\"widget\" data-e-type=\"widget\" data-widget_type=\"text-editor.default\">\n\t\t\t\t<div class=\"elementor-widget-container\">\n\t\t\t\t\t\t\t\t\t<p>Denis Pfeiffer ist zertifizierter Lifestyle-Mediziner und vereint berufliche Erfahrung und Expertise u.a. im Bereich der Ern\u00e4hrungs- und Sportmedizin. Als Pr\u00e4sident der &#8222;Physicians Association for Nutrition Switzerland&#8220; setzt er sich daf\u00fcr ein, dass gesunde Ern\u00e4hrung in der Gesellschaft einen h\u00f6heren Stellenwert erlangt. Seine sportliche Leidenschaft gilt vor allem dem funktionellen Krafttraining oder Calisthenics.<\/p>\t\t\t\t\t\t\t\t<\/div>\n\t\t\t\t<\/div>\n\t\t\t\t\t<\/div>\n\t\t<\/div>\n\t\t\t\t<div class=\"elementor-column elementor-col-50 elementor-top-column elementor-element elementor-element-d76a731\" data-id=\"d76a731\" data-element_type=\"column\" data-e-type=\"column\">\n\t\t\t<div class=\"elementor-widget-wrap elementor-element-populated\">\n\t\t\t\t\t\t<div class=\"elementor-element elementor-element-76047ed elementor-widget elementor-widget-image\" data-id=\"76047ed\" data-element_type=\"widget\" data-e-type=\"widget\" data-widget_type=\"image.default\">\n\t\t\t\t<div class=\"elementor-widget-container\">\n\t\t\t\t\t\t\t\t\t\t\t\t\t\t\t\t<a href=\"https:\/\/andreahofmann.ch\" target=\"_blank\">\n\t\t\t\t\t\t\t<img loading=\"lazy\" decoding=\"async\" width=\"683\" height=\"1024\" src=\"https:\/\/swisstrailcamps.ch\/wp-content\/uploads\/2023\/05\/IMG_6081-scaled-2-1-683x1024.jpg\" class=\"attachment-large size-large wp-image-4781\" alt=\"\" srcset=\"https:\/\/swisstrailcamps.ch\/wp-content\/uploads\/2023\/05\/IMG_6081-scaled-2-1-683x1024.jpg 683w, https:\/\/swisstrailcamps.ch\/wp-content\/uploads\/2023\/05\/IMG_6081-scaled-2-1-200x300.jpg 200w, https:\/\/swisstrailcamps.ch\/wp-content\/uploads\/2023\/05\/IMG_6081-scaled-2-1-768x1152.jpg 768w, https:\/\/swisstrailcamps.ch\/wp-content\/uploads\/2023\/05\/IMG_6081-scaled-2-1-1024x1536.jpg 1024w, https:\/\/swisstrailcamps.ch\/wp-content\/uploads\/2023\/05\/IMG_6081-scaled-2-1-1366x2048.jpg 1366w, https:\/\/swisstrailcamps.ch\/wp-content\/uploads\/2023\/05\/IMG_6081-scaled-2-1-600x900.jpg 600w, https:\/\/swisstrailcamps.ch\/wp-content\/uploads\/2023\/05\/IMG_6081-scaled-2-1.jpg 1707w\" sizes=\"(max-width: 683px) 100vw, 683px\" \/>\t\t\t\t\t\t\t\t<\/a>\n\t\t\t\t\t\t\t\t\t\t\t\t\t\t\t<\/div>\n\t\t\t\t<\/div>\n\t\t\t\t\t<\/div>\n\t\t<\/div>\n\t\t\t\t\t<\/div>\n\t\t<\/section>\n\t\t\t\t<section class=\"elementor-section elementor-top-section elementor-element elementor-element-bafaf0b elementor-section-full_width elementor-section-stretched elementor-section-height-default elementor-section-height-default\" data-id=\"bafaf0b\" data-element_type=\"section\" data-e-type=\"section\" data-settings=\"{&quot;background_background&quot;:&quot;classic&quot;,&quot;stretch_section&quot;:&quot;section-stretched&quot;}\">\n\t\t\t\t\t\t<div class=\"elementor-container elementor-column-gap-default\">\n\t\t\t\t\t<div class=\"elementor-column elementor-col-100 elementor-top-column elementor-element elementor-element-ff6ac21\" data-id=\"ff6ac21\" data-element_type=\"column\" data-e-type=\"column\">\n\t\t\t<div class=\"elementor-widget-wrap elementor-element-populated\">\n\t\t\t\t\t\t<div class=\"elementor-element elementor-element-506707c elementor-widget elementor-widget-spacer\" data-id=\"506707c\" data-element_type=\"widget\" data-e-type=\"widget\" data-widget_type=\"spacer.default\">\n\t\t\t\t<div class=\"elementor-widget-container\">\n\t\t\t\t\t\t\t<div class=\"elementor-spacer\">\n\t\t\t<div class=\"elementor-spacer-inner\"><\/div>\n\t\t<\/div>\n\t\t\t\t\t\t<\/div>\n\t\t\t\t<\/div>\n\t\t\t\t<div class=\"elementor-element elementor-element-91489be elementor-widget elementor-widget-heading\" data-id=\"91489be\" data-element_type=\"widget\" data-e-type=\"widget\" data-widget_type=\"heading.default\">\n\t\t\t\t<div class=\"elementor-widget-container\">\n\t\t\t\t\t<h2 class=\"elementor-heading-title elementor-size-default\">Mallorca Trailrunning Camp FAQs<\/h2>\t\t\t\t<\/div>\n\t\t\t\t<\/div>\n\t\t\t\t<div class=\"elementor-element elementor-element-0ab3cb1 elementor-widget elementor-widget-spacer\" data-id=\"0ab3cb1\" data-element_type=\"widget\" data-e-type=\"widget\" data-widget_type=\"spacer.default\">\n\t\t\t\t<div class=\"elementor-widget-container\">\n\t\t\t\t\t\t\t<div class=\"elementor-spacer\">\n\t\t\t<div class=\"elementor-spacer-inner\"><\/div>\n\t\t<\/div>\n\t\t\t\t\t\t<\/div>\n\t\t\t\t<\/div>\n\t\t\t\t<div class=\"elementor-element elementor-element-a2a1846 elementor-widget elementor-widget-accordion\" data-id=\"a2a1846\" data-element_type=\"widget\" data-e-type=\"widget\" data-widget_type=\"accordion.default\">\n\t\t\t\t<div class=\"elementor-widget-container\">\n\t\t\t\t\t\t\t<div class=\"elementor-accordion\">\n\t\t\t\t\t\t\t<div class=\"elementor-accordion-item\">\n\t\t\t\t\t<div id=\"elementor-tab-title-1701\" class=\"elementor-tab-title\" data-tab=\"1\" role=\"button\" aria-controls=\"elementor-tab-content-1701\" aria-expanded=\"false\">\n\t\t\t\t\t\t\t\t\t\t\t\t\t<span class=\"elementor-accordion-icon elementor-accordion-icon-left\" aria-hidden=\"true\">\n\t\t\t\t\t\t\t\t\t\t\t\t\t\t\t<span class=\"elementor-accordion-icon-closed\"><i class=\"fas fa-chevron-down\"><\/i><\/span>\n\t\t\t\t\t\t\t\t<span class=\"elementor-accordion-icon-opened\"><i class=\"fas fa-minus\"><\/i><\/span>\n\t\t\t\t\t\t\t\t\t\t\t\t\t\t<\/span>\n\t\t\t\t\t\t\t\t\t\t\t\t<a class=\"elementor-accordion-title\" tabindex=\"0\">Meine Begleitung ist keine L\u00e4ufer:in<\/a>\n\t\t\t\t\t<\/div>\n\t\t\t\t\t<div id=\"elementor-tab-content-1701\" class=\"elementor-tab-content elementor-clearfix\" data-tab=\"1\" role=\"region\" aria-labelledby=\"elementor-tab-title-1701\"><p>Ihr k\u00f6nnt gerne zu zweit am Silvester Camp teilnehmen und gemeinsames Zimmer buchen (gerne als Info bei der Buchung hinzuf\u00fcgen). Wir veranstalten zur gleichen Zeit ein Mallorca Yoga Retreat im gleichen Hotel. Deine Begleitung kann gerne an diesem Retreat teilnehmen. Einige Programmpunkte werden \u00e4hnlich sein.\u00a0<\/p><\/div>\n\t\t\t\t<\/div>\n\t\t\t\t\t\t\t<div class=\"elementor-accordion-item\">\n\t\t\t\t\t<div id=\"elementor-tab-title-1702\" class=\"elementor-tab-title\" data-tab=\"2\" role=\"button\" aria-controls=\"elementor-tab-content-1702\" aria-expanded=\"false\">\n\t\t\t\t\t\t\t\t\t\t\t\t\t<span class=\"elementor-accordion-icon elementor-accordion-icon-left\" aria-hidden=\"true\">\n\t\t\t\t\t\t\t\t\t\t\t\t\t\t\t<span class=\"elementor-accordion-icon-closed\"><i class=\"fas fa-chevron-down\"><\/i><\/span>\n\t\t\t\t\t\t\t\t<span class=\"elementor-accordion-icon-opened\"><i class=\"fas fa-minus\"><\/i><\/span>\n\t\t\t\t\t\t\t\t\t\t\t\t\t\t<\/span>\n\t\t\t\t\t\t\t\t\t\t\t\t<a class=\"elementor-accordion-title\" tabindex=\"0\">Welches Trailrunning-Niveau ist erforderlich?<\/a>\n\t\t\t\t\t<\/div>\n\t\t\t\t\t<div id=\"elementor-tab-content-1702\" class=\"elementor-tab-content elementor-clearfix\" data-tab=\"2\" role=\"region\" aria-labelledby=\"elementor-tab-title-1702\"><p>Wir werden Dich vorher nach Deiner Erfahrung im Trailrunning fragen.<br \/><span style=\"font-style: inherit; font-weight: inherit; letter-spacing: 0px;\">Das Trailrunning Camp ist sowohl f\u00fcr Einsteiger als auch f\u00fcr Fortgeschrittene geeignet. Du solltest<\/span>\u00a0in der Lage sein, eine Stunde am St\u00fcck zu laufen.<br \/>Du kannst uns auch eine E-Mail schreiben und wir werden pr\u00fcfen, ob Du die Anforderungen erf\u00fcllen: <a href=\"mailto:hello@swisstrailcamps.ch\">hello@swisstrailcamps.ch<\/a><\/p><\/div>\n\t\t\t\t<\/div>\n\t\t\t\t\t\t\t<div class=\"elementor-accordion-item\">\n\t\t\t\t\t<div id=\"elementor-tab-title-1703\" class=\"elementor-tab-title\" data-tab=\"3\" role=\"button\" aria-controls=\"elementor-tab-content-1703\" aria-expanded=\"false\">\n\t\t\t\t\t\t\t\t\t\t\t\t\t<span class=\"elementor-accordion-icon elementor-accordion-icon-left\" aria-hidden=\"true\">\n\t\t\t\t\t\t\t\t\t\t\t\t\t\t\t<span class=\"elementor-accordion-icon-closed\"><i class=\"fas fa-chevron-down\"><\/i><\/span>\n\t\t\t\t\t\t\t\t<span class=\"elementor-accordion-icon-opened\"><i class=\"fas fa-minus\"><\/i><\/span>\n\t\t\t\t\t\t\t\t\t\t\t\t\t\t<\/span>\n\t\t\t\t\t\t\t\t\t\t\t\t<a class=\"elementor-accordion-title\" tabindex=\"0\">Kann ich das Zimmer mit einem Freund teilen?<\/a>\n\t\t\t\t\t<\/div>\n\t\t\t\t\t<div id=\"elementor-tab-content-1703\" class=\"elementor-tab-content elementor-clearfix\" data-tab=\"3\" role=\"region\" aria-labelledby=\"elementor-tab-title-1703\"><p>Jeder Gast muss eine separate Buchung vornehmen, aber Du kannst eine Anfrage stellen und den Namen Deines Freundes, mit dem Du das Zimmer teilen m\u00f6chtest, in das Informationsfeld an der Kasse eintragen.<\/p><\/div>\n\t\t\t\t<\/div>\n\t\t\t\t\t\t\t<div class=\"elementor-accordion-item\">\n\t\t\t\t\t<div id=\"elementor-tab-title-1704\" class=\"elementor-tab-title\" data-tab=\"4\" role=\"button\" aria-controls=\"elementor-tab-content-1704\" aria-expanded=\"false\">\n\t\t\t\t\t\t\t\t\t\t\t\t\t<span class=\"elementor-accordion-icon elementor-accordion-icon-left\" aria-hidden=\"true\">\n\t\t\t\t\t\t\t\t\t\t\t\t\t\t\t<span class=\"elementor-accordion-icon-closed\"><i class=\"fas fa-chevron-down\"><\/i><\/span>\n\t\t\t\t\t\t\t\t<span class=\"elementor-accordion-icon-opened\"><i class=\"fas fa-minus\"><\/i><\/span>\n\t\t\t\t\t\t\t\t\t\t\t\t\t\t<\/span>\n\t\t\t\t\t\t\t\t\t\t\t\t<a class=\"elementor-accordion-title\" tabindex=\"0\">Kann ich als Einzelperson ein Doppelzimmer buchen?<\/a>\n\t\t\t\t\t<\/div>\n\t\t\t\t\t<div id=\"elementor-tab-content-1704\" class=\"elementor-tab-content elementor-clearfix\" data-tab=\"4\" role=\"region\" aria-labelledby=\"elementor-tab-title-1704\"><p>Ja. Wenn Du als Einzelperson ein Mehrbettzimmer buchst, wird Dein Zimmer nach dem Zufallsprinzip einem anderen Teilnehmer zugewiesen.<\/p><\/div>\n\t\t\t\t<\/div>\n\t\t\t\t\t\t\t<div class=\"elementor-accordion-item\">\n\t\t\t\t\t<div id=\"elementor-tab-title-1705\" class=\"elementor-tab-title\" data-tab=\"5\" role=\"button\" aria-controls=\"elementor-tab-content-1705\" aria-expanded=\"false\">\n\t\t\t\t\t\t\t\t\t\t\t\t\t<span class=\"elementor-accordion-icon elementor-accordion-icon-left\" aria-hidden=\"true\">\n\t\t\t\t\t\t\t\t\t\t\t\t\t\t\t<span class=\"elementor-accordion-icon-closed\"><i class=\"fas fa-chevron-down\"><\/i><\/span>\n\t\t\t\t\t\t\t\t<span class=\"elementor-accordion-icon-opened\"><i class=\"fas fa-minus\"><\/i><\/span>\n\t\t\t\t\t\t\t\t\t\t\t\t\t\t<\/span>\n\t\t\t\t\t\t\t\t\t\t\t\t<a class=\"elementor-accordion-title\" tabindex=\"0\">Ich werde fr\u00fcher an- \/abreisen oder sp\u00e4ter abreisen?<\/a>\n\t\t\t\t\t<\/div>\n\t\t\t\t\t<div id=\"elementor-tab-content-1705\" class=\"elementor-tab-content elementor-clearfix\" data-tab=\"5\" role=\"region\" aria-labelledby=\"elementor-tab-title-1705\"><p>Deine Reisepl\u00e4ne sehen etwas anders aus? Schicke uns eine E-Mail an <a href=\"mailto:hello@swisstrailcamps.ch\">hello@swisstrailcamps.ch<\/a>.<\/p><\/div>\n\t\t\t\t<\/div>\n\t\t\t\t\t\t\t<div class=\"elementor-accordion-item\">\n\t\t\t\t\t<div id=\"elementor-tab-title-1706\" class=\"elementor-tab-title\" data-tab=\"6\" role=\"button\" aria-controls=\"elementor-tab-content-1706\" aria-expanded=\"false\">\n\t\t\t\t\t\t\t\t\t\t\t\t\t<span class=\"elementor-accordion-icon elementor-accordion-icon-left\" aria-hidden=\"true\">\n\t\t\t\t\t\t\t\t\t\t\t\t\t\t\t<span class=\"elementor-accordion-icon-closed\"><i class=\"fas fa-chevron-down\"><\/i><\/span>\n\t\t\t\t\t\t\t\t<span class=\"elementor-accordion-icon-opened\"><i class=\"fas fa-minus\"><\/i><\/span>\n\t\t\t\t\t\t\t\t\t\t\t\t\t\t<\/span>\n\t\t\t\t\t\t\t\t\t\t\t\t<a class=\"elementor-accordion-title\" tabindex=\"0\">Welche Ausr\u00fcstung ist erforderlich?<\/a>\n\t\t\t\t\t<\/div>\n\t\t\t\t\t<div id=\"elementor-tab-content-1706\" class=\"elementor-tab-content elementor-clearfix\" data-tab=\"6\" role=\"region\" aria-labelledby=\"elementor-tab-title-1706\"><div><p>Obligatorische Ausr\u00fcstung<\/p><\/div><div>&#8211; Trail Running Schuhe<\/div><div>&#8211; Trail Running Weste, G\u00fcrtel oder Rucksack<\/div><div>&#8211; Rettungsdecke<\/div><div>&#8211; Wasser min. 500ml<\/div><div>&#8211; Telefon<\/div><div>&#8211; Sonnenschutz<\/div><div>&#8211; Trillerpfeife (meist an der Laufweste befestigt)<\/div><div>\u00a0<\/div><div>Zus\u00e4tzlich:<\/div><div>&#8211; Sonnenbrille<\/div><div>&#8211; Laufnahrung: Gele, Riegel usw.<\/div><div>&#8211; Regenjacke \/ Windbreaker<\/div><div>&#8211; Erste-Hilfe-Kasten<\/div><div>&#8211; Regenhosen<\/div><div>&#8211; Isoliertes Hemd und Hose<\/div><div>&#8211; Stirnband<\/div><\/div>\n\t\t\t\t<\/div>\n\t\t\t\t\t\t\t<div class=\"elementor-accordion-item\">\n\t\t\t\t\t<div id=\"elementor-tab-title-1707\" class=\"elementor-tab-title\" data-tab=\"7\" role=\"button\" aria-controls=\"elementor-tab-content-1707\" aria-expanded=\"false\">\n\t\t\t\t\t\t\t\t\t\t\t\t\t<span class=\"elementor-accordion-icon elementor-accordion-icon-left\" aria-hidden=\"true\">\n\t\t\t\t\t\t\t\t\t\t\t\t\t\t\t<span class=\"elementor-accordion-icon-closed\"><i class=\"fas fa-chevron-down\"><\/i><\/span>\n\t\t\t\t\t\t\t\t<span class=\"elementor-accordion-icon-opened\"><i class=\"fas fa-minus\"><\/i><\/span>\n\t\t\t\t\t\t\t\t\t\t\t\t\t\t<\/span>\n\t\t\t\t\t\t\t\t\t\t\t\t<a class=\"elementor-accordion-title\" tabindex=\"0\">Kann ich Yoga auslassen?<\/a>\n\t\t\t\t\t<\/div>\n\t\t\t\t\t<div id=\"elementor-tab-content-1707\" class=\"elementor-tab-content elementor-clearfix\" data-tab=\"7\" role=\"region\" aria-labelledby=\"elementor-tab-title-1707\"><p>Ja, wenn Du Deine Freizeit geniessen willst, kannst Du die Yogastunde einfach ausfallen lassen.<\/p><\/div>\n\t\t\t\t<\/div>\n\t\t\t\t\t\t\t<div class=\"elementor-accordion-item\">\n\t\t\t\t\t<div id=\"elementor-tab-title-1708\" class=\"elementor-tab-title\" data-tab=\"8\" role=\"button\" aria-controls=\"elementor-tab-content-1708\" aria-expanded=\"false\">\n\t\t\t\t\t\t\t\t\t\t\t\t\t<span class=\"elementor-accordion-icon elementor-accordion-icon-left\" aria-hidden=\"true\">\n\t\t\t\t\t\t\t\t\t\t\t\t\t\t\t<span class=\"elementor-accordion-icon-closed\"><i class=\"fas fa-chevron-down\"><\/i><\/span>\n\t\t\t\t\t\t\t\t<span class=\"elementor-accordion-icon-opened\"><i class=\"fas fa-minus\"><\/i><\/span>\n\t\t\t\t\t\t\t\t\t\t\t\t\t\t<\/span>\n\t\t\t\t\t\t\t\t\t\t\t\t<a class=\"elementor-accordion-title\" tabindex=\"0\">Welches Niveau von Yoga ist erforderlich?<\/a>\n\t\t\t\t\t<\/div>\n\t\t\t\t\t<div id=\"elementor-tab-content-1708\" class=\"elementor-tab-content elementor-clearfix\" data-tab=\"8\" role=\"region\" aria-labelledby=\"elementor-tab-title-1708\"><p>Die Yogastunde ist f\u00fcr jedes Niveau geeignet. Wir werden den Schwerpunkt auf tiefe Dehnungen legen, um die Regeneration zu unterst\u00fctzen.<\/p><\/div>\n\t\t\t\t<\/div>\n\t\t\t\t\t\t\t\t<\/div>\n\t\t\t\t\t\t<\/div>\n\t\t\t\t<\/div>\n\t\t\t\t\t<\/div>\n\t\t<\/div>\n\t\t\t\t\t<\/div>\n\t\t<\/section>\n\t\t\t\t<section class=\"elementor-section elementor-top-section elementor-element elementor-element-bef02d5 elementor-section-full_width elementor-hidden-tablet elementor-hidden-mobile elementor-section-height-default elementor-section-height-default\" data-id=\"bef02d5\" data-element_type=\"section\" data-e-type=\"section\">\n\t\t\t\t\t\t<div class=\"elementor-container elementor-column-gap-default\">\n\t\t\t\t\t<div class=\"elementor-column elementor-col-100 elementor-top-column elementor-element elementor-element-6e80e1d\" data-id=\"6e80e1d\" data-element_type=\"column\" data-e-type=\"column\">\n\t\t\t<div class=\"elementor-widget-wrap elementor-element-populated\">\n\t\t\t\t\t\t<div class=\"elementor-element elementor-element-4225fb9 elementor-widget elementor-widget-menu-anchor\" data-id=\"4225fb9\" data-element_type=\"widget\" data-e-type=\"widget\" data-widget_type=\"menu-anchor.default\">\n\t\t\t\t<div class=\"elementor-widget-container\">\n\t\t\t\t\t\t\t<div class=\"elementor-menu-anchor\" id=\"kontakt\"><\/div>\n\t\t\t\t\t\t<\/div>\n\t\t\t\t<\/div>\n\t\t\t\t<div class=\"elementor-element elementor-element-29233e0 elementor-widget elementor-widget-image\" data-id=\"29233e0\" data-element_type=\"widget\" data-e-type=\"widget\" data-widget_type=\"image.default\">\n\t\t\t\t<div class=\"elementor-widget-container\">\n\t\t\t\t\t\t\t\t\t\t\t\t\t\t\t<img loading=\"lazy\" decoding=\"async\" width=\"150\" height=\"150\" src=\"https:\/\/swisstrailcamps.ch\/wp-content\/uploads\/2022\/09\/C-8-150x150.png\" class=\"attachment-thumbnail size-thumbnail wp-image-1651\" alt=\"Swiss Trail Camps\" srcset=\"https:\/\/swisstrailcamps.ch\/wp-content\/uploads\/2022\/09\/C-8-150x150.png 150w, https:\/\/swisstrailcamps.ch\/wp-content\/uploads\/2022\/09\/C-8-100x100.png 100w, https:\/\/swisstrailcamps.ch\/wp-content\/uploads\/2022\/09\/C-8.png 250w\" sizes=\"(max-width: 150px) 100vw, 150px\" \/>\t\t\t\t\t\t\t\t\t\t\t\t\t\t\t<\/div>\n\t\t\t\t<\/div>\n\t\t\t\t<div class=\"elementor-element elementor-element-5c4c366 elementor-widget elementor-widget-heading\" data-id=\"5c4c366\" data-element_type=\"widget\" data-e-type=\"widget\" data-widget_type=\"heading.default\">\n\t\t\t\t<div class=\"elementor-widget-container\">\n\t\t\t\t\t<h5 class=\"elementor-heading-title elementor-size-default\">Kontakt aufnehmen<\/h5>\t\t\t\t<\/div>\n\t\t\t\t<\/div>\n\t\t\t\t<div class=\"elementor-element elementor-element-e882f13 elementor-widget elementor-widget-spacer\" data-id=\"e882f13\" data-element_type=\"widget\" data-e-type=\"widget\" data-widget_type=\"spacer.default\">\n\t\t\t\t<div class=\"elementor-widget-container\">\n\t\t\t\t\t\t\t<div class=\"elementor-spacer\">\n\t\t\t<div class=\"elementor-spacer-inner\"><\/div>\n\t\t<\/div>\n\t\t\t\t\t\t<\/div>\n\t\t\t\t<\/div>\n\t\t\t\t<div class=\"elementor-element elementor-element-e652c4a elementor-button-align-start elementor-widget elementor-widget-form\" data-id=\"e652c4a\" data-element_type=\"widget\" data-e-type=\"widget\" data-settings=\"{&quot;step_next_label&quot;:&quot;N\\u00e4chster&quot;,&quot;step_previous_label&quot;:&quot;Voriger&quot;,&quot;button_width&quot;:&quot;100&quot;,&quot;step_type&quot;:&quot;number_text&quot;,&quot;step_icon_shape&quot;:&quot;circle&quot;}\" data-widget_type=\"form.default\">\n\t\t\t\t<div class=\"elementor-widget-container\">\n\t\t\t\t\t\t\t<form class=\"elementor-form\" method=\"post\" name=\"Neue Form\" aria-label=\"Neue Form\">\n\t\t\t<input type=\"hidden\" name=\"post_id\" value=\"4440\"\/>\n\t\t\t<input type=\"hidden\" name=\"form_id\" value=\"e652c4a\"\/>\n\t\t\t<input type=\"hidden\" name=\"referer_title\" value=\"Silvester Trailrunning Camp auf Mallorca - Swiss Trail Camps\" \/>\n\n\t\t\t\t\t\t\t<input type=\"hidden\" name=\"queried_id\" value=\"4440\"\/>\n\t\t\t\n\t\t\t<div class=\"elementor-form-fields-wrapper elementor-labels-\">\n\t\t\t\t\t\t\t\t<div class=\"elementor-field-type-text elementor-field-group elementor-column elementor-field-group-name elementor-col-100\">\n\t\t\t\t\t\t\t\t\t\t\t\t<label for=\"form-field-name\" class=\"elementor-field-label elementor-screen-only\">\n\t\t\t\t\t\t\t\tName\t\t\t\t\t\t\t<\/label>\n\t\t\t\t\t\t\t\t\t\t\t\t\t\t<input size=\"1\" type=\"text\" name=\"form_fields[name]\" id=\"form-field-name\" class=\"elementor-field elementor-size-xs  elementor-field-textual\" placeholder=\"Name\">\n\t\t\t\t\t\t\t\t\t\t\t<\/div>\n\t\t\t\t\t\t\t\t<div class=\"elementor-field-type-email elementor-field-group elementor-column elementor-field-group-email elementor-col-100 elementor-field-required\">\n\t\t\t\t\t\t\t\t\t\t\t\t<label for=\"form-field-email\" class=\"elementor-field-label elementor-screen-only\">\n\t\t\t\t\t\t\t\tE-Mail\t\t\t\t\t\t\t<\/label>\n\t\t\t\t\t\t\t\t\t\t\t\t\t\t<input size=\"1\" type=\"email\" name=\"form_fields[email]\" id=\"form-field-email\" class=\"elementor-field elementor-size-xs  elementor-field-textual\" placeholder=\"E-Mail\" required=\"required\">\n\t\t\t\t\t\t\t\t\t\t\t<\/div>\n\t\t\t\t\t\t\t\t<div class=\"elementor-field-type-textarea elementor-field-group elementor-column elementor-field-group-message elementor-col-100\">\n\t\t\t\t\t\t\t\t\t\t\t\t<label for=\"form-field-message\" class=\"elementor-field-label elementor-screen-only\">\n\t\t\t\t\t\t\t\tNachricht\t\t\t\t\t\t\t<\/label>\n\t\t\t\t\t\t<textarea class=\"elementor-field-textual elementor-field  elementor-size-xs\" name=\"form_fields[message]\" id=\"form-field-message\" rows=\"4\" placeholder=\"Nachricht\"><\/textarea>\t\t\t\t<\/div>\n\t\t\t\t\t\t\t\t<div class=\"elementor-field-type-recaptcha elementor-field-group elementor-column elementor-field-group-field_8444eb8 elementor-col-100\">\n\t\t\t\t\t<div class=\"elementor-field\" id=\"form-field-field_8444eb8\"><div class=\"elementor-g-recaptcha\" data-sitekey=\"6Leohp8hAAAAAJ-m-JjKa4PuqcJj9FtUD3NC08b0\" data-type=\"v2_checkbox\" data-theme=\"light\" data-size=\"normal\"><\/div><\/div>\t\t\t\t<\/div>\n\t\t\t\t\t\t\t\t<div class=\"elementor-field-group elementor-column elementor-field-type-submit elementor-col-100 e-form__buttons\">\n\t\t\t\t\t<button class=\"elementor-button elementor-size-xs elementor-animation-grow\" type=\"submit\">\n\t\t\t\t\t\t<span class=\"elementor-button-content-wrapper\">\n\t\t\t\t\t\t\t\t\t\t\t\t\t\t\t\t\t\t\t\t\t\t<span class=\"elementor-button-text\">Nachricht senden<\/span>\n\t\t\t\t\t\t\t\t\t\t\t\t\t<\/span>\n\t\t\t\t\t<\/button>\n\t\t\t\t<\/div>\n\t\t\t<\/div>\n\t\t<\/form>\n\t\t\t\t\t\t<\/div>\n\t\t\t\t<\/div>\n\t\t\t\t\t<\/div>\n\t\t<\/div>\n\t\t\t\t\t<\/div>\n\t\t<\/section>\n\t\t\t\t<section class=\"elementor-section elementor-top-section elementor-element elementor-element-5cfcceb elementor-section-stretched elementor-hidden-desktop elementor-section-boxed elementor-section-height-default elementor-section-height-default\" data-id=\"5cfcceb\" data-element_type=\"section\" data-e-type=\"section\" data-settings=\"{&quot;stretch_section&quot;:&quot;section-stretched&quot;}\">\n\t\t\t\t\t\t<div class=\"elementor-container elementor-column-gap-default\">\n\t\t\t\t\t<div class=\"elementor-column elementor-col-100 elementor-top-column elementor-element elementor-element-0d38516\" data-id=\"0d38516\" data-element_type=\"column\" data-e-type=\"column\">\n\t\t\t<div class=\"elementor-widget-wrap elementor-element-populated\">\n\t\t\t\t\t\t<div class=\"elementor-element elementor-element-7c4df85 elementor-widget elementor-widget-menu-anchor\" data-id=\"7c4df85\" data-element_type=\"widget\" data-e-type=\"widget\" data-widget_type=\"menu-anchor.default\">\n\t\t\t\t<div class=\"elementor-widget-container\">\n\t\t\t\t\t\t\t<div class=\"elementor-menu-anchor\" id=\"kontakt\"><\/div>\n\t\t\t\t\t\t<\/div>\n\t\t\t\t<\/div>\n\t\t\t\t<div class=\"elementor-element elementor-element-151984c elementor-widget elementor-widget-image\" data-id=\"151984c\" data-element_type=\"widget\" data-e-type=\"widget\" data-widget_type=\"image.default\">\n\t\t\t\t<div class=\"elementor-widget-container\">\n\t\t\t\t\t\t\t\t\t\t\t\t\t\t\t<img loading=\"lazy\" decoding=\"async\" width=\"150\" height=\"150\" src=\"https:\/\/swisstrailcamps.ch\/wp-content\/uploads\/2022\/09\/C-8-150x150.png\" class=\"attachment-thumbnail size-thumbnail wp-image-1651\" alt=\"Swiss Trail Camps\" srcset=\"https:\/\/swisstrailcamps.ch\/wp-content\/uploads\/2022\/09\/C-8-150x150.png 150w, https:\/\/swisstrailcamps.ch\/wp-content\/uploads\/2022\/09\/C-8-100x100.png 100w, https:\/\/swisstrailcamps.ch\/wp-content\/uploads\/2022\/09\/C-8.png 250w\" sizes=\"(max-width: 150px) 100vw, 150px\" \/>\t\t\t\t\t\t\t\t\t\t\t\t\t\t\t<\/div>\n\t\t\t\t<\/div>\n\t\t\t\t<div class=\"elementor-element elementor-element-b5312db elementor-widget elementor-widget-heading\" data-id=\"b5312db\" data-element_type=\"widget\" data-e-type=\"widget\" data-widget_type=\"heading.default\">\n\t\t\t\t<div class=\"elementor-widget-container\">\n\t\t\t\t\t<h2 class=\"elementor-heading-title elementor-size-default\">Kontakt aufnehmen<\/h2>\t\t\t\t<\/div>\n\t\t\t\t<\/div>\n\t\t\t\t<div class=\"elementor-element elementor-element-94893e6 elementor-widget elementor-widget-spacer\" data-id=\"94893e6\" data-element_type=\"widget\" data-e-type=\"widget\" data-widget_type=\"spacer.default\">\n\t\t\t\t<div class=\"elementor-widget-container\">\n\t\t\t\t\t\t\t<div class=\"elementor-spacer\">\n\t\t\t<div class=\"elementor-spacer-inner\"><\/div>\n\t\t<\/div>\n\t\t\t\t\t\t<\/div>\n\t\t\t\t<\/div>\n\t\t\t\t<div class=\"elementor-element elementor-element-142b4c6 elementor-button-align-start elementor-widget elementor-widget-form\" data-id=\"142b4c6\" data-element_type=\"widget\" data-e-type=\"widget\" data-settings=\"{&quot;step_next_label&quot;:&quot;N\\u00e4chster&quot;,&quot;step_previous_label&quot;:&quot;Voriger&quot;,&quot;button_width&quot;:&quot;100&quot;,&quot;step_type&quot;:&quot;number_text&quot;,&quot;step_icon_shape&quot;:&quot;circle&quot;}\" data-widget_type=\"form.default\">\n\t\t\t\t<div class=\"elementor-widget-container\">\n\t\t\t\t\t\t\t<form class=\"elementor-form\" method=\"post\" name=\"Neue Form\" aria-label=\"Neue Form\">\n\t\t\t<input type=\"hidden\" name=\"post_id\" value=\"4440\"\/>\n\t\t\t<input type=\"hidden\" name=\"form_id\" value=\"142b4c6\"\/>\n\t\t\t<input type=\"hidden\" name=\"referer_title\" value=\"Silvester Trailrunning Camp auf Mallorca - Swiss Trail Camps\" \/>\n\n\t\t\t\t\t\t\t<input type=\"hidden\" name=\"queried_id\" value=\"4440\"\/>\n\t\t\t\n\t\t\t<div class=\"elementor-form-fields-wrapper elementor-labels-\">\n\t\t\t\t\t\t\t\t<div class=\"elementor-field-type-text elementor-field-group elementor-column elementor-field-group-name elementor-col-100\">\n\t\t\t\t\t\t\t\t\t\t\t\t<label for=\"form-field-name\" class=\"elementor-field-label elementor-screen-only\">\n\t\t\t\t\t\t\t\tName\t\t\t\t\t\t\t<\/label>\n\t\t\t\t\t\t\t\t\t\t\t\t\t\t<input size=\"1\" type=\"text\" name=\"form_fields[name]\" id=\"form-field-name\" class=\"elementor-field elementor-size-sm  elementor-field-textual\" placeholder=\"Name\">\n\t\t\t\t\t\t\t\t\t\t\t<\/div>\n\t\t\t\t\t\t\t\t<div class=\"elementor-field-type-email elementor-field-group elementor-column elementor-field-group-email elementor-col-100 elementor-field-required\">\n\t\t\t\t\t\t\t\t\t\t\t\t<label for=\"form-field-email\" class=\"elementor-field-label elementor-screen-only\">\n\t\t\t\t\t\t\t\tE-Mail\t\t\t\t\t\t\t<\/label>\n\t\t\t\t\t\t\t\t\t\t\t\t\t\t<input size=\"1\" type=\"email\" name=\"form_fields[email]\" id=\"form-field-email\" class=\"elementor-field elementor-size-sm  elementor-field-textual\" placeholder=\"E-Mail\" required=\"required\">\n\t\t\t\t\t\t\t\t\t\t\t<\/div>\n\t\t\t\t\t\t\t\t<div class=\"elementor-field-type-textarea elementor-field-group elementor-column elementor-field-group-message elementor-col-100\">\n\t\t\t\t\t\t\t\t\t\t\t\t<label for=\"form-field-message\" class=\"elementor-field-label elementor-screen-only\">\n\t\t\t\t\t\t\t\tNachricht\t\t\t\t\t\t\t<\/label>\n\t\t\t\t\t\t<textarea class=\"elementor-field-textual elementor-field  elementor-size-sm\" name=\"form_fields[message]\" id=\"form-field-message\" rows=\"4\" placeholder=\"Nachricht\"><\/textarea>\t\t\t\t<\/div>\n\t\t\t\t\t\t\t\t<div class=\"elementor-field-type-recaptcha elementor-field-group elementor-column elementor-field-group-field_8444eb8 elementor-col-100\">\n\t\t\t\t\t<div class=\"elementor-field\" id=\"form-field-field_8444eb8\"><div class=\"elementor-g-recaptcha\" data-sitekey=\"6Leohp8hAAAAAJ-m-JjKa4PuqcJj9FtUD3NC08b0\" data-type=\"v2_checkbox\" data-theme=\"light\" data-size=\"normal\"><\/div><\/div>\t\t\t\t<\/div>\n\t\t\t\t\t\t\t\t<div class=\"elementor-field-group elementor-column elementor-field-type-submit elementor-col-100 e-form__buttons\">\n\t\t\t\t\t<button class=\"elementor-button elementor-size-sm elementor-animation-grow\" type=\"submit\">\n\t\t\t\t\t\t<span class=\"elementor-button-content-wrapper\">\n\t\t\t\t\t\t\t\t\t\t\t\t\t\t\t\t\t\t\t\t\t\t<span class=\"elementor-button-text\">Nachricht senden<\/span>\n\t\t\t\t\t\t\t\t\t\t\t\t\t<\/span>\n\t\t\t\t\t<\/button>\n\t\t\t\t<\/div>\n\t\t\t<\/div>\n\t\t<\/form>\n\t\t\t\t\t\t<\/div>\n\t\t\t\t<\/div>\n\t\t\t\t\t<\/div>\n\t\t<\/div>\n\t\t\t\t\t<\/div>\n\t\t<\/section>\n\t\t\t\t<\/div>\n\t\t","protected":false},"excerpt":{"rendered":"<p>Neujahr Special Silvester Trailrunning Camp auf Mallorca Mallorca Am Fusse des Traumantra Gebirge Silvester 2023 5\/6 Tage auf Mallorca zum Jahreswechsel Gesund &amp; Vegan Halbpension (Vegane Optionen) Yoga Sessions Inklusive Yoga Sessions und Workshops Mallorca Trailrunning Camp Mallorca Trailrunning Camp im Winter 2023\/2024 Entfliehe dem Winter und erlebe ein unvergessliches Abenteuer im\u00a0Mallorcas Serra de Tramuntana\u00a0Gebirge! [&hellip;]<\/p>\n","protected":false},"author":1,"featured_media":2927,"parent":0,"menu_order":0,"comment_status":"closed","ping_status":"closed","template":"","meta":{"om_disable_all_campaigns":false,"_monsterinsights_skip_tracking":false,"_monsterinsights_sitenote_active":false,"_monsterinsights_sitenote_note":"","_monsterinsights_sitenote_category":0,"site-sidebar-layout":"no-sidebar","site-content-layout":"page-builder","ast-site-content-layout":"default","site-content-style":"default","site-sidebar-style":"default","ast-global-header-display":"","ast-banner-title-visibility":"","ast-main-header-display":"","ast-hfb-above-header-display":"","ast-hfb-below-header-display":"","ast-hfb-mobile-header-display":"","site-post-title":"disabled","ast-breadcrumbs-content":"","ast-featured-img":"disabled","footer-sml-layout":"","ast-disable-related-posts":"","theme-transparent-header-meta":"","adv-header-id-meta":"","stick-header-meta":"","header-above-stick-meta":"","header-main-stick-meta":"","header-below-stick-meta":"","astra-migrate-meta-layouts":"default","ast-page-background-enabled":"default","ast-page-background-meta":{"desktop":{"background-color":"var(--ast-global-color-4)","background-image":"","background-repeat":"repeat","background-position":"center center","background-size":"auto","background-attachment":"scroll","background-type":"","background-media":"","overlay-type":"","overlay-color":"","overlay-opacity":"","overlay-gradient":""},"tablet":{"background-color":"","background-image":"","background-repeat":"repeat","background-position":"center center","background-size":"auto","background-attachment":"scroll","background-type":"","background-media":"","overlay-type":"","overlay-color":"","overlay-opacity":"","overlay-gradient":""},"mobile":{"background-color":"","background-image":"","background-repeat":"repeat","background-position":"center center","background-size":"auto","background-attachment":"scroll","background-type":"","background-media":"","overlay-type":"","overlay-color":"","overlay-opacity":"","overlay-gradient":""}},"ast-content-background-meta":{"desktop":{"background-color":"var(--ast-global-color-5)","background-image":"","background-repeat":"repeat","background-position":"center center","background-size":"auto","background-attachment":"scroll","background-type":"","background-media":"","overlay-type":"","overlay-color":"","overlay-opacity":"","overlay-gradient":""},"tablet":{"background-color":"var(--ast-global-color-5)","background-image":"","background-repeat":"repeat","background-position":"center center","background-size":"auto","background-attachment":"scroll","background-type":"","background-media":"","overlay-type":"","overlay-color":"","overlay-opacity":"","overlay-gradient":""},"mobile":{"background-color":"var(--ast-global-color-5)","background-image":"","background-repeat":"repeat","background-position":"center center","background-size":"auto","background-attachment":"scroll","background-type":"","background-media":"","overlay-type":"","overlay-color":"","overlay-opacity":"","overlay-gradient":""}},"footnotes":""},"class_list":["post-4440","page","type-page","status-publish","has-post-thumbnail","hentry"],"yoast_head":"<!-- This site is optimized with the Yoast SEO plugin v27.4 - https:\/\/yoast.com\/product\/yoast-seo-wordpress\/ -->\n<title>Silvester Trailrunning Camp auf Mallorca - Swiss Trail Camps<\/title>\n<meta name=\"description\" content=\"Hast du noch keine Pl\u00e4ne f\u00fcr Silvester? Perfekt! Dann begleite uns nach Mallorca f\u00fcr unser Silvester Trail Running Camp. Erfahre mehr.\" \/>\n<meta name=\"robots\" content=\"index, follow, max-snippet:-1, max-image-preview:large, max-video-preview:-1\" \/>\n<link rel=\"canonical\" href=\"https:\/\/swisstrailcamps.ch\/de\/silvester-mallorca-trailrunning-camp\/\" \/>\n<meta property=\"og:locale\" content=\"de_DE\" \/>\n<meta property=\"og:type\" content=\"article\" \/>\n<meta property=\"og:title\" content=\"Silvester Trailrunning Camp auf Mallorca - Swiss Trail Camps\" \/>\n<meta property=\"og:description\" content=\"Hast du noch keine Pl\u00e4ne f\u00fcr Silvester? Perfekt! Dann begleite uns nach Mallorca f\u00fcr unser Silvester Trail Running Camp. Erfahre mehr.\" \/>\n<meta property=\"og:url\" content=\"https:\/\/swisstrailcamps.ch\/de\/silvester-mallorca-trailrunning-camp\/\" \/>\n<meta property=\"og:site_name\" content=\"Swiss Trail Camps\" \/>\n<meta property=\"article:modified_time\" content=\"2023-09-24T17:47:53+00:00\" \/>\n<meta property=\"og:image\" content=\"https:\/\/swisstrailcamps.ch\/wp-content\/uploads\/2022\/09\/C-8.png\" \/>\n\t<meta property=\"og:image:width\" content=\"250\" \/>\n\t<meta property=\"og:image:height\" content=\"250\" \/>\n\t<meta property=\"og:image:type\" content=\"image\/png\" \/>\n<meta name=\"twitter:card\" content=\"summary_large_image\" \/>\n<meta name=\"twitter:label1\" content=\"Gesch\u00e4tzte Lesezeit\" \/>\n\t<meta name=\"twitter:data1\" content=\"10\u00a0Minuten\" \/>\n<script type=\"application\/ld+json\" class=\"yoast-schema-graph\">{\"@context\":\"https:\\\/\\\/schema.org\",\"@graph\":[{\"@type\":\"WebPage\",\"@id\":\"https:\\\/\\\/swisstrailcamps.ch\\\/de\\\/silvester-mallorca-trailrunning-camp\\\/\",\"url\":\"https:\\\/\\\/swisstrailcamps.ch\\\/de\\\/silvester-mallorca-trailrunning-camp\\\/\",\"name\":\"Silvester Trailrunning Camp auf Mallorca - Swiss Trail Camps\",\"isPartOf\":{\"@id\":\"https:\\\/\\\/swisstrailcamps.ch\\\/de\\\/#website\"},\"primaryImageOfPage\":{\"@id\":\"https:\\\/\\\/swisstrailcamps.ch\\\/de\\\/silvester-mallorca-trailrunning-camp\\\/#primaryimage\"},\"image\":{\"@id\":\"https:\\\/\\\/swisstrailcamps.ch\\\/de\\\/silvester-mallorca-trailrunning-camp\\\/#primaryimage\"},\"thumbnailUrl\":\"https:\\\/\\\/swisstrailcamps.ch\\\/wp-content\\\/uploads\\\/2022\\\/09\\\/C-8.png\",\"datePublished\":\"2023-05-05T18:22:38+00:00\",\"dateModified\":\"2023-09-24T17:47:53+00:00\",\"description\":\"Hast du noch keine Pl\u00e4ne f\u00fcr Silvester? Perfekt! Dann begleite uns nach Mallorca f\u00fcr unser Silvester Trail Running Camp. Erfahre mehr.\",\"breadcrumb\":{\"@id\":\"https:\\\/\\\/swisstrailcamps.ch\\\/de\\\/silvester-mallorca-trailrunning-camp\\\/#breadcrumb\"},\"inLanguage\":\"de\",\"potentialAction\":[{\"@type\":\"ReadAction\",\"target\":[\"https:\\\/\\\/swisstrailcamps.ch\\\/de\\\/silvester-mallorca-trailrunning-camp\\\/\"]}]},{\"@type\":\"ImageObject\",\"inLanguage\":\"de\",\"@id\":\"https:\\\/\\\/swisstrailcamps.ch\\\/de\\\/silvester-mallorca-trailrunning-camp\\\/#primaryimage\",\"url\":\"https:\\\/\\\/swisstrailcamps.ch\\\/wp-content\\\/uploads\\\/2022\\\/09\\\/C-8.png\",\"contentUrl\":\"https:\\\/\\\/swisstrailcamps.ch\\\/wp-content\\\/uploads\\\/2022\\\/09\\\/C-8.png\",\"width\":250,\"height\":250},{\"@type\":\"BreadcrumbList\",\"@id\":\"https:\\\/\\\/swisstrailcamps.ch\\\/de\\\/silvester-mallorca-trailrunning-camp\\\/#breadcrumb\",\"itemListElement\":[{\"@type\":\"ListItem\",\"position\":1,\"name\":\"Home\",\"item\":\"https:\\\/\\\/swisstrailcamps.ch\\\/de\\\/\"},{\"@type\":\"ListItem\",\"position\":2,\"name\":\"Silvester Trailrunning Camp auf Mallorca\"}]},{\"@type\":\"WebSite\",\"@id\":\"https:\\\/\\\/swisstrailcamps.ch\\\/de\\\/#website\",\"url\":\"https:\\\/\\\/swisstrailcamps.ch\\\/de\\\/\",\"name\":\"Swiss Trail Camps\",\"description\":\"Trail Running Camps in Switzerland\",\"publisher\":{\"@id\":\"https:\\\/\\\/swisstrailcamps.ch\\\/de\\\/#organization\"},\"potentialAction\":[{\"@type\":\"SearchAction\",\"target\":{\"@type\":\"EntryPoint\",\"urlTemplate\":\"https:\\\/\\\/swisstrailcamps.ch\\\/de\\\/?s={search_term_string}\"},\"query-input\":{\"@type\":\"PropertyValueSpecification\",\"valueRequired\":true,\"valueName\":\"search_term_string\"}}],\"inLanguage\":\"de\"},{\"@type\":\"Organization\",\"@id\":\"https:\\\/\\\/swisstrailcamps.ch\\\/de\\\/#organization\",\"name\":\"Swiss Trail Camps\",\"url\":\"https:\\\/\\\/swisstrailcamps.ch\\\/de\\\/\",\"logo\":{\"@type\":\"ImageObject\",\"inLanguage\":\"de\",\"@id\":\"https:\\\/\\\/swisstrailcamps.ch\\\/de\\\/#\\\/schema\\\/logo\\\/image\\\/\",\"url\":\"https:\\\/\\\/swisstrailcamps.ch\\\/wp-content\\\/uploads\\\/2022\\\/09\\\/C-8.png\",\"contentUrl\":\"https:\\\/\\\/swisstrailcamps.ch\\\/wp-content\\\/uploads\\\/2022\\\/09\\\/C-8.png\",\"width\":250,\"height\":250,\"caption\":\"Swiss Trail Camps\"},\"image\":{\"@id\":\"https:\\\/\\\/swisstrailcamps.ch\\\/de\\\/#\\\/schema\\\/logo\\\/image\\\/\"},\"sameAs\":[\"https:\\\/\\\/www.instagram.com\\\/lilli.bit.everywhere\\\/\"]}]}<\/script>\n<!-- \/ Yoast SEO plugin. -->","yoast_head_json":{"title":"Silvester Trailrunning Camp auf Mallorca - Swiss Trail Camps","description":"Hast du noch keine Pl\u00e4ne f\u00fcr Silvester? Perfekt! Dann begleite uns nach Mallorca f\u00fcr unser Silvester Trail Running Camp. Erfahre mehr.","robots":{"index":"index","follow":"follow","max-snippet":"max-snippet:-1","max-image-preview":"max-image-preview:large","max-video-preview":"max-video-preview:-1"},"canonical":"https:\/\/swisstrailcamps.ch\/de\/silvester-mallorca-trailrunning-camp\/","og_locale":"de_DE","og_type":"article","og_title":"Silvester Trailrunning Camp auf Mallorca - Swiss Trail Camps","og_description":"Hast du noch keine Pl\u00e4ne f\u00fcr Silvester? Perfekt! Dann begleite uns nach Mallorca f\u00fcr unser Silvester Trail Running Camp. Erfahre mehr.","og_url":"https:\/\/swisstrailcamps.ch\/de\/silvester-mallorca-trailrunning-camp\/","og_site_name":"Swiss Trail Camps","article_modified_time":"2023-09-24T17:47:53+00:00","og_image":[{"width":250,"height":250,"url":"https:\/\/swisstrailcamps.ch\/wp-content\/uploads\/2022\/09\/C-8.png","type":"image\/png"}],"twitter_card":"summary_large_image","twitter_misc":{"Gesch\u00e4tzte Lesezeit":"10\u00a0Minuten"},"schema":{"@context":"https:\/\/schema.org","@graph":[{"@type":"WebPage","@id":"https:\/\/swisstrailcamps.ch\/de\/silvester-mallorca-trailrunning-camp\/","url":"https:\/\/swisstrailcamps.ch\/de\/silvester-mallorca-trailrunning-camp\/","name":"Silvester Trailrunning Camp auf Mallorca - Swiss Trail Camps","isPartOf":{"@id":"https:\/\/swisstrailcamps.ch\/de\/#website"},"primaryImageOfPage":{"@id":"https:\/\/swisstrailcamps.ch\/de\/silvester-mallorca-trailrunning-camp\/#primaryimage"},"image":{"@id":"https:\/\/swisstrailcamps.ch\/de\/silvester-mallorca-trailrunning-camp\/#primaryimage"},"thumbnailUrl":"https:\/\/swisstrailcamps.ch\/wp-content\/uploads\/2022\/09\/C-8.png","datePublished":"2023-05-05T18:22:38+00:00","dateModified":"2023-09-24T17:47:53+00:00","description":"Hast du noch keine Pl\u00e4ne f\u00fcr Silvester? Perfekt! Dann begleite uns nach Mallorca f\u00fcr unser Silvester Trail Running Camp. Erfahre mehr.","breadcrumb":{"@id":"https:\/\/swisstrailcamps.ch\/de\/silvester-mallorca-trailrunning-camp\/#breadcrumb"},"inLanguage":"de","potentialAction":[{"@type":"ReadAction","target":["https:\/\/swisstrailcamps.ch\/de\/silvester-mallorca-trailrunning-camp\/"]}]},{"@type":"ImageObject","inLanguage":"de","@id":"https:\/\/swisstrailcamps.ch\/de\/silvester-mallorca-trailrunning-camp\/#primaryimage","url":"https:\/\/swisstrailcamps.ch\/wp-content\/uploads\/2022\/09\/C-8.png","contentUrl":"https:\/\/swisstrailcamps.ch\/wp-content\/uploads\/2022\/09\/C-8.png","width":250,"height":250},{"@type":"BreadcrumbList","@id":"https:\/\/swisstrailcamps.ch\/de\/silvester-mallorca-trailrunning-camp\/#breadcrumb","itemListElement":[{"@type":"ListItem","position":1,"name":"Home","item":"https:\/\/swisstrailcamps.ch\/de\/"},{"@type":"ListItem","position":2,"name":"Silvester Trailrunning Camp auf Mallorca"}]},{"@type":"WebSite","@id":"https:\/\/swisstrailcamps.ch\/de\/#website","url":"https:\/\/swisstrailcamps.ch\/de\/","name":"Swiss Trail Camps","description":"Trail Running Camps in Switzerland","publisher":{"@id":"https:\/\/swisstrailcamps.ch\/de\/#organization"},"potentialAction":[{"@type":"SearchAction","target":{"@type":"EntryPoint","urlTemplate":"https:\/\/swisstrailcamps.ch\/de\/?s={search_term_string}"},"query-input":{"@type":"PropertyValueSpecification","valueRequired":true,"valueName":"search_term_string"}}],"inLanguage":"de"},{"@type":"Organization","@id":"https:\/\/swisstrailcamps.ch\/de\/#organization","name":"Swiss Trail Camps","url":"https:\/\/swisstrailcamps.ch\/de\/","logo":{"@type":"ImageObject","inLanguage":"de","@id":"https:\/\/swisstrailcamps.ch\/de\/#\/schema\/logo\/image\/","url":"https:\/\/swisstrailcamps.ch\/wp-content\/uploads\/2022\/09\/C-8.png","contentUrl":"https:\/\/swisstrailcamps.ch\/wp-content\/uploads\/2022\/09\/C-8.png","width":250,"height":250,"caption":"Swiss Trail Camps"},"image":{"@id":"https:\/\/swisstrailcamps.ch\/de\/#\/schema\/logo\/image\/"},"sameAs":["https:\/\/www.instagram.com\/lilli.bit.everywhere\/"]}]}},"_links":{"self":[{"href":"https:\/\/swisstrailcamps.ch\/de\/wp-json\/wp\/v2\/pages\/4440","targetHints":{"allow":["GET"]}}],"collection":[{"href":"https:\/\/swisstrailcamps.ch\/de\/wp-json\/wp\/v2\/pages"}],"about":[{"href":"https:\/\/swisstrailcamps.ch\/de\/wp-json\/wp\/v2\/types\/page"}],"author":[{"embeddable":true,"href":"https:\/\/swisstrailcamps.ch\/de\/wp-json\/wp\/v2\/users\/1"}],"replies":[{"embeddable":true,"href":"https:\/\/swisstrailcamps.ch\/de\/wp-json\/wp\/v2\/comments?post=4440"}],"version-history":[{"count":89,"href":"https:\/\/swisstrailcamps.ch\/de\/wp-json\/wp\/v2\/pages\/4440\/revisions"}],"predecessor-version":[{"id":6197,"href":"https:\/\/swisstrailcamps.ch\/de\/wp-json\/wp\/v2\/pages\/4440\/revisions\/6197"}],"wp:featuredmedia":[{"embeddable":true,"href":"https:\/\/swisstrailcamps.ch\/de\/wp-json\/wp\/v2\/media\/2927"}],"wp:attachment":[{"href":"https:\/\/swisstrailcamps.ch\/de\/wp-json\/wp\/v2\/media?parent=4440"}],"curies":[{"name":"wp","href":"https:\/\/api.w.org\/{rel}","templated":true}]}}