{"id":3920,"date":"2022-08-18T18:53:51","date_gmt":"2022-08-18T18:53:51","guid":{"rendered":"https:\/\/swisstrailcamps.ch\/datenschutzbestimmungen"},"modified":"2022-12-02T10:09:03","modified_gmt":"2022-12-02T10:09:03","slug":"datenschutzbestimmungen","status":"publish","type":"page","link":"https:\/\/swisstrailcamps.ch\/de\/datenschutzbestimmungen\/","title":{"rendered":"Datenschutzbestimmungen"},"content":{"rendered":"\t\t<div data-elementor-type=\"wp-page\" data-elementor-id=\"3920\" class=\"elementor elementor-3920 elementor-15\" data-elementor-post-type=\"page\">\n\t\t\t\t\t\t<section class=\"elementor-section elementor-top-section elementor-element elementor-element-2cc7643 elementor-section-boxed elementor-section-height-default elementor-section-height-default\" data-id=\"2cc7643\" data-element_type=\"section\" data-e-type=\"section\">\n\t\t\t\t\t\t<div class=\"elementor-container elementor-column-gap-default\">\n\t\t\t\t\t<div class=\"elementor-column elementor-col-100 elementor-top-column elementor-element elementor-element-42c7091\" data-id=\"42c7091\" data-element_type=\"column\" data-e-type=\"column\">\n\t\t\t<div class=\"elementor-widget-wrap elementor-element-populated\">\n\t\t\t\t\t\t<div class=\"elementor-element elementor-element-00ecefa elementor-widget elementor-widget-heading\" data-id=\"00ecefa\" data-element_type=\"widget\" data-e-type=\"widget\" data-widget_type=\"heading.default\">\n\t\t\t\t<div class=\"elementor-widget-container\">\n\t\t\t\t\t<h2 class=\"elementor-heading-title elementor-size-default\">Datenschutzbestimmungen<\/h2>\t\t\t\t<\/div>\n\t\t\t\t<\/div>\n\t\t\t\t<div class=\"elementor-element elementor-element-6c2452b elementor-widget elementor-widget-text-editor\" data-id=\"6c2452b\" data-element_type=\"widget\" data-e-type=\"widget\" data-widget_type=\"text-editor.default\">\n\t\t\t\t<div class=\"elementor-widget-container\">\n\t\t\t\t\t\t\t\t\t<p><b>Swiss Trail Camps&nbsp; Datenschutzbestimmungen<\/b><\/p>\n<p><span style=\"font-weight: 400;\">Diese Datenschutzrichtlinie beschreibt, wie Ihre pers\u00f6nlichen Daten gesammelt, verwendet und weitergegeben werden, wenn Sie https:\/\/swisstrailcamps.ch (die &#8222;Website&#8220;) besuchen oder dort einkaufen.<\/span><\/p>\n<p><b>PERS\u00d6NLICHE INFORMATIONEN, DIE WIR SAMMELN<\/b><\/p>\n<p><span style=\"font-weight: 400;\">Wenn Sie die Website besuchen, erfassen wir automatisch bestimmte Informationen \u00fcber Ihr Ger\u00e4t, einschlie\u00dflich Informationen \u00fcber Ihren Webbrowser, Ihre IP-Adresse, Ihre Zeitzone und einige der Cookies, die auf Ihrem Ger\u00e4t installiert sind. Wenn Sie auf der Website surfen, sammeln wir au\u00dferdem Informationen \u00fcber die einzelnen Webseiten oder Produkte, die Sie sich ansehen, welche Websites oder Suchbegriffe Sie auf die Website verwiesen haben, und Informationen dar\u00fcber, wie Sie mit der Website interagieren. Wir bezeichnen diese automatisch gesammelten Informationen als &#8222;Ger\u00e4teinformationen&#8220;.<\/span><\/p>\n<p><span style=\"font-weight: 400;\">Wir erfassen Ger\u00e4teinformationen mithilfe der folgenden Technologien:<\/span><\/p>\n<p><span style=\"font-weight: 400;\">&#8211; Cookies&#8220; sind Datendateien, die auf Ihrem Ger\u00e4t oder Computer abgelegt werden und h\u00e4ufig eine anonyme eindeutige Kennung enthalten. Weitere Informationen zu Cookies und zur Deaktivierung von Cookies finden Sie unter http:\/\/www.allaboutcookies.org.<\/span><\/p>\n<p><span style=\"font-weight: 400;\">&#8211; Logdateien&#8220; verfolgen die Aktionen auf der Website und erfassen Daten wie Ihre IP-Adresse, den Browsertyp, den Internetdienstanbieter, die Verweis- und Ausgangsseiten sowie Datums- und Zeitstempel.<\/span><\/p>\n<p><span style=\"font-weight: 400;\">&#8211; &#8222;Web Beacons&#8220;, &#8222;Tags&#8220; und &#8222;Pixel&#8220; sind elektronische Dateien, die zur Aufzeichnung von Informationen dar\u00fcber verwendet werden, wie Sie auf der Website surfen.<\/span><\/p>\n<p><span style=\"font-style: inherit; font-family: var( --e-global-typography-text-font-family ), Sans-serif; letter-spacing: var( --e-global-typography-text-letter-spacing ); text-transform: var( --e-global-typography-text-text-transform ); background-color: var( --e-global-color-c696dce );\">Wenn Sie einen Kauf t\u00e4tigen oder versuchen, einen Kauf \u00fcber die Website zu t\u00e4tigen, erfassen wir au\u00dferdem bestimmte Informationen von Ihnen, einschlie\u00dflich Ihres Namens, Ihrer Rechnungsadresse, Ihrer Lieferadresse, Ihrer Zahlungsinformationen (einschlie\u00dflich Kreditkartennummern und Bankdaten), Ihrer E-Mail-Adresse und Ihrer Telefonnummer. Wir bezeichnen diese Informationen als &#8222;Bestellinformationen&#8220;.<\/span><\/p>\n<p><span style=\"font-style: inherit; font-family: var( --e-global-typography-text-font-family ), Sans-serif; letter-spacing: var( --e-global-typography-text-letter-spacing ); text-transform: var( --e-global-typography-text-text-transform ); background-color: var( --e-global-color-c696dce );\">Wenn wir in dieser Datenschutzrichtlinie von &#8222;pers\u00f6nlichen Daten&#8220; sprechen, meinen wir damit sowohl Ger\u00e4te- als auch Bestelldaten.<\/span><\/p>\n<p><b>WIE VERWENDEN WIR IHRE PERS\u00d6NLICHEN DATEN?<\/b><\/p>\n<p><span style=\"font-weight: 400;\">Wir verwenden die von uns gesammelten Bestellinformationen im Allgemeinen, um die \u00fcber die Website aufgegebenen Bestellungen auszuf\u00fchren (einschlie\u00dflich der Verarbeitung Ihrer Zahlungsinformationen, der Organisation des Versands und der Zusendung von Rechnungen und\/oder Auftragsbest\u00e4tigungen). Au\u00dferdem verwenden wir diese Bestellinformationen, um:<\/span><\/p>\n<p><span style=\"font-weight: 400;\">Mit Ihnen kommunizieren;<\/span><\/p>\n<p><span style=\"font-weight: 400;\">unsere Auftr\u00e4ge auf potenzielle Risiken oder Betrug zu pr\u00fcfen; und<\/span><\/p>\n<p><span style=\"font-weight: 400;\">Wenn es den Pr\u00e4ferenzen entspricht, die Sie uns mitgeteilt haben, k\u00f6nnen wir Ihnen Informationen oder Werbung zu unseren Produkten oder Dienstleistungen zukommen lassen.<\/span><\/p>\n<p><span style=\"font-style: inherit; font-family: var( --e-global-typography-text-font-family ), Sans-serif; letter-spacing: var( --e-global-typography-text-letter-spacing ); text-transform: var( --e-global-typography-text-text-transform ); background-color: var( --e-global-color-c696dce );\">Wir verwenden die gesammelten Ger\u00e4tedaten, um uns dabei zu helfen, potenzielle Risiken und Betrug zu erkennen (insbesondere Ihre IP-Adresse), und ganz allgemein, um unsere Website zu verbessern und zu optimieren (z. B. durch die Erstellung von Analysen dar\u00fcber, wie unsere Kunden auf der Website surfen und mit ihr interagieren, und um den Erfolg unserer Marketing- und Werbekampagnen zu bewerten).<\/span><\/p>\n<p><b><span style=\"font-style: inherit; font-family: var( --e-global-typography-text-font-family ), Sans-serif; letter-spacing: var( --e-global-typography-text-letter-spacing ); text-transform: var( --e-global-typography-text-text-transform ); background-color: var( --e-global-color-c696dce );\">WEITERGABE IHRER PERS\u00d6NLICHEN INFORMATIONEN<\/span><br><\/b><\/p>\n<p><span style=\"font-weight: 400;\">Wir geben Ihre pers\u00f6nlichen Daten an Dritte weiter, die uns dabei helfen, Ihre pers\u00f6nlichen Daten wie oben beschrieben zu nutzen. Wir verwenden zum Beispiel Woocommerce, um unseren Online-Shop zu betreiben &#8211; Sie k\u00f6nnen hier mehr dar\u00fcber lesen, wie Woocommerce Ihre pers\u00f6nlichen Daten verwendet: https:\/\/woocommerce.com\/document\/marketplace-privacy\/. Wir verwenden auch Google Analytics, um zu verstehen, wie unsere Kunden die Website nutzen &#8211; Sie k\u00f6nnen hier mehr dar\u00fcber lesen, wie Google Ihre pers\u00f6nlichen Daten verwendet: https:\/\/www.google.com\/intl\/en\/policies\/privacy\/. Sie k\u00f6nnen Google Analytics auch hier abbestellen: https:\/\/tools.google.com\/dlpage\/gaoptout.<\/span><\/p>\n<p><span style=\"font-weight: 400;\">Schlie\u00dflich k\u00f6nnen wir Ihre pers\u00f6nlichen Daten auch weitergeben, um geltende Gesetze und Vorschriften einzuhalten, um auf eine Vorladung, einen Durchsuchungsbefehl oder eine andere rechtm\u00e4\u00dfige Anfrage nach Informationen zu reagieren, die wir erhalten, oder um unsere Rechte anderweitig zu sch\u00fctzen.<\/span><\/p>\n<p><b><span style=\"font-style: inherit; font-family: var( --e-global-typography-text-font-family ), Sans-serif; letter-spacing: var( --e-global-typography-text-letter-spacing ); text-transform: var( --e-global-typography-text-text-transform ); background-color: var( --e-global-color-c696dce );\">VERHALTENSBASIERTE WERBUNG<\/span><br><\/b><\/p>\n<p><span style=\"font-weight: 400;\">Wie oben beschrieben, verwenden wir Ihre pers\u00f6nlichen Daten, um Ihnen gezielte Werbung oder Marketingmitteilungen zukommen zu lassen, von denen wir glauben, dass sie f\u00fcr Sie von Interesse sein k\u00f6nnten. Weitere Informationen dar\u00fcber, wie gezielte Werbung funktioniert, finden Sie auf der Bildungsseite der Network Advertising Initiative (&#8222;NAI&#8220;) unter http:\/\/www.networkadvertising.org\/understanding-online-advertising\/how-does-it-work.<\/span><\/p>\n<p><span style=\"font-weight: 400;\">Sie k\u00f6nnen gezielte Werbung ablehnen, indem Sie:<\/span><\/p>\n<p><span style=\"font-weight: 400;\">[<\/span><span style=\"background-color: var( --e-global-color-c696dce ); font-family: var( --e-global-typography-text-font-family ), Sans-serif; font-style: inherit; letter-spacing: var( --e-global-typography-text-letter-spacing ); text-transform: var( --e-global-typography-text-text-transform ); font-weight: inherit;\">FACEBOOK &#8211; https:\/\/www.facebook.com\/settings\/?tab=ads<\/span><\/p>\n<p><span style=\"font-weight: 400;\">GOOGLE &#8211; https:\/\/www.google.com\/settings\/ads\/anonymous<\/span><\/p>\n<p><span style=\"font-weight: 400;\">BING &#8211; https:\/\/advertise.bingads.microsoft.com\/en-us\/resources\/policies\/personalized-ads<\/span><\/p>\n<p><span style=\"font-style: inherit; font-family: var( --e-global-typography-text-font-family ), Sans-serif; letter-spacing: var( --e-global-typography-text-letter-spacing ); text-transform: var( --e-global-typography-text-text-transform ); background-color: var( --e-global-color-c696dce );\">Dar\u00fcber hinaus k\u00f6nnen Sie sich von einigen dieser Dienste abmelden, indem Sie das Abmeldeportal der Digital Advertising Alliance besuchen: http:\/\/optout.aboutads.info\/.<\/span><br><\/p>\n<p><b><br>NICHT VERFOLGEN<\/b><\/p>\n<p><span style=\"font-weight: 400;\">Bitte beachten Sie, dass wir die Datenerfassungs- und -verwendungspraktiken unserer Website nicht \u00e4ndern, wenn wir ein &#8222;Do Not Track&#8220;-Signal von Ihrem Browser sehen.<\/span><\/p>\n<p><span style=\"font-style: inherit; font-family: var( --e-global-typography-text-font-family ), Sans-serif; letter-spacing: var( --e-global-typography-text-letter-spacing ); text-transform: var( --e-global-typography-text-text-transform ); background-color: var( --e-global-color-c696dce );\"><br><b>IHRE RECHTE<\/b><\/span><b><br><\/b><\/p>\n<p><span style=\"font-weight: 400;\">Wenn Sie in Europa ans\u00e4ssig sind, haben Sie das Recht, auf die von uns \u00fcber Sie gespeicherten personenbezogenen Daten zuzugreifen und die Berichtigung, Aktualisierung oder L\u00f6schung Ihrer personenbezogenen Daten zu verlangen. Wenn Sie von diesem Recht Gebrauch machen m\u00f6chten, setzen Sie sich bitte \u00fcber die unten stehenden Kontaktinformationen mit uns in Verbindung.<\/span><\/p>\n<p><span style=\"font-weight: 400;\">Wenn Sie in Europa ans\u00e4ssig sind, weisen wir au\u00dferdem darauf hin, dass wir Ihre Daten verarbeiten, um Vertr\u00e4ge mit Ihnen zu erf\u00fcllen (z. B. wenn Sie eine Bestellung \u00fcber die Website aufgeben) oder um unsere oben aufgef\u00fchrten legitimen Gesch\u00e4ftsinteressen zu verfolgen. Bitte beachten Sie au\u00dferdem, dass Ihre Daten au\u00dferhalb Europas, auch nach Kanada und in die Vereinigten Staaten, \u00fcbermittelt werden.<\/span><\/p>\n<p><b>DATENAUFBEWAHRUNG<\/b><\/p>\n<p><span style=\"font-weight: 400;\">Wenn Sie eine Bestellung \u00fcber die Website aufgeben, werden wir Ihre Bestellinformationen f\u00fcr unsere Unterlagen aufbewahren, bis Sie uns bitten, diese Informationen zu l\u00f6schen.<\/span><\/p>\n<p><span style=\"font-style: inherit; font-family: var( --e-global-typography-text-font-family ), Sans-serif; letter-spacing: var( --e-global-typography-text-letter-spacing ); text-transform: var( --e-global-typography-text-text-transform ); background-color: var( --e-global-color-c696dce );\"><br><b>MINOREN<\/b><\/span><br><\/p>\n<p><span style=\"font-weight: 400;\">Die Website ist nicht f\u00fcr Personen unter 18 Jahren bestimmt.<\/span><\/p>\n<p><b>\u00c4NDERUNGEN<\/b><\/p>\n<p><span style=\"font-weight: 400;\">Wir behalten uns vor, diese Datenschutzrichtlinie von Zeit zu Zeit zu aktualisieren, um z. B. \u00c4nderungen unserer Praktiken oder anderen betrieblichen, rechtlichen oder regulatorischen Gr\u00fcnden Rechnung zu tragen.<\/span><\/p>\n<p><b>KONTAKT US<\/b><\/p>\n<p><span style=\"font-weight: 400;\">Wenn Sie weitere Informationen \u00fcber unsere Datenschutzpraktiken w\u00fcnschen, Fragen haben oder eine Beschwerde einreichen m\u00f6chten, wenden Sie sich bitte per E-Mail an hello@swisstrailcamps.ch.<\/span><\/p>\t\t\t\t\t\t\t\t<\/div>\n\t\t\t\t<\/div>\n\t\t\t\t\t<\/div>\n\t\t<\/div>\n\t\t\t\t\t<\/div>\n\t\t<\/section>\n\t\t\t\t<\/div>\n\t\t","protected":false},"excerpt":{"rendered":"<p>Datenschutzbestimmungen Swiss Trail Camps&nbsp; Datenschutzbestimmungen Diese Datenschutzrichtlinie beschreibt, wie Ihre pers\u00f6nlichen Daten gesammelt, verwendet und weitergegeben werden, wenn Sie https:\/\/swisstrailcamps.ch (die &#8222;Website&#8220;) besuchen oder dort einkaufen. PERS\u00d6NLICHE INFORMATIONEN, DIE WIR SAMMELN Wenn Sie die Website besuchen, erfassen wir automatisch bestimmte Informationen \u00fcber Ihr Ger\u00e4t, einschlie\u00dflich Informationen \u00fcber Ihren Webbrowser, Ihre IP-Adresse, Ihre Zeitzone und einige [&hellip;]<\/p>\n","protected":false},"author":1,"featured_media":2927,"parent":0,"menu_order":0,"comment_status":"closed","ping_status":"closed","template":"","meta":{"om_disable_all_campaigns":false,"_monsterinsights_skip_tracking":false,"_monsterinsights_sitenote_active":false,"_monsterinsights_sitenote_note":"","_monsterinsights_sitenote_category":0,"site-sidebar-layout":"no-sidebar","site-content-layout":"page-builder","ast-site-content-layout":"default","site-content-style":"default","site-sidebar-style":"default","ast-global-header-display":"","ast-banner-title-visibility":"","ast-main-header-display":"","ast-hfb-above-header-display":"","ast-hfb-below-header-display":"","ast-hfb-mobile-header-display":"","site-post-title":"disabled","ast-breadcrumbs-content":"","ast-featured-img":"disabled","footer-sml-layout":"","ast-disable-related-posts":"","theme-transparent-header-meta":"","adv-header-id-meta":"","stick-header-meta":"","header-above-stick-meta":"","header-main-stick-meta":"","header-below-stick-meta":"","astra-migrate-meta-layouts":"default","ast-page-background-enabled":"default","ast-page-background-meta":{"desktop":{"background-color":"var(--ast-global-color-4)","background-image":"","background-repeat":"repeat","background-position":"center center","background-size":"auto","background-attachment":"scroll","background-type":"","background-media":"","overlay-type":"","overlay-color":"","overlay-opacity":"","overlay-gradient":""},"tablet":{"background-color":"","background-image":"","background-repeat":"repeat","background-position":"center center","background-size":"auto","background-attachment":"scroll","background-type":"","background-media":"","overlay-type":"","overlay-color":"","overlay-opacity":"","overlay-gradient":""},"mobile":{"background-color":"","background-image":"","background-repeat":"repeat","background-position":"center center","background-size":"auto","background-attachment":"scroll","background-type":"","background-media":"","overlay-type":"","overlay-color":"","overlay-opacity":"","overlay-gradient":""}},"ast-content-background-meta":{"desktop":{"background-color":"var(--ast-global-color-5)","background-image":"","background-repeat":"repeat","background-position":"center center","background-size":"auto","background-attachment":"scroll","background-type":"","background-media":"","overlay-type":"","overlay-color":"","overlay-opacity":"","overlay-gradient":""},"tablet":{"background-color":"var(--ast-global-color-5)","background-image":"","background-repeat":"repeat","background-position":"center center","background-size":"auto","background-attachment":"scroll","background-type":"","background-media":"","overlay-type":"","overlay-color":"","overlay-opacity":"","overlay-gradient":""},"mobile":{"background-color":"var(--ast-global-color-5)","background-image":"","background-repeat":"repeat","background-position":"center center","background-size":"auto","background-attachment":"scroll","background-type":"","background-media":"","overlay-type":"","overlay-color":"","overlay-opacity":"","overlay-gradient":""}},"footnotes":""},"class_list":["post-3920","page","type-page","status-publish","has-post-thumbnail","hentry"],"yoast_head":"<!-- This site is optimized with the Yoast SEO plugin v27.4 - https:\/\/yoast.com\/product\/yoast-seo-wordpress\/ -->\n<title>Datenschutzbestimmungen - Swiss Trail Camps<\/title>\n<meta name=\"robots\" content=\"index, follow, max-snippet:-1, max-image-preview:large, max-video-preview:-1\" \/>\n<link rel=\"canonical\" href=\"https:\/\/swisstrailcamps.ch\/de\/datenschutzbestimmungen\/\" \/>\n<meta property=\"og:locale\" content=\"de_DE\" \/>\n<meta property=\"og:type\" content=\"article\" \/>\n<meta property=\"og:title\" content=\"Datenschutzbestimmungen - Swiss Trail Camps\" \/>\n<meta property=\"og:description\" content=\"Datenschutzbestimmungen Swiss Trail Camps&nbsp; Datenschutzbestimmungen Diese Datenschutzrichtlinie beschreibt, wie Ihre pers\u00f6nlichen Daten gesammelt, verwendet und weitergegeben werden, wenn Sie https:\/\/swisstrailcamps.ch (die &#8222;Website&#8220;) besuchen oder dort einkaufen. PERS\u00d6NLICHE INFORMATIONEN, DIE WIR SAMMELN Wenn Sie die Website besuchen, erfassen wir automatisch bestimmte Informationen \u00fcber Ihr Ger\u00e4t, einschlie\u00dflich Informationen \u00fcber Ihren Webbrowser, Ihre IP-Adresse, Ihre Zeitzone und einige [&hellip;]\" \/>\n<meta property=\"og:url\" content=\"https:\/\/swisstrailcamps.ch\/de\/datenschutzbestimmungen\/\" \/>\n<meta property=\"og:site_name\" content=\"Swiss Trail Camps\" \/>\n<meta property=\"article:modified_time\" content=\"2022-12-02T10:09:03+00:00\" \/>\n<meta property=\"og:image\" content=\"https:\/\/swisstrailcamps.ch\/wp-content\/uploads\/2022\/09\/C-8.png\" \/>\n\t<meta property=\"og:image:width\" content=\"250\" \/>\n\t<meta property=\"og:image:height\" content=\"250\" \/>\n\t<meta property=\"og:image:type\" content=\"image\/png\" \/>\n<meta name=\"twitter:card\" content=\"summary_large_image\" \/>\n<meta name=\"twitter:label1\" content=\"Gesch\u00e4tzte Lesezeit\" \/>\n\t<meta name=\"twitter:data1\" content=\"5\u00a0Minuten\" \/>\n<script type=\"application\/ld+json\" class=\"yoast-schema-graph\">{\"@context\":\"https:\\\/\\\/schema.org\",\"@graph\":[{\"@type\":\"WebPage\",\"@id\":\"https:\\\/\\\/swisstrailcamps.ch\\\/de\\\/datenschutzbestimmungen\\\/\",\"url\":\"https:\\\/\\\/swisstrailcamps.ch\\\/de\\\/datenschutzbestimmungen\\\/\",\"name\":\"Datenschutzbestimmungen - Swiss Trail Camps\",\"isPartOf\":{\"@id\":\"https:\\\/\\\/swisstrailcamps.ch\\\/de\\\/#website\"},\"primaryImageOfPage\":{\"@id\":\"https:\\\/\\\/swisstrailcamps.ch\\\/de\\\/datenschutzbestimmungen\\\/#primaryimage\"},\"image\":{\"@id\":\"https:\\\/\\\/swisstrailcamps.ch\\\/de\\\/datenschutzbestimmungen\\\/#primaryimage\"},\"thumbnailUrl\":\"https:\\\/\\\/swisstrailcamps.ch\\\/wp-content\\\/uploads\\\/2022\\\/09\\\/C-8.png\",\"datePublished\":\"2022-08-18T18:53:51+00:00\",\"dateModified\":\"2022-12-02T10:09:03+00:00\",\"breadcrumb\":{\"@id\":\"https:\\\/\\\/swisstrailcamps.ch\\\/de\\\/datenschutzbestimmungen\\\/#breadcrumb\"},\"inLanguage\":\"de\",\"potentialAction\":[{\"@type\":\"ReadAction\",\"target\":[\"https:\\\/\\\/swisstrailcamps.ch\\\/de\\\/datenschutzbestimmungen\\\/\"]}]},{\"@type\":\"ImageObject\",\"inLanguage\":\"de\",\"@id\":\"https:\\\/\\\/swisstrailcamps.ch\\\/de\\\/datenschutzbestimmungen\\\/#primaryimage\",\"url\":\"https:\\\/\\\/swisstrailcamps.ch\\\/wp-content\\\/uploads\\\/2022\\\/09\\\/C-8.png\",\"contentUrl\":\"https:\\\/\\\/swisstrailcamps.ch\\\/wp-content\\\/uploads\\\/2022\\\/09\\\/C-8.png\",\"width\":250,\"height\":250},{\"@type\":\"BreadcrumbList\",\"@id\":\"https:\\\/\\\/swisstrailcamps.ch\\\/de\\\/datenschutzbestimmungen\\\/#breadcrumb\",\"itemListElement\":[{\"@type\":\"ListItem\",\"position\":1,\"name\":\"Home\",\"item\":\"https:\\\/\\\/swisstrailcamps.ch\\\/de\\\/\"},{\"@type\":\"ListItem\",\"position\":2,\"name\":\"Datenschutzbestimmungen\"}]},{\"@type\":\"WebSite\",\"@id\":\"https:\\\/\\\/swisstrailcamps.ch\\\/de\\\/#website\",\"url\":\"https:\\\/\\\/swisstrailcamps.ch\\\/de\\\/\",\"name\":\"Swiss Trail Camps\",\"description\":\"Trail Running Camps in Switzerland\",\"publisher\":{\"@id\":\"https:\\\/\\\/swisstrailcamps.ch\\\/de\\\/#organization\"},\"potentialAction\":[{\"@type\":\"SearchAction\",\"target\":{\"@type\":\"EntryPoint\",\"urlTemplate\":\"https:\\\/\\\/swisstrailcamps.ch\\\/de\\\/?s={search_term_string}\"},\"query-input\":{\"@type\":\"PropertyValueSpecification\",\"valueRequired\":true,\"valueName\":\"search_term_string\"}}],\"inLanguage\":\"de\"},{\"@type\":\"Organization\",\"@id\":\"https:\\\/\\\/swisstrailcamps.ch\\\/de\\\/#organization\",\"name\":\"Swiss Trail Camps\",\"url\":\"https:\\\/\\\/swisstrailcamps.ch\\\/de\\\/\",\"logo\":{\"@type\":\"ImageObject\",\"inLanguage\":\"de\",\"@id\":\"https:\\\/\\\/swisstrailcamps.ch\\\/de\\\/#\\\/schema\\\/logo\\\/image\\\/\",\"url\":\"https:\\\/\\\/swisstrailcamps.ch\\\/wp-content\\\/uploads\\\/2022\\\/09\\\/C-8.png\",\"contentUrl\":\"https:\\\/\\\/swisstrailcamps.ch\\\/wp-content\\\/uploads\\\/2022\\\/09\\\/C-8.png\",\"width\":250,\"height\":250,\"caption\":\"Swiss Trail Camps\"},\"image\":{\"@id\":\"https:\\\/\\\/swisstrailcamps.ch\\\/de\\\/#\\\/schema\\\/logo\\\/image\\\/\"},\"sameAs\":[\"https:\\\/\\\/www.instagram.com\\\/lilli.bit.everywhere\\\/\"]}]}<\/script>\n<!-- \/ Yoast SEO plugin. -->","yoast_head_json":{"title":"Datenschutzbestimmungen - Swiss Trail Camps","robots":{"index":"index","follow":"follow","max-snippet":"max-snippet:-1","max-image-preview":"max-image-preview:large","max-video-preview":"max-video-preview:-1"},"canonical":"https:\/\/swisstrailcamps.ch\/de\/datenschutzbestimmungen\/","og_locale":"de_DE","og_type":"article","og_title":"Datenschutzbestimmungen - Swiss Trail Camps","og_description":"Datenschutzbestimmungen Swiss Trail Camps&nbsp; Datenschutzbestimmungen Diese Datenschutzrichtlinie beschreibt, wie Ihre pers\u00f6nlichen Daten gesammelt, verwendet und weitergegeben werden, wenn Sie https:\/\/swisstrailcamps.ch (die &#8222;Website&#8220;) besuchen oder dort einkaufen. PERS\u00d6NLICHE INFORMATIONEN, DIE WIR SAMMELN Wenn Sie die Website besuchen, erfassen wir automatisch bestimmte Informationen \u00fcber Ihr Ger\u00e4t, einschlie\u00dflich Informationen \u00fcber Ihren Webbrowser, Ihre IP-Adresse, Ihre Zeitzone und einige [&hellip;]","og_url":"https:\/\/swisstrailcamps.ch\/de\/datenschutzbestimmungen\/","og_site_name":"Swiss Trail Camps","article_modified_time":"2022-12-02T10:09:03+00:00","og_image":[{"width":250,"height":250,"url":"https:\/\/swisstrailcamps.ch\/wp-content\/uploads\/2022\/09\/C-8.png","type":"image\/png"}],"twitter_card":"summary_large_image","twitter_misc":{"Gesch\u00e4tzte Lesezeit":"5\u00a0Minuten"},"schema":{"@context":"https:\/\/schema.org","@graph":[{"@type":"WebPage","@id":"https:\/\/swisstrailcamps.ch\/de\/datenschutzbestimmungen\/","url":"https:\/\/swisstrailcamps.ch\/de\/datenschutzbestimmungen\/","name":"Datenschutzbestimmungen - Swiss Trail Camps","isPartOf":{"@id":"https:\/\/swisstrailcamps.ch\/de\/#website"},"primaryImageOfPage":{"@id":"https:\/\/swisstrailcamps.ch\/de\/datenschutzbestimmungen\/#primaryimage"},"image":{"@id":"https:\/\/swisstrailcamps.ch\/de\/datenschutzbestimmungen\/#primaryimage"},"thumbnailUrl":"https:\/\/swisstrailcamps.ch\/wp-content\/uploads\/2022\/09\/C-8.png","datePublished":"2022-08-18T18:53:51+00:00","dateModified":"2022-12-02T10:09:03+00:00","breadcrumb":{"@id":"https:\/\/swisstrailcamps.ch\/de\/datenschutzbestimmungen\/#breadcrumb"},"inLanguage":"de","potentialAction":[{"@type":"ReadAction","target":["https:\/\/swisstrailcamps.ch\/de\/datenschutzbestimmungen\/"]}]},{"@type":"ImageObject","inLanguage":"de","@id":"https:\/\/swisstrailcamps.ch\/de\/datenschutzbestimmungen\/#primaryimage","url":"https:\/\/swisstrailcamps.ch\/wp-content\/uploads\/2022\/09\/C-8.png","contentUrl":"https:\/\/swisstrailcamps.ch\/wp-content\/uploads\/2022\/09\/C-8.png","width":250,"height":250},{"@type":"BreadcrumbList","@id":"https:\/\/swisstrailcamps.ch\/de\/datenschutzbestimmungen\/#breadcrumb","itemListElement":[{"@type":"ListItem","position":1,"name":"Home","item":"https:\/\/swisstrailcamps.ch\/de\/"},{"@type":"ListItem","position":2,"name":"Datenschutzbestimmungen"}]},{"@type":"WebSite","@id":"https:\/\/swisstrailcamps.ch\/de\/#website","url":"https:\/\/swisstrailcamps.ch\/de\/","name":"Swiss Trail Camps","description":"Trail Running Camps in Switzerland","publisher":{"@id":"https:\/\/swisstrailcamps.ch\/de\/#organization"},"potentialAction":[{"@type":"SearchAction","target":{"@type":"EntryPoint","urlTemplate":"https:\/\/swisstrailcamps.ch\/de\/?s={search_term_string}"},"query-input":{"@type":"PropertyValueSpecification","valueRequired":true,"valueName":"search_term_string"}}],"inLanguage":"de"},{"@type":"Organization","@id":"https:\/\/swisstrailcamps.ch\/de\/#organization","name":"Swiss Trail Camps","url":"https:\/\/swisstrailcamps.ch\/de\/","logo":{"@type":"ImageObject","inLanguage":"de","@id":"https:\/\/swisstrailcamps.ch\/de\/#\/schema\/logo\/image\/","url":"https:\/\/swisstrailcamps.ch\/wp-content\/uploads\/2022\/09\/C-8.png","contentUrl":"https:\/\/swisstrailcamps.ch\/wp-content\/uploads\/2022\/09\/C-8.png","width":250,"height":250,"caption":"Swiss Trail Camps"},"image":{"@id":"https:\/\/swisstrailcamps.ch\/de\/#\/schema\/logo\/image\/"},"sameAs":["https:\/\/www.instagram.com\/lilli.bit.everywhere\/"]}]}},"_links":{"self":[{"href":"https:\/\/swisstrailcamps.ch\/de\/wp-json\/wp\/v2\/pages\/3920","targetHints":{"allow":["GET"]}}],"collection":[{"href":"https:\/\/swisstrailcamps.ch\/de\/wp-json\/wp\/v2\/pages"}],"about":[{"href":"https:\/\/swisstrailcamps.ch\/de\/wp-json\/wp\/v2\/types\/page"}],"author":[{"embeddable":true,"href":"https:\/\/swisstrailcamps.ch\/de\/wp-json\/wp\/v2\/users\/1"}],"replies":[{"embeddable":true,"href":"https:\/\/swisstrailcamps.ch\/de\/wp-json\/wp\/v2\/comments?post=3920"}],"version-history":[{"count":4,"href":"https:\/\/swisstrailcamps.ch\/de\/wp-json\/wp\/v2\/pages\/3920\/revisions"}],"predecessor-version":[{"id":3924,"href":"https:\/\/swisstrailcamps.ch\/de\/wp-json\/wp\/v2\/pages\/3920\/revisions\/3924"}],"wp:featuredmedia":[{"embeddable":true,"href":"https:\/\/swisstrailcamps.ch\/de\/wp-json\/wp\/v2\/media\/2927"}],"wp:attachment":[{"href":"https:\/\/swisstrailcamps.ch\/de\/wp-json\/wp\/v2\/media?parent=3920"}],"curies":[{"name":"wp","href":"https:\/\/api.w.org\/{rel}","templated":true}]}}